{"id":4934949,"date":"2023-11-06T16:31:53","date_gmt":"2023-11-06T15:31:53","guid":{"rendered":"https:\/\/www.buchegg.church\/?page_id=4934949"},"modified":"2023-11-06T16:59:51","modified_gmt":"2023-11-06T15:59:51","slug":"social-works","status":"publish","type":"page","link":"https:\/\/www.buchegg.church\/pt\/social-works\/","title":{"rendered":"Social Works"},"content":{"rendered":"<div class=\"wpb-content-wrapper\">[vc_row][vc_column][\/vc_column][\/vc_row][mk_page_section bg_image=&#8221;https:\/\/www.buchegg.church\/wp-content\/uploads\/social_works_team-1.jpg&#8221; bg_color=&#8221;#000000&#8243; attachment=&#8221;fixed&#8221; bg_position=&#8221;center top&#8221; bg_repeat=&#8221;no-repeat&#8221; bg_stretch=&#8221;true&#8221; min_height=&#8221;500&#8243; full_width=&#8221;true&#8221; padding_top=&#8221;0&#8243; sidebar=&#8221;sidebar-1&#8243;][vc_column][mk_fancy_title color=&#8221;#ffffff&#8221; size=&#8221;70&#8243; force_font_size=&#8221;true&#8221; size_tablet=&#8221;60&#8243; size_phone=&#8221;40&#8243; font_weight=&#8221;600&#8243; txt_transform=&#8221;uppercase&#8221; letter_spacing=&#8221;3&#8243; margin_top=&#8221;200&#8243; margin_bottom=&#8221;0&#8243; font_family=&#8221;none&#8221; align=&#8221;center&#8221;]Buchegg Social Works[\/mk_fancy_title][mk_fancy_title color=&#8221;#ffffff&#8221; size=&#8221;35&#8243; force_font_size=&#8221;true&#8221; size_tablet=&#8221;30&#8243; size_phone=&#8221;25&#8243; font_weight=&#8221;300&#8243; font_style=&#8221;italic&#8221; font_family=&#8221;none&#8221; align=&#8221;center&#8221;][\/mk_fancy_title][\/vc_column][\/mk_page_section][vc_row fullwidth=&#8221;true&#8221;][vc_column][vc_wp_custommenu nav_menu=&#8221;330&#8243; el_id=&#8221;horizontal-menu&#8221;][\/vc_column][\/vc_row][vc_row id=&#8221;tarefa&#8221;][vc_column][mk_fancy_title size=&#8221;45&#8243; force_font_size=&#8221;true&#8221; size_tablet=&#8221;35&#8243; size_phone=&#8221;35&#8243; font_weight=&#8221;600&#8243; margin_top=&#8221;40&#8243; margin_bottom=&#8221;0&#8243; font_family=&#8221;none&#8221; align=&#8221;center&#8221;]A nossa tarefa e os nossos objectivos[\/mk_fancy_title][vc_row_inner][vc_column_inner width=&#8221;1\/2&#8243;][mk_image src=&#8221;https:\/\/www.buchegg.church\/wp-content\/uploads\/logo_social_buchegg_neu.jpg&#8221; image_size=&#8221;full&#8221;][\/vc_column_inner][vc_column_inner width=&#8221;1\/2&#8243;][vc_column_text css=&#8221;.vc_custom_1699284541915{margin-bottom: 0px !important;}&#8221;]A compaix\u00e3o de Deus \u00e9 o que nos motiva a servir a sociedade. Primeiro ouvimos atentamente as necessidades das pessoas e depois ajudamo-las de forma pr\u00e1tica.[\/vc_column_text][\/vc_column_inner][\/vc_row_inner][mk_padding_divider][\/vc_column][\/vc_row][mk_page_section bg_image=&#8221;https:\/\/www.buchegg.church\/wp-content\/uploads\/social_works_team-1.jpg&#8221; attachment=&#8221;fixed&#8221; bg_position=&#8221;center top&#8221; bg_repeat=&#8221;no-repeat&#8221; bg_stretch=&#8221;true&#8221; min_height=&#8221;400&#8243; padding_top=&#8221;0&#8243; padding_bottom=&#8221;0&#8243; margin_bottom=&#8221;20&#8243; sidebar=&#8221;sidebar-1&#8243;][vc_column][\/vc_column][\/mk_page_section][vc_row id=&#8221;ofertas&#8221;][vc_column][mk_fancy_title size=&#8221;45&#8243; force_font_size=&#8221;true&#8221; size_tablet=&#8221;35&#8243; size_phone=&#8221;35&#8243; font_weight=&#8221;600&#8243; margin_top=&#8221;40&#8243; margin_bottom=&#8221;0&#8243; font_family=&#8221;none&#8221; align=&#8221;center&#8221;]Ofertas[\/mk_fancy_title][vc_row_inner el_id=&#8221;weihnachtsaktion&#8221;][vc_column_inner width=&#8221;1\/2&#8243;][vc_column_text css=&#8221;.vc_custom_1699284630381{margin-bottom: 0px !important;}&#8221;]Ajudar as pessoas de forma pr\u00e1tica com:<\/p>\n<ul>\n<li>Alimenta\u00e7\u00e3o gratuita<\/li>\n<li>Aconselhamento geral<\/li>\n<li>Tradu\u00e7\u00f5es<\/li>\n<li>\u00a0Aconselhamento jur\u00eddico e de seguros<\/li>\n<li>Elabora\u00e7\u00e3o de curr\u00edculos e ajuda na procura de emprego<\/li>\n<li>Acompanhamento a institui\u00e7\u00f5es oficiais<\/li>\n<li>Cursos de alem\u00e3o gratuitos para principiantes e avan\u00e7ados<\/li>\n<li>Entrega de roupa, alimentos, etc.<\/li>\n<\/ul>\n[\/vc_column_text][\/vc_column_inner][vc_column_inner width=&#8221;1\/2&#8243;][vc_column_text css=&#8221;.vc_custom_1699284646770{margin-bottom: 0px !important;}&#8221;]O nosso objetivo \u00e9 que as pessoas que nos procuram em situa\u00e7\u00e3o de necessidade recebam ajuda e tenham esperan\u00e7a de uma integra\u00e7\u00e3o plena na sociedade.[\/vc_column_text][\/vc_column_inner][\/vc_row_inner][vc_row_inner column_padding=&#8221;2&#8243; css=&#8221;.vc_custom_1574084944440{margin-bottom: 20px !important;}&#8221;][vc_column_inner width=&#8221;1\/2&#8243;][mk_image src=&#8221;https:\/\/www.buchegg.church\/wp-content\/uploads\/social_works_essen-1.jpg&#8221; image_size=&#8221;large&#8221; margin_bottom=&#8221;30&#8243;][mk_image src=&#8221;https:\/\/www.buchegg.church\/wp-content\/uploads\/social_works_beratung_2-1.jpg&#8221; image_size=&#8221;large&#8221; margin_bottom=&#8221;30&#8243;][\/vc_column_inner][vc_column_inner width=&#8221;1\/2&#8243;][mk_image src=&#8221;https:\/\/www.buchegg.church\/wp-content\/uploads\/social_works_beratung-1.jpg&#8221; image_size=&#8221;large&#8221; margin_bottom=&#8221;30&#8243;][mk_image src=&#8221;https:\/\/www.buchegg.church\/wp-content\/uploads\/social-works_kleider-1.jpg&#8221; image_size=&#8221;large&#8221;][\/vc_column_inner][\/vc_row_inner][\/vc_column][\/vc_row][mk_page_section bg_image=&#8221;https:\/\/www.buchegg.church\/wp-content\/uploads\/social_works_team-1.jpg&#8221; attachment=&#8221;fixed&#8221; bg_position=&#8221;center top&#8221; bg_repeat=&#8221;no-repeat&#8221; bg_stretch=&#8221;true&#8221; min_height=&#8221;400&#8243; padding_top=&#8221;0&#8243; padding_bottom=&#8221;0&#8243; margin_bottom=&#8221;20&#8243; sidebar=&#8221;sidebar-1&#8243;][vc_column][\/vc_column][\/mk_page_section][vc_row id=&#8221;desafios&#8221;][vc_column][mk_fancy_title size=&#8221;45&#8243; force_font_size=&#8221;true&#8221; size_tablet=&#8221;35&#8243; size_phone=&#8221;35&#8243; font_weight=&#8221;600&#8243; margin_bottom=&#8221;0&#8243; font_family=&#8221;none&#8221; align=&#8221;center&#8221;]\n<div class=\"page\" title=\"Page 2\">\n<div class=\"section\">\n<div class=\"layoutArea\">\n<div class=\"column\">\n<p>Desafios e perspectivas<\/p><\/div>\n<\/div>\n<\/div>\n<\/div>\n[\/mk_fancy_title][vc_row_inner][vc_column_inner width=&#8221;1\/2&#8243;][mk_image src=&#8221;https:\/\/www.buchegg.church\/wp-content\/uploads\/social_works_team-1.jpg&#8221; image_size=&#8221;full&#8221;][\/vc_column_inner][vc_column_inner width=&#8221;1\/2&#8243;][vc_column_text css=&#8221;.vc_custom_1699284708204{margin-bottom: 0px !important;}&#8221;]T\u00e3o individual como cada pessoa \u00e9, t\u00e3o desafiante \u00e9 a nossa tarefa, que queremos renovar constantemente. As mudan\u00e7as no ambiente social, humano e pol\u00edtico exigem uma adapta\u00e7\u00e3o constante do nosso trabalho e das suas aplica\u00e7\u00f5es. Encaramos estas mudan\u00e7as como um desafio \u00e0 nossa f\u00e9, \u00e0 nossa determina\u00e7\u00e3o e \u00e0 nossa criatividade.<\/p>\n<p>Contacto: <a href=\"mailto:info@bucheggsocialworks.ch\">info@bucheggsocialworks.ch<\/a><\/p>\n<p>Buchegg Social Works<br \/>\nPavillon 1<br \/>\nK\u00e4ferholzstrasse 2<br \/>\n8057 Z\u00fcrich[\/vc_column_text][\/vc_column_inner][\/vc_row_inner][\/vc_column][\/vc_row][mk_page_section bg_image=&#8221;https:\/\/www.buchegg.church\/wp-content\/uploads\/social_works_team-1.jpg&#8221; attachment=&#8221;fixed&#8221; bg_position=&#8221;center top&#8221; bg_repeat=&#8221;no-repeat&#8221; bg_stretch=&#8221;true&#8221; min_height=&#8221;400&#8243; sidebar=&#8221;sidebar-1&#8243;][vc_column][\/vc_column][\/mk_page_section]\n<\/div>","protected":false},"excerpt":{"rendered":"<p>[vc_row][vc_column][\/vc_column][\/vc_row][mk_page_section bg_image=&#8221;https:\/\/www.buchegg.church\/wp-content\/uploads\/social_works_team-1.jpg&#8221; bg_color=&#8221;#000000&#8243; attachment=&#8221;fixed&#8221; bg_position=&#8221;center top&#8221; bg_repeat=&#8221;no-repeat&#8221; bg_stretch=&#8221;true&#8221; min_height=&#8221;500&#8243; full_width=&#8221;true&#8221; padding_top=&#8221;0&#8243; sidebar=&#8221;sidebar-1&#8243;][vc_column][mk_fancy_title color=&#8221;#ffffff&#8221; size=&#8221;70&#8243; force_font_size=&#8221;true&#8221; size_tablet=&#8221;60&#8243; size_phone=&#8221;40&#8243; font_weight=&#8221;600&#8243; txt_transform=&#8221;uppercase&#8221; letter_spacing=&#8221;3&#8243; margin_top=&#8221;200&#8243; margin_bottom=&#8221;0&#8243; font_family=&#8221;none&#8221; align=&#8221;center&#8221;]Buchegg Social Works[\/mk_fancy_title][mk_fancy_title color=&#8221;#ffffff&#8221; size=&#8221;35&#8243; force_font_size=&#8221;true&#8221; size_tablet=&#8221;30&#8243; size_phone=&#8221;25&#8243; font_weight=&#8221;300&#8243; font_style=&#8221;italic&#8221; font_family=&#8221;none&#8221; align=&#8221;center&#8221;][\/mk_fancy_title][\/vc_column][\/mk_page_section][vc_row fullwidth=&#8221;true&#8221;][vc_column][vc_wp_custommenu nav_menu=&#8221;330&#8243; el_id=&#8221;horizontal-menu&#8221;][\/vc_column][\/vc_row][vc_row id=&#8221;tarefa&#8221;][vc_column][mk_fancy_title size=&#8221;45&#8243; force_font_size=&#8221;true&#8221; size_tablet=&#8221;35&#8243; size_phone=&#8221;35&#8243; font_weight=&#8221;600&#8243; margin_top=&#8221;40&#8243; margin_bottom=&#8221;0&#8243; font_family=&#8221;none&#8221; align=&#8221;center&#8221;]A nossa tarefa e os nossos objectivos[\/mk_fancy_title][vc_row_inner][vc_column_inner width=&#8221;1\/2&#8243;][mk_image [&hellip;]<\/p>\n","protected":false},"author":4,"featured_media":0,"parent":0,"menu_order":0,"comment_status":"closed","ping_status":"closed","template":"","meta":{"footnotes":""},"class_list":["post-4934949","page","type-page","status-publish","hentry"],"yoast_head":"<!-- This site is optimized with the Yoast SEO plugin v27.5 - https:\/\/yoast.com\/product\/yoast-seo-wordpress\/ -->\n<title>Social Works - buchegg.church<\/title>\n<meta name=\"robots\" content=\"index, follow, max-snippet:-1, max-image-preview:large, max-video-preview:-1\" \/>\n<link rel=\"canonical\" href=\"https:\/\/www.buchegg.church\/pt\/social-works\/\" \/>\n<meta property=\"og:locale\" content=\"pt_PT\" \/>\n<meta property=\"og:type\" content=\"article\" \/>\n<meta property=\"og:title\" content=\"Social Works - buchegg.church\" \/>\n<meta property=\"og:description\" content=\"[vc_row][vc_column][\/vc_column][\/vc_row][mk_page_section bg_image=&#8221;https:\/\/www.buchegg.church\/wp-content\/uploads\/social_works_team-1.jpg&#8221; bg_color=&#8221;#000000&#8243; attachment=&#8221;fixed&#8221; bg_position=&#8221;center top&#8221; bg_repeat=&#8221;no-repeat&#8221; bg_stretch=&#8221;true&#8221; min_height=&#8221;500&#8243; full_width=&#8221;true&#8221; padding_top=&#8221;0&#8243; sidebar=&#8221;sidebar-1&#8243;][vc_column][mk_fancy_title color=&#8221;#ffffff&#8221; size=&#8221;70&#8243; force_font_size=&#8221;true&#8221; size_tablet=&#8221;60&#8243; size_phone=&#8221;40&#8243; font_weight=&#8221;600&#8243; txt_transform=&#8221;uppercase&#8221; letter_spacing=&#8221;3&#8243; margin_top=&#8221;200&#8243; margin_bottom=&#8221;0&#8243; font_family=&#8221;none&#8221; align=&#8221;center&#8221;]Buchegg Social Works[\/mk_fancy_title][mk_fancy_title color=&#8221;#ffffff&#8221; size=&#8221;35&#8243; force_font_size=&#8221;true&#8221; size_tablet=&#8221;30&#8243; size_phone=&#8221;25&#8243; font_weight=&#8221;300&#8243; font_style=&#8221;italic&#8221; font_family=&#8221;none&#8221; align=&#8221;center&#8221;][\/mk_fancy_title][\/vc_column][\/mk_page_section][vc_row fullwidth=&#8221;true&#8221;][vc_column][vc_wp_custommenu nav_menu=&#8221;330&#8243; el_id=&#8221;horizontal-menu&#8221;][\/vc_column][\/vc_row][vc_row id=&#8221;tarefa&#8221;][vc_column][mk_fancy_title size=&#8221;45&#8243; force_font_size=&#8221;true&#8221; size_tablet=&#8221;35&#8243; size_phone=&#8221;35&#8243; font_weight=&#8221;600&#8243; margin_top=&#8221;40&#8243; margin_bottom=&#8221;0&#8243; font_family=&#8221;none&#8221; align=&#8221;center&#8221;]A nossa tarefa e os nossos objectivos[\/mk_fancy_title][vc_row_inner][vc_column_inner width=&#8221;1\/2&#8243;][mk_image [&hellip;]\" \/>\n<meta property=\"og:url\" content=\"https:\/\/www.buchegg.church\/pt\/social-works\/\" \/>\n<meta property=\"og:site_name\" content=\"buchegg.church\" \/>\n<meta property=\"article:publisher\" content=\"https:\/\/www.facebook.com\/buchegg\" \/>\n<meta property=\"article:modified_time\" content=\"2023-11-06T15:59:51+00:00\" \/>\n<meta name=\"twitter:card\" content=\"summary_large_image\" \/>\n<meta name=\"twitter:label1\" content=\"Tempo estimado de leitura\" \/>\n\t<meta name=\"twitter:data1\" content=\"2 minutos\" \/>\n<script type=\"application\/ld+json\" class=\"yoast-schema-graph\">{\"@context\":\"https:\\\/\\\/schema.org\",\"@graph\":[{\"@type\":\"WebPage\",\"@id\":\"https:\\\/\\\/www.buchegg.church\\\/pt\\\/social-works\\\/\",\"url\":\"https:\\\/\\\/www.buchegg.church\\\/pt\\\/social-works\\\/\",\"name\":\"Social Works - buchegg.church\",\"isPartOf\":{\"@id\":\"https:\\\/\\\/www.buchegg.church\\\/#website\"},\"datePublished\":\"2023-11-06T15:31:53+00:00\",\"dateModified\":\"2023-11-06T15:59:51+00:00\",\"breadcrumb\":{\"@id\":\"https:\\\/\\\/www.buchegg.church\\\/pt\\\/social-works\\\/#breadcrumb\"},\"inLanguage\":\"pt-PT\",\"potentialAction\":[{\"@type\":\"ReadAction\",\"target\":[\"https:\\\/\\\/www.buchegg.church\\\/pt\\\/social-works\\\/\"]}]},{\"@type\":\"BreadcrumbList\",\"@id\":\"https:\\\/\\\/www.buchegg.church\\\/pt\\\/social-works\\\/#breadcrumb\",\"itemListElement\":[{\"@type\":\"ListItem\",\"position\":1,\"name\":\"Startseite\",\"item\":\"https:\\\/\\\/www.buchegg.church\\\/pt\\\/\"},{\"@type\":\"ListItem\",\"position\":2,\"name\":\"Social Works\"}]},{\"@type\":\"WebSite\",\"@id\":\"https:\\\/\\\/www.buchegg.church\\\/#website\",\"url\":\"https:\\\/\\\/www.buchegg.church\\\/\",\"name\":\"buchegg.church\",\"description\":\"\",\"publisher\":{\"@id\":\"https:\\\/\\\/www.buchegg.church\\\/#organization\"},\"potentialAction\":[{\"@type\":\"SearchAction\",\"target\":{\"@type\":\"EntryPoint\",\"urlTemplate\":\"https:\\\/\\\/www.buchegg.church\\\/?s={search_term_string}\"},\"query-input\":{\"@type\":\"PropertyValueSpecification\",\"valueRequired\":true,\"valueName\":\"search_term_string\"}}],\"inLanguage\":\"pt-PT\"},{\"@type\":\"Organization\",\"@id\":\"https:\\\/\\\/www.buchegg.church\\\/#organization\",\"name\":\"Buchegg Church\",\"url\":\"https:\\\/\\\/www.buchegg.church\\\/\",\"logo\":{\"@type\":\"ImageObject\",\"inLanguage\":\"pt-PT\",\"@id\":\"https:\\\/\\\/www.buchegg.church\\\/#\\\/schema\\\/logo\\\/image\\\/\",\"url\":\"https:\\\/\\\/www.buchegg.church\\\/wp-content\\\/uploads\\\/buchegg.png\",\"contentUrl\":\"https:\\\/\\\/www.buchegg.church\\\/wp-content\\\/uploads\\\/buchegg.png\",\"width\":751,\"height\":180,\"caption\":\"Buchegg Church\"},\"image\":{\"@id\":\"https:\\\/\\\/www.buchegg.church\\\/#\\\/schema\\\/logo\\\/image\\\/\"},\"sameAs\":[\"https:\\\/\\\/www.facebook.com\\\/buchegg\",\"https:\\\/\\\/www.instagram.com\\\/buchegg_church\",\"https:\\\/\\\/www.youtube.com\\\/czbzuerich\"]}]}<\/script>\n<!-- \/ Yoast SEO plugin. -->","yoast_head_json":{"title":"Social Works - buchegg.church","robots":{"index":"index","follow":"follow","max-snippet":"max-snippet:-1","max-image-preview":"max-image-preview:large","max-video-preview":"max-video-preview:-1"},"canonical":"https:\/\/www.buchegg.church\/pt\/social-works\/","og_locale":"pt_PT","og_type":"article","og_title":"Social Works - buchegg.church","og_description":"[vc_row][vc_column][\/vc_column][\/vc_row][mk_page_section bg_image=&#8221;https:\/\/www.buchegg.church\/wp-content\/uploads\/social_works_team-1.jpg&#8221; bg_color=&#8221;#000000&#8243; attachment=&#8221;fixed&#8221; bg_position=&#8221;center top&#8221; bg_repeat=&#8221;no-repeat&#8221; bg_stretch=&#8221;true&#8221; min_height=&#8221;500&#8243; full_width=&#8221;true&#8221; padding_top=&#8221;0&#8243; sidebar=&#8221;sidebar-1&#8243;][vc_column][mk_fancy_title color=&#8221;#ffffff&#8221; size=&#8221;70&#8243; force_font_size=&#8221;true&#8221; size_tablet=&#8221;60&#8243; size_phone=&#8221;40&#8243; font_weight=&#8221;600&#8243; txt_transform=&#8221;uppercase&#8221; letter_spacing=&#8221;3&#8243; margin_top=&#8221;200&#8243; margin_bottom=&#8221;0&#8243; font_family=&#8221;none&#8221; align=&#8221;center&#8221;]Buchegg Social Works[\/mk_fancy_title][mk_fancy_title color=&#8221;#ffffff&#8221; size=&#8221;35&#8243; force_font_size=&#8221;true&#8221; size_tablet=&#8221;30&#8243; size_phone=&#8221;25&#8243; font_weight=&#8221;300&#8243; font_style=&#8221;italic&#8221; font_family=&#8221;none&#8221; align=&#8221;center&#8221;][\/mk_fancy_title][\/vc_column][\/mk_page_section][vc_row fullwidth=&#8221;true&#8221;][vc_column][vc_wp_custommenu nav_menu=&#8221;330&#8243; el_id=&#8221;horizontal-menu&#8221;][\/vc_column][\/vc_row][vc_row id=&#8221;tarefa&#8221;][vc_column][mk_fancy_title size=&#8221;45&#8243; force_font_size=&#8221;true&#8221; size_tablet=&#8221;35&#8243; size_phone=&#8221;35&#8243; font_weight=&#8221;600&#8243; margin_top=&#8221;40&#8243; margin_bottom=&#8221;0&#8243; font_family=&#8221;none&#8221; align=&#8221;center&#8221;]A nossa tarefa e os nossos objectivos[\/mk_fancy_title][vc_row_inner][vc_column_inner width=&#8221;1\/2&#8243;][mk_image [&hellip;]","og_url":"https:\/\/www.buchegg.church\/pt\/social-works\/","og_site_name":"buchegg.church","article_publisher":"https:\/\/www.facebook.com\/buchegg","article_modified_time":"2023-11-06T15:59:51+00:00","twitter_card":"summary_large_image","twitter_misc":{"Tempo estimado de leitura":"2 minutos"},"schema":{"@context":"https:\/\/schema.org","@graph":[{"@type":"WebPage","@id":"https:\/\/www.buchegg.church\/pt\/social-works\/","url":"https:\/\/www.buchegg.church\/pt\/social-works\/","name":"Social Works - buchegg.church","isPartOf":{"@id":"https:\/\/www.buchegg.church\/#website"},"datePublished":"2023-11-06T15:31:53+00:00","dateModified":"2023-11-06T15:59:51+00:00","breadcrumb":{"@id":"https:\/\/www.buchegg.church\/pt\/social-works\/#breadcrumb"},"inLanguage":"pt-PT","potentialAction":[{"@type":"ReadAction","target":["https:\/\/www.buchegg.church\/pt\/social-works\/"]}]},{"@type":"BreadcrumbList","@id":"https:\/\/www.buchegg.church\/pt\/social-works\/#breadcrumb","itemListElement":[{"@type":"ListItem","position":1,"name":"Startseite","item":"https:\/\/www.buchegg.church\/pt\/"},{"@type":"ListItem","position":2,"name":"Social Works"}]},{"@type":"WebSite","@id":"https:\/\/www.buchegg.church\/#website","url":"https:\/\/www.buchegg.church\/","name":"buchegg.church","description":"","publisher":{"@id":"https:\/\/www.buchegg.church\/#organization"},"potentialAction":[{"@type":"SearchAction","target":{"@type":"EntryPoint","urlTemplate":"https:\/\/www.buchegg.church\/?s={search_term_string}"},"query-input":{"@type":"PropertyValueSpecification","valueRequired":true,"valueName":"search_term_string"}}],"inLanguage":"pt-PT"},{"@type":"Organization","@id":"https:\/\/www.buchegg.church\/#organization","name":"Buchegg Church","url":"https:\/\/www.buchegg.church\/","logo":{"@type":"ImageObject","inLanguage":"pt-PT","@id":"https:\/\/www.buchegg.church\/#\/schema\/logo\/image\/","url":"https:\/\/www.buchegg.church\/wp-content\/uploads\/buchegg.png","contentUrl":"https:\/\/www.buchegg.church\/wp-content\/uploads\/buchegg.png","width":751,"height":180,"caption":"Buchegg Church"},"image":{"@id":"https:\/\/www.buchegg.church\/#\/schema\/logo\/image\/"},"sameAs":["https:\/\/www.facebook.com\/buchegg","https:\/\/www.instagram.com\/buchegg_church","https:\/\/www.youtube.com\/czbzuerich"]}]}},"_links":{"self":[{"href":"https:\/\/www.buchegg.church\/pt\/wp-json\/wp\/v2\/pages\/4934949","targetHints":{"allow":["GET"]}}],"collection":[{"href":"https:\/\/www.buchegg.church\/pt\/wp-json\/wp\/v2\/pages"}],"about":[{"href":"https:\/\/www.buchegg.church\/pt\/wp-json\/wp\/v2\/types\/page"}],"author":[{"embeddable":true,"href":"https:\/\/www.buchegg.church\/pt\/wp-json\/wp\/v2\/users\/4"}],"replies":[{"embeddable":true,"href":"https:\/\/www.buchegg.church\/pt\/wp-json\/wp\/v2\/comments?post=4934949"}],"version-history":[{"count":0,"href":"https:\/\/www.buchegg.church\/pt\/wp-json\/wp\/v2\/pages\/4934949\/revisions"}],"wp:attachment":[{"href":"https:\/\/www.buchegg.church\/pt\/wp-json\/wp\/v2\/media?parent=4934949"}],"curies":[{"name":"wp","href":"https:\/\/api.w.org\/{rel}","templated":true}]}}