{"id":4910619,"date":"2023-08-15T17:22:26","date_gmt":"2023-08-15T15:22:26","guid":{"rendered":"https:\/\/www.buchegg.church\/?page_id=4910619"},"modified":"2025-09-01T16:45:39","modified_gmt":"2025-09-01T14:45:39","slug":"erntedankopfer","status":"publish","type":"page","link":"https:\/\/www.buchegg.church\/pt\/erntedankopfer\/","title":{"rendered":"Offerta a\u00e7\u00e3o de gra\u00e7as 2025"},"content":{"rendered":"<div class=\"wpb-content-wrapper\">[vc_row][vc_column][\/vc_column][\/vc_row][mk_page_section bg_image=&#8221;https:\/\/www.buchegg.church\/wp-content\/uploads\/balkan-hintergrund.jpeg&#8221; bg_color=&#8221;#000000&#8243; attachment=&#8221;fixed&#8221; bg_position=&#8221;center top&#8221; bg_repeat=&#8221;no-repeat&#8221; bg_stretch=&#8221;true&#8221; min_height=&#8221;500&#8243; full_width=&#8221;true&#8221; full_height=&#8221;true&#8221; padding_top=&#8221;0&#8243; sidebar=&#8221;sidebar-1&#8243;][vc_column][mk_fancy_title color=&#8221;#ffffff&#8221; size=&#8221;70&#8243; force_font_size=&#8221;true&#8221; size_tablet=&#8221;60&#8243; size_phone=&#8221;40&#8243; font_weight=&#8221;600&#8243; txt_transform=&#8221;uppercase&#8221; letter_spacing=&#8221;3&#8243; margin_top=&#8221;200&#8243; margin_bottom=&#8221;0&#8243; font_family=&#8221;none&#8221; align=&#8221;center&#8221; drop_shadow=&#8221;true&#8221; shadow_distance=&#8221;5&#8243; shadow_blur=&#8221;5&#8243; shadow_color=&#8221;#000000&#8243;]Oferta a\u00e7\u00e3o de gra\u00e7as 2025[\/mk_fancy_title][mk_fancy_title color=&#8221;#ffffff&#8221; size=&#8221;35&#8243; force_font_size=&#8221;true&#8221; size_tablet=&#8221;30&#8243; size_phone=&#8221;25&#8243; font_weight=&#8221;300&#8243; font_style=&#8221;italic&#8221; font_family=&#8221;none&#8221; align=&#8221;center&#8221; drop_shadow=&#8221;true&#8221; shadow_distance=&#8221;5&#8243; shadow_blur=&#8221;5&#8243; shadow_color=&#8221;#0a0a0a&#8221;]Os Balc\u00e3s \u2013 uma regi\u00e3o ainda n\u00e3o alcan\u00e7ada![\/mk_fancy_title][\/vc_column][\/mk_page_section][vc_row fullwidth=&#8221;true&#8221;][vc_column][vc_wp_custommenu nav_menu=&#8221;116&#8243; el_id=&#8221;horizontal-menu&#8221;][\/vc_column][\/vc_row][vc_row id=&#8221;ajudando&#8221;][vc_column][mk_fancy_title size=&#8221;45&#8243; force_font_size=&#8221;true&#8221; size_tablet=&#8221;35&#8243; size_phone=&#8221;35&#8243; font_weight=&#8221;600&#8243; margin_top=&#8221;40&#8243; margin_bottom=&#8221;0&#8243; font_family=&#8221;none&#8221; align=&#8221;center&#8221;]Fundar igrejas, dar a conhecer Jesus, ajudar as pessoas[\/mk_fancy_title][vc_row_inner][vc_column_inner width=&#8221;1\/2&#8243;][vc_video link=&#8221;https:\/\/youtu.be\/DvWw-AFxdns&#8221;][mk_padding_divider size=&#8221;20&#8243;][mk_image src=&#8221;https:\/\/www.buchegg.church\/wp-content\/uploads\/hintergrund_edo_25.jpg&#8221; image_size=&#8221;full&#8221; title=&#8221;Mostar com o Puente Viejo&#8221;][mk_padding_divider size=&#8221;20&#8243;][mk_image src=&#8221;https:\/\/www.buchegg.church\/wp-content\/uploads\/traditionelles-handwerk.jpg&#8221; image_size=&#8221;full&#8221; title=&#8221;Artesanato tradicional nos Balc\u00e3s&#8221;][mk_padding_divider size=&#8221;20&#8243;][mk_image src=&#8221;https:\/\/www.buchegg.church\/wp-content\/uploads\/taufe-in-mazedonien.jpeg&#8221; image_size=&#8221;full&#8221; title=&#8221;Batismo na Maced\u00f4nia&#8221;][mk_padding_divider size=&#8221;20&#8243;][\/vc_column_inner][vc_column_inner width=&#8221;1\/2&#8243;][vc_column_text css=&#8221;.vc_custom_1753104125472{margin-bottom: 0px !important;}&#8221;]<strong>Os Balc\u00e3s caracterizam-se pela sua grande diversidade e rica hist\u00f3ria. No entanto, a situa\u00e7\u00e3o econ\u00f3mica e espiritual \u00e9 extremamente dif\u00edcil. Muitos pa\u00edses continuam a sofrer as consequ\u00eancias do seu passado comunista e ateu. Os movimentos religiosos e nacionalistas est\u00e3o em ascens\u00e3o e o islamismo est\u00e1 a ganhar terreno. Em muitos pa\u00edses dos Balc\u00e3s, menos de 0,3% da popula\u00e7\u00e3o \u00e9 crente, e em nenhum deles ultrapassa 0,8%.<\/strong><\/p>\n<p>A maioria dos pa\u00edses dos Balc\u00e3s, como Alb\u00e2nia, B\u00f3snia-Herzegovina, Kosovo, Montenegro, Maced\u00f4nia do Norte e S\u00e9rvia, s\u00f3 s\u00e3o conhecidos por manchetes negativas. No entanto, a regi\u00e3o tem uma beleza \u00fanica e uma hist\u00f3ria rica. As ra\u00edzes do cristianismo remontam at\u00e9 ao s\u00e9culo I a.C.<\/p>\n<p>Infelizmente, hoje em dia n\u00e3o resta muito desta rica hist\u00f3ria. O Imp\u00e9rio Otomano e os regimes comunistas do passado erradicaram em grande parte a Igreja crist\u00e3. Os movimentos nacionalistas, muitas vezes de car\u00e1ter religioso, geram desconfian\u00e7a e tens\u00f5es \u00e9tnicas, o que impede a difus\u00e3o do Evangelho para al\u00e9m das fronteiras nacionais.<\/p>\n<p><strong>Mas h\u00e1 esperan\u00e7a para os Balc\u00e3s!<\/strong><\/p>\n<p>Em muitos pa\u00edses existem comunidades muito pequenas, mas extremamente vivas. Elas est\u00e3o ansiosas por compartilhar o Evangelho em seu pa\u00eds.<br \/>\nOrganizam eventos evangel\u00edsticos, campanhas de rua e projetos sociais. Formam evangelistas e pastores para fundar novas igrejas. No entanto, muitas vezes carecem dos meios necess\u00e1rios para superar os primeiros obst\u00e1culos e conseguir um impacto a longo prazo.[\/vc_column_text][mk_image src=&#8221;https:\/\/www.buchegg.church\/wp-content\/uploads\/unterschrift-matthias.png&#8221; image_size=&#8221;full&#8221;][vc_column_text css=&#8221;.vc_custom_1753103341812{margin-bottom: 0px !important;}&#8221;]<strong><strong>Matthias Theis<\/strong><\/strong><br \/>\n<small>Pastor Geral e Diretor da Comiss\u00e3o de Miss\u00f5es<\/small>[\/vc_column_text][mk_padding_divider size=&#8221;20&#8243;][mk_button url=&#8221;#ajudar&#8221;]Desejamos ajudar assim[\/mk_button][\/vc_column_inner][\/vc_row_inner][mk_padding_divider][\/vc_column][\/vc_row][mk_page_section bg_image=&#8221;https:\/\/www.buchegg.church\/wp-content\/uploads\/balkan-hintergrund.jpeg&#8221; attachment=&#8221;fixed&#8221; bg_position=&#8221;center top&#8221; bg_repeat=&#8221;no-repeat&#8221; bg_stretch=&#8221;true&#8221; min_height=&#8221;400&#8243; sidebar=&#8221;sidebar-1&#8243;][vc_column][\/vc_column][\/mk_page_section][vc_row id=&#8221;ajudar&#8221;][vc_column][mk_fancy_title size=&#8221;45&#8243; force_font_size=&#8221;true&#8221; size_tablet=&#8221;35&#8243; size_phone=&#8221;35&#8243; font_weight=&#8221;600&#8243; margin_top=&#8221;40&#8243; margin_bottom=&#8221;0&#8243; font_family=&#8221;none&#8221; align=&#8221;center&#8221;]Desejamos ajudar assim[\/mk_fancy_title][vc_row_inner][vc_column_inner width=&#8221;1\/2&#8243;][mk_padding_divider size=&#8221;20&#8243;][mk_image src=&#8221;https:\/\/www.buchegg.church\/wp-content\/uploads\/strasseneinsatz-in-bosnien.jpeg&#8221; image_size=&#8221;full&#8221; title=&#8221;Miss\u00e3o nas ruas da B\u00f3snia&#8221;][mk_padding_divider size=&#8221;20&#8243;][mk_image src=&#8221;https:\/\/www.buchegg.church\/wp-content\/uploads\/schulung-von-leitern.jpeg&#8221; image_size=&#8221;full&#8221; title=&#8221;Forma\u00e7\u00e3o de l\u00edderes&#8221;][mk_padding_divider size=&#8221;20&#8243;][\/vc_column_inner][vc_column_inner width=&#8221;1\/2&#8243;][vc_column_text css=&#8221;.vc_custom_1753103417398{margin-bottom: 0px !important;}&#8221;]<b>Evangeliza\u00e7\u00e3o: <\/b>Apoiamos eventos evangel\u00edsticos e atividades nas ruas. Isso inclui prega\u00e7\u00e3o, louvor e conversas pessoais para divulgar a mensagem de Jesus Cristo e alcan\u00e7ar as pessoas.<\/p>\n<p>Funda\u00e7\u00e3o e desenvolvimento da igreja: Apoiamos os fundadores de igrejas e financiamos a amplia\u00e7\u00e3o dos edif\u00edcios existentes. Desta forma, \u00e9 criado espa\u00e7o para que mais pessoas possam assistir aos cultos religiosos, ouvir a Boa Nova e fortalecer-se na f\u00e9.<\/p>\n<p><b>Forma\u00e7\u00e3o e capacita\u00e7\u00e3o: <\/b>Os programas de forma\u00e7\u00e3o em evangelismo e lideran\u00e7a capacitam os crentes a transmitir a mensagem da Boa Nova de forma permanente, mesmo entre os mu\u00e7ulmanos. Nestes cursos s\u00e3o ensinadas estrat\u00e9gias b\u00edblicas e abordagens pr\u00e1ticas para o evangelismo e o discipulado.<\/p>\n<p>Impress\u00e3o e distribui\u00e7\u00e3o de literatura crist\u00e3: Para continuar a divulgar a mensagem do Evangelho nos Balc\u00e3s, financiamos a impress\u00e3o e distribui\u00e7\u00e3o de folhetos, panfletos e B\u00edblias em linguagem moderna, dirigidos especialmente \u00e0s gera\u00e7\u00f5es mais jovens.<\/p>\n<p><strong>Aproveitemos juntos esta oportunidade e apoiemos generosamente nossos irm\u00e3os e irm\u00e3s comprometidos nos Balc\u00e3s!<\/strong>[\/vc_column_text][mk_padding_divider size=&#8221;20&#8243;][mk_button url=&#8221;#contribuir&#8221;]Voc\u00ea pode contribuir assim[\/mk_button][\/vc_column_inner][\/vc_row_inner][mk_padding_divider][\/vc_column][\/vc_row][mk_page_section bg_image=&#8221;https:\/\/www.buchegg.church\/wp-content\/uploads\/balkan-hintergrund.jpeg&#8221; attachment=&#8221;fixed&#8221; bg_position=&#8221;center top&#8221; bg_repeat=&#8221;no-repeat&#8221; bg_stretch=&#8221;true&#8221; min_height=&#8221;400&#8243; sidebar=&#8221;sidebar-1&#8243;][vc_column][\/vc_column][\/mk_page_section][vc_row id=&#8221;contribuir&#8221;][vc_column][mk_fancy_title size=&#8221;45&#8243; force_font_size=&#8221;true&#8221; size_tablet=&#8221;35&#8243; size_phone=&#8221;35&#8243; font_weight=&#8221;600&#8243; margin_top=&#8221;40&#8243; margin_bottom=&#8221;0&#8243; font_family=&#8221;none&#8221; align=&#8221;center&#8221;]Voc\u00ea pode contribuir assim[\/mk_fancy_title][vc_row_inner][vc_column_inner width=&#8221;1\/2&#8243;][mk_image src=&#8221;https:\/\/www.buchegg.church\/wp-content\/uploads\/hintergrund_edo_25.jpg&#8221; image_size=&#8221;full&#8221;][mk_padding_divider size=&#8221;20&#8243;][\/vc_column_inner][vc_column_inner width=&#8221;1\/2&#8243;][vc_column_text css=&#8221;.vc_custom_1753103504519{margin-bottom: 0px !important;}&#8221;]Formas de contribuir:<\/p>\n<ul>\n<li><strong>Na oferta do culto de 14 de setembro de 2025<\/strong><\/li>\n<li><b>Depositando em nossa conta postal ou banc\u00e1ria <\/b>(refer\u00eancia: \u201cErntedank\u201d)<\/li>\n<\/ul>\n<p>Pfingstmission Z\u00fcrich, 8057 Z\u00fcrich<br \/>\nIBAN CH18 0900 0000 8000 7143 9<\/p>\n<p>Obrigado pelo seu apoio![\/vc_column_text][mk_image src=&#8221;https:\/\/www.buchegg.church\/wp-content\/uploads\/erntedank-qr.png&#8221; image_size=&#8221;full&#8221;][\/vc_column_inner][\/vc_row_inner][mk_padding_divider][\/vc_column][\/vc_row][mk_page_section bg_image=&#8221;https:\/\/www.buchegg.church\/wp-content\/uploads\/balkan-hintergrund.jpeg&#8221; attachment=&#8221;fixed&#8221; bg_position=&#8221;center top&#8221; bg_repeat=&#8221;no-repeat&#8221; bg_stretch=&#8221;true&#8221; min_height=&#8221;400&#8243; sidebar=&#8221;sidebar-1&#8243;][vc_column][\/vc_column][\/mk_page_section]\n<\/div>","protected":false},"excerpt":{"rendered":"<p>[vc_row][vc_column][\/vc_column][\/vc_row][mk_page_section bg_image=&#8221;https:\/\/www.buchegg.church\/wp-content\/uploads\/balkan-hintergrund.jpeg&#8221; bg_color=&#8221;#000000&#8243; attachment=&#8221;fixed&#8221; bg_position=&#8221;center top&#8221; bg_repeat=&#8221;no-repeat&#8221; bg_stretch=&#8221;true&#8221; min_height=&#8221;500&#8243; full_width=&#8221;true&#8221; full_height=&#8221;true&#8221; padding_top=&#8221;0&#8243; sidebar=&#8221;sidebar-1&#8243;][vc_column][mk_fancy_title color=&#8221;#ffffff&#8221; size=&#8221;70&#8243; force_font_size=&#8221;true&#8221; size_tablet=&#8221;60&#8243; size_phone=&#8221;40&#8243; font_weight=&#8221;600&#8243; txt_transform=&#8221;uppercase&#8221; letter_spacing=&#8221;3&#8243; margin_top=&#8221;200&#8243; margin_bottom=&#8221;0&#8243; font_family=&#8221;none&#8221; align=&#8221;center&#8221; drop_shadow=&#8221;true&#8221; shadow_distance=&#8221;5&#8243; shadow_blur=&#8221;5&#8243; shadow_color=&#8221;#000000&#8243;]Oferta a\u00e7\u00e3o de gra\u00e7as 2025[\/mk_fancy_title][mk_fancy_title color=&#8221;#ffffff&#8221; size=&#8221;35&#8243; force_font_size=&#8221;true&#8221; size_tablet=&#8221;30&#8243; size_phone=&#8221;25&#8243; font_weight=&#8221;300&#8243; font_style=&#8221;italic&#8221; font_family=&#8221;none&#8221; align=&#8221;center&#8221; drop_shadow=&#8221;true&#8221; shadow_distance=&#8221;5&#8243; shadow_blur=&#8221;5&#8243; shadow_color=&#8221;#0a0a0a&#8221;]Os Balc\u00e3s \u2013 uma regi\u00e3o ainda n\u00e3o alcan\u00e7ada![\/mk_fancy_title][\/vc_column][\/mk_page_section][vc_row fullwidth=&#8221;true&#8221;][vc_column][vc_wp_custommenu nav_menu=&#8221;116&#8243; [&hellip;]<\/p>\n","protected":false},"author":4,"featured_media":0,"parent":0,"menu_order":0,"comment_status":"closed","ping_status":"closed","template":"","meta":{"footnotes":""},"class_list":["post-4910619","page","type-page","status-publish","hentry"],"yoast_head":"<!-- This site is optimized with the Yoast SEO plugin v27.5 - https:\/\/yoast.com\/product\/yoast-seo-wordpress\/ -->\n<title>Offerta a\u00e7\u00e3o de gra\u00e7as 2025 - buchegg.church<\/title>\n<meta name=\"robots\" content=\"index, follow, max-snippet:-1, max-image-preview:large, max-video-preview:-1\" \/>\n<link rel=\"canonical\" href=\"https:\/\/www.buchegg.church\/pt\/erntedankopfer\/\" \/>\n<meta property=\"og:locale\" content=\"pt_PT\" \/>\n<meta property=\"og:type\" content=\"article\" \/>\n<meta property=\"og:title\" content=\"Offerta a\u00e7\u00e3o de gra\u00e7as 2025 - buchegg.church\" \/>\n<meta property=\"og:description\" content=\"[vc_row][vc_column][\/vc_column][\/vc_row][mk_page_section bg_image=&#8221;https:\/\/www.buchegg.church\/wp-content\/uploads\/balkan-hintergrund.jpeg&#8221; bg_color=&#8221;#000000&#8243; attachment=&#8221;fixed&#8221; bg_position=&#8221;center top&#8221; bg_repeat=&#8221;no-repeat&#8221; bg_stretch=&#8221;true&#8221; min_height=&#8221;500&#8243; full_width=&#8221;true&#8221; full_height=&#8221;true&#8221; padding_top=&#8221;0&#8243; sidebar=&#8221;sidebar-1&#8243;][vc_column][mk_fancy_title color=&#8221;#ffffff&#8221; size=&#8221;70&#8243; force_font_size=&#8221;true&#8221; size_tablet=&#8221;60&#8243; size_phone=&#8221;40&#8243; font_weight=&#8221;600&#8243; txt_transform=&#8221;uppercase&#8221; letter_spacing=&#8221;3&#8243; margin_top=&#8221;200&#8243; margin_bottom=&#8221;0&#8243; font_family=&#8221;none&#8221; align=&#8221;center&#8221; drop_shadow=&#8221;true&#8221; shadow_distance=&#8221;5&#8243; shadow_blur=&#8221;5&#8243; shadow_color=&#8221;#000000&#8243;]Oferta a\u00e7\u00e3o de gra\u00e7as 2025[\/mk_fancy_title][mk_fancy_title color=&#8221;#ffffff&#8221; size=&#8221;35&#8243; force_font_size=&#8221;true&#8221; size_tablet=&#8221;30&#8243; size_phone=&#8221;25&#8243; font_weight=&#8221;300&#8243; font_style=&#8221;italic&#8221; font_family=&#8221;none&#8221; align=&#8221;center&#8221; drop_shadow=&#8221;true&#8221; shadow_distance=&#8221;5&#8243; shadow_blur=&#8221;5&#8243; shadow_color=&#8221;#0a0a0a&#8221;]Os Balc\u00e3s \u2013 uma regi\u00e3o ainda n\u00e3o alcan\u00e7ada![\/mk_fancy_title][\/vc_column][\/mk_page_section][vc_row fullwidth=&#8221;true&#8221;][vc_column][vc_wp_custommenu nav_menu=&#8221;116&#8243; [&hellip;]\" \/>\n<meta property=\"og:url\" content=\"https:\/\/www.buchegg.church\/pt\/erntedankopfer\/\" \/>\n<meta property=\"og:site_name\" content=\"buchegg.church\" \/>\n<meta property=\"article:publisher\" content=\"https:\/\/www.facebook.com\/buchegg\" \/>\n<meta property=\"article:modified_time\" content=\"2025-09-01T14:45:39+00:00\" \/>\n<meta name=\"twitter:card\" content=\"summary_large_image\" \/>\n<meta name=\"twitter:label1\" content=\"Tempo estimado de leitura\" \/>\n\t<meta name=\"twitter:data1\" content=\"4 minutos\" \/>\n<script type=\"application\/ld+json\" class=\"yoast-schema-graph\">{\"@context\":\"https:\\\/\\\/schema.org\",\"@graph\":[{\"@type\":\"WebPage\",\"@id\":\"https:\\\/\\\/www.buchegg.church\\\/pt\\\/erntedankopfer\\\/\",\"url\":\"https:\\\/\\\/www.buchegg.church\\\/pt\\\/erntedankopfer\\\/\",\"name\":\"Offerta a\u00e7\u00e3o de gra\u00e7as 2025 - buchegg.church\",\"isPartOf\":{\"@id\":\"https:\\\/\\\/www.buchegg.church\\\/#website\"},\"datePublished\":\"2023-08-15T15:22:26+00:00\",\"dateModified\":\"2025-09-01T14:45:39+00:00\",\"breadcrumb\":{\"@id\":\"https:\\\/\\\/www.buchegg.church\\\/pt\\\/erntedankopfer\\\/#breadcrumb\"},\"inLanguage\":\"pt-PT\",\"potentialAction\":[{\"@type\":\"ReadAction\",\"target\":[\"https:\\\/\\\/www.buchegg.church\\\/pt\\\/erntedankopfer\\\/\"]}]},{\"@type\":\"BreadcrumbList\",\"@id\":\"https:\\\/\\\/www.buchegg.church\\\/pt\\\/erntedankopfer\\\/#breadcrumb\",\"itemListElement\":[{\"@type\":\"ListItem\",\"position\":1,\"name\":\"Startseite\",\"item\":\"https:\\\/\\\/www.buchegg.church\\\/pt\\\/\"},{\"@type\":\"ListItem\",\"position\":2,\"name\":\"Offerta a\u00e7\u00e3o de gra\u00e7as 2025\"}]},{\"@type\":\"WebSite\",\"@id\":\"https:\\\/\\\/www.buchegg.church\\\/#website\",\"url\":\"https:\\\/\\\/www.buchegg.church\\\/\",\"name\":\"buchegg.church\",\"description\":\"\",\"publisher\":{\"@id\":\"https:\\\/\\\/www.buchegg.church\\\/#organization\"},\"potentialAction\":[{\"@type\":\"SearchAction\",\"target\":{\"@type\":\"EntryPoint\",\"urlTemplate\":\"https:\\\/\\\/www.buchegg.church\\\/?s={search_term_string}\"},\"query-input\":{\"@type\":\"PropertyValueSpecification\",\"valueRequired\":true,\"valueName\":\"search_term_string\"}}],\"inLanguage\":\"pt-PT\"},{\"@type\":\"Organization\",\"@id\":\"https:\\\/\\\/www.buchegg.church\\\/#organization\",\"name\":\"Buchegg Church\",\"url\":\"https:\\\/\\\/www.buchegg.church\\\/\",\"logo\":{\"@type\":\"ImageObject\",\"inLanguage\":\"pt-PT\",\"@id\":\"https:\\\/\\\/www.buchegg.church\\\/#\\\/schema\\\/logo\\\/image\\\/\",\"url\":\"https:\\\/\\\/www.buchegg.church\\\/wp-content\\\/uploads\\\/buchegg.png\",\"contentUrl\":\"https:\\\/\\\/www.buchegg.church\\\/wp-content\\\/uploads\\\/buchegg.png\",\"width\":751,\"height\":180,\"caption\":\"Buchegg Church\"},\"image\":{\"@id\":\"https:\\\/\\\/www.buchegg.church\\\/#\\\/schema\\\/logo\\\/image\\\/\"},\"sameAs\":[\"https:\\\/\\\/www.facebook.com\\\/buchegg\",\"https:\\\/\\\/www.instagram.com\\\/buchegg_church\",\"https:\\\/\\\/www.youtube.com\\\/czbzuerich\"]}]}<\/script>\n<!-- \/ Yoast SEO plugin. -->","yoast_head_json":{"title":"Offerta a\u00e7\u00e3o de gra\u00e7as 2025 - buchegg.church","robots":{"index":"index","follow":"follow","max-snippet":"max-snippet:-1","max-image-preview":"max-image-preview:large","max-video-preview":"max-video-preview:-1"},"canonical":"https:\/\/www.buchegg.church\/pt\/erntedankopfer\/","og_locale":"pt_PT","og_type":"article","og_title":"Offerta a\u00e7\u00e3o de gra\u00e7as 2025 - buchegg.church","og_description":"[vc_row][vc_column][\/vc_column][\/vc_row][mk_page_section bg_image=&#8221;https:\/\/www.buchegg.church\/wp-content\/uploads\/balkan-hintergrund.jpeg&#8221; bg_color=&#8221;#000000&#8243; attachment=&#8221;fixed&#8221; bg_position=&#8221;center top&#8221; bg_repeat=&#8221;no-repeat&#8221; bg_stretch=&#8221;true&#8221; min_height=&#8221;500&#8243; full_width=&#8221;true&#8221; full_height=&#8221;true&#8221; padding_top=&#8221;0&#8243; sidebar=&#8221;sidebar-1&#8243;][vc_column][mk_fancy_title color=&#8221;#ffffff&#8221; size=&#8221;70&#8243; force_font_size=&#8221;true&#8221; size_tablet=&#8221;60&#8243; size_phone=&#8221;40&#8243; font_weight=&#8221;600&#8243; txt_transform=&#8221;uppercase&#8221; letter_spacing=&#8221;3&#8243; margin_top=&#8221;200&#8243; margin_bottom=&#8221;0&#8243; font_family=&#8221;none&#8221; align=&#8221;center&#8221; drop_shadow=&#8221;true&#8221; shadow_distance=&#8221;5&#8243; shadow_blur=&#8221;5&#8243; shadow_color=&#8221;#000000&#8243;]Oferta a\u00e7\u00e3o de gra\u00e7as 2025[\/mk_fancy_title][mk_fancy_title color=&#8221;#ffffff&#8221; size=&#8221;35&#8243; force_font_size=&#8221;true&#8221; size_tablet=&#8221;30&#8243; size_phone=&#8221;25&#8243; font_weight=&#8221;300&#8243; font_style=&#8221;italic&#8221; font_family=&#8221;none&#8221; align=&#8221;center&#8221; drop_shadow=&#8221;true&#8221; shadow_distance=&#8221;5&#8243; shadow_blur=&#8221;5&#8243; shadow_color=&#8221;#0a0a0a&#8221;]Os Balc\u00e3s \u2013 uma regi\u00e3o ainda n\u00e3o alcan\u00e7ada![\/mk_fancy_title][\/vc_column][\/mk_page_section][vc_row fullwidth=&#8221;true&#8221;][vc_column][vc_wp_custommenu nav_menu=&#8221;116&#8243; [&hellip;]","og_url":"https:\/\/www.buchegg.church\/pt\/erntedankopfer\/","og_site_name":"buchegg.church","article_publisher":"https:\/\/www.facebook.com\/buchegg","article_modified_time":"2025-09-01T14:45:39+00:00","twitter_card":"summary_large_image","twitter_misc":{"Tempo estimado de leitura":"4 minutos"},"schema":{"@context":"https:\/\/schema.org","@graph":[{"@type":"WebPage","@id":"https:\/\/www.buchegg.church\/pt\/erntedankopfer\/","url":"https:\/\/www.buchegg.church\/pt\/erntedankopfer\/","name":"Offerta a\u00e7\u00e3o de gra\u00e7as 2025 - buchegg.church","isPartOf":{"@id":"https:\/\/www.buchegg.church\/#website"},"datePublished":"2023-08-15T15:22:26+00:00","dateModified":"2025-09-01T14:45:39+00:00","breadcrumb":{"@id":"https:\/\/www.buchegg.church\/pt\/erntedankopfer\/#breadcrumb"},"inLanguage":"pt-PT","potentialAction":[{"@type":"ReadAction","target":["https:\/\/www.buchegg.church\/pt\/erntedankopfer\/"]}]},{"@type":"BreadcrumbList","@id":"https:\/\/www.buchegg.church\/pt\/erntedankopfer\/#breadcrumb","itemListElement":[{"@type":"ListItem","position":1,"name":"Startseite","item":"https:\/\/www.buchegg.church\/pt\/"},{"@type":"ListItem","position":2,"name":"Offerta a\u00e7\u00e3o de gra\u00e7as 2025"}]},{"@type":"WebSite","@id":"https:\/\/www.buchegg.church\/#website","url":"https:\/\/www.buchegg.church\/","name":"buchegg.church","description":"","publisher":{"@id":"https:\/\/www.buchegg.church\/#organization"},"potentialAction":[{"@type":"SearchAction","target":{"@type":"EntryPoint","urlTemplate":"https:\/\/www.buchegg.church\/?s={search_term_string}"},"query-input":{"@type":"PropertyValueSpecification","valueRequired":true,"valueName":"search_term_string"}}],"inLanguage":"pt-PT"},{"@type":"Organization","@id":"https:\/\/www.buchegg.church\/#organization","name":"Buchegg Church","url":"https:\/\/www.buchegg.church\/","logo":{"@type":"ImageObject","inLanguage":"pt-PT","@id":"https:\/\/www.buchegg.church\/#\/schema\/logo\/image\/","url":"https:\/\/www.buchegg.church\/wp-content\/uploads\/buchegg.png","contentUrl":"https:\/\/www.buchegg.church\/wp-content\/uploads\/buchegg.png","width":751,"height":180,"caption":"Buchegg Church"},"image":{"@id":"https:\/\/www.buchegg.church\/#\/schema\/logo\/image\/"},"sameAs":["https:\/\/www.facebook.com\/buchegg","https:\/\/www.instagram.com\/buchegg_church","https:\/\/www.youtube.com\/czbzuerich"]}]}},"_links":{"self":[{"href":"https:\/\/www.buchegg.church\/pt\/wp-json\/wp\/v2\/pages\/4910619","targetHints":{"allow":["GET"]}}],"collection":[{"href":"https:\/\/www.buchegg.church\/pt\/wp-json\/wp\/v2\/pages"}],"about":[{"href":"https:\/\/www.buchegg.church\/pt\/wp-json\/wp\/v2\/types\/page"}],"author":[{"embeddable":true,"href":"https:\/\/www.buchegg.church\/pt\/wp-json\/wp\/v2\/users\/4"}],"replies":[{"embeddable":true,"href":"https:\/\/www.buchegg.church\/pt\/wp-json\/wp\/v2\/comments?post=4910619"}],"version-history":[{"count":12,"href":"https:\/\/www.buchegg.church\/pt\/wp-json\/wp\/v2\/pages\/4910619\/revisions"}],"predecessor-version":[{"id":5120980,"href":"https:\/\/www.buchegg.church\/pt\/wp-json\/wp\/v2\/pages\/4910619\/revisions\/5120980"}],"wp:attachment":[{"href":"https:\/\/www.buchegg.church\/pt\/wp-json\/wp\/v2\/media?parent=4910619"}],"curies":[{"name":"wp","href":"https:\/\/api.w.org\/{rel}","templated":true}]}}