{"id":291,"date":"2018-01-06T11:20:29","date_gmt":"2018-01-06T10:20:29","guid":{"rendered":"https:\/\/www.buchegg.church\/?page_id=291"},"modified":"2026-03-12T08:35:42","modified_gmt":"2026-03-12T07:35:42","slug":"home","status":"publish","type":"page","link":"https:\/\/www.buchegg.church\/pt\/","title":{"rendered":"Bem-vindo a casa"},"content":{"rendered":"<div class=\"wpb-content-wrapper\">[vc_row][vc_column][\/vc_column][\/vc_row][vc_row fullwidth=&#8221;true&#8221; disable_element=&#8221;yes&#8221; css=&#8221;.vc_custom_1760261201776{background-color: #898989 !important;}&#8221;][vc_column][mk_padding_divider size=&#8221;100&#8243;][\/vc_column][\/vc_row][vc_row fullwidth=&#8221;true&#8221; disable_element=&#8221;yes&#8221; css=&#8221;.vc_custom_1760261214216{background-color: #b0212b !important;}&#8221;][vc_column][mk_fancy_title color=&#8221;#ffffff&#8221; size=&#8221;25&#8243; margin_top=&#8221;20&#8243; margin_bottom=&#8221;0&#8243; font_family=&#8221;none&#8221; align=&#8221;center&#8221;]F\u00e9rias de outono: nos dias 5 e 12 de outubro, nossos cultos ser\u00e3o realizados \u00e0s 10h, 13h30 e 16h00.[\/mk_fancy_title][\/vc_column][\/vc_row][mk_page_section attachment=&#8221;fixed&#8221; bg_position=&#8221;center center&#8221; bg_repeat=&#8221;no-repeat&#8221; bg_stretch=&#8221;true&#8221; speed_factor=&#8221;1&#8243; bg_video=&#8221;yes&#8221; mp4=&#8221;\/wp-content\/uploads\/webloop_buchegg.mp4&#8243; webm=&#8221;\/wp-content\/uploads\/webloop_buchegg.webm&#8221; poster_image=&#8221;\/wp-content\/uploads\/webloop_buchegg.jpg&#8221; full_width=&#8221;true&#8221; full_height=&#8221;true&#8221; skip_arrow=&#8221;true&#8221; sidebar=&#8221;sidebar-1&#8243;][vc_column][mk_padding_divider visibility=&#8221;visible-sm&#8221;][mk_fancy_title strip_tags=&#8221;true&#8221; tag_name=&#8221;h1&#8243; color=&#8221;#ffffff&#8221; size=&#8221;120&#8243; force_font_size=&#8221;true&#8221; size_smallscreen=&#8221;100&#8243; size_tablet=&#8221;80&#8243; size_phone=&#8221;60&#8243; font_weight=&#8221;600&#8243; txt_transform=&#8221;uppercase&#8221; letter_spacing=&#8221;3&#8243; margin_bottom=&#8221;0&#8243; font_family=&#8221;none&#8221; align=&#8221;center&#8221;]Bem-vindo a casa![\/mk_fancy_title][\/vc_column][\/mk_page_section][vc_row fullwidth=&#8221;true&#8221;][vc_column][vc_wp_custommenu nav_menu=&#8221;20&#8243; el_id=&#8221;horizontal-menu&#8221;][\/vc_column][\/vc_row][vc_row fullwidth=&#8221;true&#8221; disable_element=&#8221;yes&#8221; css=&#8221;.vc_custom_1702885434477{background-color: #b0212b !important;}&#8221;][vc_column][mk_fancy_title color=&#8221;#ffffff&#8221; size=&#8221;25&#8243; margin_top=&#8221;20&#8243; margin_bottom=&#8221;0&#8243; font_family=&#8221;none&#8221; align=&#8221;center&#8221;]Domingo, 21.9.2025: <a href=\"https:\/\/openair.zuerich\/\" target=\"_blank\" rel=\"noopener\"><span style=\"color: #ffffff;\"><u>Culto ao ar livre<\/u><\/span><\/a> \u00e0s 15h. Aten\u00e7\u00e3o: <s>Sechsel\u00e4utenplatz<\/s> -&gt; <a href=\"https:\/\/maps.app.goo.gl\/LoUjyJzrQywZCskc6\" target=\"_blank\" rel=\"noopener\"><span style=\"color: #ffffff;\"><u><u>Turbinenplatz<\/u><\/u><\/span><\/a><u>.<\/u><\/p>\n<p>N\u00e3o haver\u00e1 cultos dominicais na Igreja Buchegg.[\/mk_fancy_title][mk_padding_divider size=&#8221;35&#8243;][vc_row_inner][vc_column_inner width=&#8221;1\/2&#8243;][vc_single_image image=&#8221;3339794&#8243; img_size=&#8221;full&#8221;][\/vc_column_inner][vc_column_inner width=&#8221;1\/2&#8243;][vc_single_image image=&#8221;3339798&#8243; img_size=&#8221;full&#8221;][\/vc_column_inner][\/vc_row_inner][vc_row_inner disable_element=&#8221;yes&#8221;][vc_column_inner width=&#8221;1\/3&#8243;][vc_single_image image=&#8221;2939771&#8243; img_size=&#8221;full&#8221;][\/vc_column_inner][vc_column_inner width=&#8221;1\/3&#8243;][vc_single_image image=&#8221;2939775&#8243; img_size=&#8221;full&#8221;][\/vc_column_inner][vc_column_inner width=&#8221;1\/3&#8243;][vc_single_image image=&#8221;2939779&#8243; img_size=&#8221;full&#8221;][\/vc_column_inner][\/vc_row_inner][\/vc_column][\/vc_row][mk_page_section bg_color=&#8221;#f3f3f3&#8243; section_id=&#8221;cultos&#8221; sidebar=&#8221;sidebar-1&#8243;][vc_column][mk_fancy_title size=&#8221;52&#8243; force_font_size=&#8221;true&#8221; size_tablet=&#8221;50&#8243; size_phone=&#8221;40&#8243; font_weight=&#8221;600&#8243; margin_top=&#8221;40&#8243; margin_bottom=&#8221;0&#8243; font_family=&#8221;none&#8221; align=&#8221;center&#8221;]Cultos[\/mk_fancy_title][mk_fancy_title size=&#8221;21&#8243; force_font_size=&#8221;true&#8221; size_tablet=&#8221;20&#8243; size_phone=&#8221;18&#8243; font_weight=&#8221;300&#8243; font_style=&#8221;italic&#8221; font_family=&#8221;none&#8221; align=&#8221;center&#8221;]<!--Cultos inspiradores a cada domingo 9:30, 11:11, 13:30 e 16:00 hrs.-->[\/mk_fancy_title][vc_column_text align=&#8221;center&#8221; css=&#8221;.vc_custom_1751267455115{margin-bottom: 0px !important;}&#8221;]Todo o culto ser\u00e1 transmitido ao vivo online: <a href=\"https:\/\/www.buchegg.church\/pt\/live\/\">Culto online<\/a>[\/vc_column_text][mk_padding_divider][vc_row_inner][vc_column_inner width=&#8221;1\/2&#8243;][mk_fancy_title size=&#8221;24&#8243; font_weight=&#8221;600&#8243; txt_transform=&#8221;uppercase&#8221; margin_bottom=&#8221;10&#8243; font_family=&#8221;none&#8221;]\n<p>Atual<\/p>\n[\/mk_fancy_title]<section id=\"series-front-image\" data-pagination-style=\"1\" data-max-pages=\"0\" data-loop-iterator=\"-1\" class=\"mk-gallery js-loop js-el clearfix mk-gallery-lazyload\">\n\t<article class=\"one-column mk-gallery-item hover-fadebox simple-frame hover-title-true\">\n\t\t<div class=\"item-holder\">\n\t\t\t<div class=\"image-hover-overlay\"><\/div>\n\t\t\t<div class=\"gallery-desc\">\n\t\t\t\t<div class=\"frontpage-series-title\">Por que Jesus?<\/div>\n\t\t\t\t<div class=\"frontpage-series-description\">Por que Jesus? Essa &eacute; uma pergunta feita h&aacute; s&eacute;culos. Nesta s&eacute;rie, exploramos nove verdades marcantes que revelam por que Jesus &eacute; o &uacute;nico capaz de nos redimir e quais s&atilde;o os frutos da f&eacute; nele.<\/div>\n\t\t\t\t<div class=\"frontpage-series-button\">\n\t\t\t\t\t<style id=\"frontpage-series-button\" type=\"text\/css\">#frontpage-series-button { margin-bottom:15px; margin-top:0px; margin-right:15px; } #frontpage-series-button .mk-button { display:inline-block; max-width:100%; } #frontpage-series-button .mk-button:hover .mk-svg-icon { }<\/style>\n\t\t\t\t\t \n\t\t\t\t\t\t<div id=\"frontpage-series-button\" class=\"mk-button-container _ relative block text-center \">\n\t\t\t\t\t\t\t<a  href=\"\/pt\/serie\/porquejesus\" target=\"_self\" class=\"mk-button js-smooth-scroll mk-button--dimension-flat mk-button--size-small mk-button--corner-rounded text-color-light _ relative text-center font-weight-700 no-backface  letter-spacing-1 inline\">\n\t\t\t\t\t\t\t\t<span class=\"mk-button--text\">M\u00e1is &#8230;<\/span>\n\t\t\t\t\t\t\t<\/a>\n\t\t\t\t\t\t<\/div>\n\t\t\t\t\t\t\t\t\t<\/div>\n\t\t\t<\/div>\n\t\t\t<a href=\"https:\/\/meine.church\/services\/media\/series\/images\/pt\/resized\/por_que_jesus_700.jpg\" alt=\"Por que Jesus?\" title=\"Por que Jesus?\" data-fancybox-group=\"series-front-image\" class=\"no-lightbox\"><\/a>\n\t\t\t <span class=\"gallery-inner\">\n\t\t\t\t<img decoding=\"async\" class=\"mk-gallery-image\" src=\"https:\/\/meine.church\/services\/media\/series\/images\/pt\/resized\/por_que_jesus_700.jpg\" \/>\n\t\t\t <\/span>\n\t\t<\/div>\n\t<\/article>\n\t<div class=\"clearboth\"><\/div>    \n<\/section>\n[\/vc_column_inner][vc_column_inner width=&#8221;1\/2&#8243;]<table class=\"frontpage-services\"><tbody><tr><td colspan=\"3\" class=\"frontpage-services-date\"><h3>Domingo, 3 de Maio<\/h3><\/td><\/tr><tr><td class=\"frontpage-services-starttime\" nowrap width=\"5%\">09:30<\/td><td class=\"frontpage-services-title\" width=\"80%\" height=\"5%\"><span class=\"frontpage-services-title-seriestitle\">Warum Jesus?<\/span>: <span class=\"frontpage-services-title-sermontitle\">Warum Jesus Versuchung erleben musste<\/span><br \/><span class=\"frontpage-services-person\">Emanuel Weiss<\/span><\/td><td class=\"frontpage-services-icons\" width=\"15%\" nowrap><span title=\"Deutsch\" class=\"fa-stack fa-sm\"><a href=\"\/gottesdienste\/#uebersetzung\"><i class=\"fa fa-circle-thin fa-stack-2x\"><\/i><strong class=\"fa-stack-1x\">DE<\/strong><\/a><\/span><span title=\"Transmiss\u00e3o ao vivo\" class=\"fa-stack fa-sm\"><a href=\"\/live\"><i class=\"fa fa-circle-thin fa-stack-2x\"><\/i><i class=\"fa fa-video-camera fa-stack-1x\"><\/i><\/a><\/span><span title=\"Baixar PDF\" class=\"fa-stack fa-sm\"><a href=\"https:\/\/download.meine.church\/media\/buchegg\/pdf\/20260503-0930-Warum Jesus-Warum Jesus Versuchung erleben musste.pdf\" target=\"_blank\"><i class=\"fa fa-circle-thin fa-stack-2x\"><\/i><i class=\"fa fa-file fa-stack-1x\"><\/i><\/a><\/span><span title=\"Programa das crian\u00e7as\" class=\"fa-stack fa-sm\"><a href=\"\/kids-und-teens\"><i class=\"fa fa-circle-thin fa-stack-2x\"><\/i><i class=\"fa fa-child fa-stack-1x\"><\/i><\/a><\/span><\/td><\/tr><tr><td class=\"frontpage-services-starttime\" nowrap width=\"5%\">11:11<\/td><td class=\"frontpage-services-title\" width=\"80%\" height=\"5%\"><span class=\"frontpage-services-title-seriestitle\">Warum Jesus?<\/span>: <span class=\"frontpage-services-title-sermontitle\">Warum Jesus Versuchung erleben musste<\/span><br \/><span class=\"frontpage-services-person\">Emanuel Weiss<\/span><\/td><td class=\"frontpage-services-icons\" width=\"15%\" nowrap><span title=\"Schweizerdeutsch\" class=\"fa-stack fa-sm\"><a href=\"\/gottesdienste\/#uebersetzung\"><i class=\"fa fa-circle-thin fa-stack-2x\"><\/i><strong class=\"fa-stack-1x\">CH<\/strong><\/a><\/span><span title=\"Transmiss\u00e3o ao vivo\" class=\"fa-stack fa-sm\"><a href=\"\/live\"><i class=\"fa fa-circle-thin fa-stack-2x\"><\/i><i class=\"fa fa-video-camera fa-stack-1x\"><\/i><\/a><\/span><span title=\"Baixar PDF\" class=\"fa-stack fa-sm\"><a href=\"https:\/\/download.meine.church\/media\/buchegg\/pdf\/20260503-1111-Warum Jesus-Warum Jesus Versuchung erleben musste.pdf\" target=\"_blank\"><i class=\"fa fa-circle-thin fa-stack-2x\"><\/i><i class=\"fa fa-file fa-stack-1x\"><\/i><\/a><\/span><span title=\"Programa das crian\u00e7as\" class=\"fa-stack fa-sm\"><a href=\"\/kids-und-teens\"><i class=\"fa fa-circle-thin fa-stack-2x\"><\/i><i class=\"fa fa-child fa-stack-1x\"><\/i><\/a><\/span><\/td><\/tr><tr><td class=\"frontpage-services-starttime\" nowrap width=\"5%\">13:30<\/td><td class=\"frontpage-services-title\" width=\"80%\" height=\"5%\"><span class=\"frontpage-services-title-seriestitle\">Why Jesus?<\/span>: <span class=\"frontpage-services-title-sermontitle\">Why Jesus had to face temptation<\/span><br \/><span class=\"frontpage-services-person\">Emanuel Weiss<\/span><\/td><td class=\"frontpage-services-icons\" width=\"15%\" nowrap><span title=\"Englisch\" class=\"fa-stack fa-sm\"><a href=\"\/gottesdienste\/#uebersetzung\"><i class=\"fa fa-circle-thin fa-stack-2x\"><\/i><strong class=\"fa-stack-1x\">EN<\/strong><\/a><\/span><span title=\"Deutsch\" class=\"fa-stack fa-sm\"><a href=\"\/gottesdienste\/#uebersetzung\"><i class=\"fa fa-circle-thin fa-stack-2x\"><\/i><strong class=\"fa-stack-1x\">DE<\/strong><\/a><\/span><span title=\"Transmiss\u00e3o ao vivo\" class=\"fa-stack fa-sm\"><a href=\"\/live\"><i class=\"fa fa-circle-thin fa-stack-2x\"><\/i><i class=\"fa fa-video-camera fa-stack-1x\"><\/i><\/a><\/span><span title=\"Baixar PDF\" class=\"fa-stack fa-sm\"><a href=\"https:\/\/download.meine.church\/media\/buchegg\/pdf\/20260503-1330-Warum Jesus-Why Jesus had to face temptation.pdf\" target=\"_blank\"><i class=\"fa fa-circle-thin fa-stack-2x\"><\/i><i class=\"fa fa-file fa-stack-1x\"><\/i><\/a><\/span><span title=\"Programa das crian\u00e7as\" class=\"fa-stack fa-sm\"><a href=\"\/kids-und-teens\"><i class=\"fa fa-circle-thin fa-stack-2x\"><\/i><i class=\"fa fa-child fa-stack-1x\"><\/i><\/a><\/span><\/td><\/tr><tr><td class=\"frontpage-services-starttime\" nowrap width=\"5%\">16:00<\/td><td class=\"frontpage-services-title\" width=\"80%\" height=\"5%\"><span class=\"frontpage-services-title-seriestitle\">&iquest;Por qu&eacute; Jes&uacute;s?<\/span>:<br \/> <span class=\"frontpage-services-title-sermontitle\">Por qu&eacute; Jes&uacute;s tuvo que pasar por la tentaci&oacute;n<\/span><br \/><span class=\"frontpage-services-person\">Emanuel Weiss<\/span><\/td><td class=\"frontpage-services-icons\" width=\"15%\" nowrap><span title=\"Spanisch\" class=\"fa-stack fa-sm\"><a href=\"\/gottesdienste\/#uebersetzung\"><i class=\"fa fa-circle-thin fa-stack-2x\"><\/i><strong class=\"fa-stack-1x\">ES<\/strong><\/a><\/span><span title=\"Deutsch\" class=\"fa-stack fa-sm\"><a href=\"\/gottesdienste\/#uebersetzung\"><i class=\"fa fa-circle-thin fa-stack-2x\"><\/i><strong class=\"fa-stack-1x\">DE<\/strong><\/a><\/span><span title=\"Transmiss\u00e3o ao vivo\" class=\"fa-stack fa-sm\"><a href=\"\/live\"><i class=\"fa fa-circle-thin fa-stack-2x\"><\/i><i class=\"fa fa-video-camera fa-stack-1x\"><\/i><\/a><\/span><span title=\"Programa das crian\u00e7as\" class=\"fa-stack fa-sm\"><a href=\"\/kids-und-teens\"><i class=\"fa fa-circle-thin fa-stack-2x\"><\/i><i class=\"fa fa-child fa-stack-1x\"><\/i><\/a><\/span><\/td><\/tr><\/tbody><\/table>[mk_button dimension=&#8221;flat&#8221; corner_style=&#8221;rounded&#8221; url=&#8221;\/pt\/cultos&#8221; align=&#8221;center&#8221; bg_color=&#8221;#b0212b&#8221; btn_hover_bg=&#8221;rgba(176,40,40,0.79)&#8221;]Mais &#8230;[\/mk_button][\/vc_column_inner][\/vc_row_inner][\/vc_column][\/mk_page_section][mk_page_section bg_image=&#8221;\/wp-content\/uploads\/home.jpg&#8221; bg_position=&#8221;center top&#8221; bg_repeat=&#8221;no-repeat&#8221; bg_stretch=&#8221;true&#8221; enable_3d=&#8221;true&#8221; min_height=&#8221;500&#8243; full_width=&#8221;true&#8221; js_vertical_centered=&#8221;true&#8221; padding_top=&#8221;0&#8243; sidebar=&#8221;sidebar-1&#8243;][vc_column][mk_fancy_title tag_name=&#8221;h4&#8243; color=&#8221;#ffffff&#8221; size=&#8221;65&#8243; force_font_size=&#8221;true&#8221; size_tablet=&#8221;60&#8243; size_phone=&#8221;35&#8243; font_weight=&#8221;300&#8243; txt_transform=&#8221;uppercase&#8221; letter_spacing=&#8221;1&#8243; font_family=&#8221;none&#8221; align=&#8221;center&#8221;]Voc\u00ea \u00e9 bem-vindo![\/mk_fancy_title][\/vc_column][\/mk_page_section][mk_page_section bg_color=&#8221;#f3f3f3&#8243; section_id=&#8221;atual&#8221; sidebar=&#8221;sidebar-1&#8243;][vc_column][mk_fancy_title size=&#8221;52&#8243; force_font_size=&#8221;true&#8221; size_tablet=&#8221;40&#8243; size_phone=&#8221;40&#8243; font_weight=&#8221;600&#8243; margin_top=&#8221;40&#8243; margin_bottom=&#8221;0&#8243; font_family=&#8221;none&#8221; align=&#8221;center&#8221;]Agenda[\/mk_fancy_title]<section id=\"events-front\" data-pagination-style=\"1\" data-max-pages=\"0\" data-loop-iterator=\"-1\" class=\"mk-gallery js-loop js-el clearfix mk-gallery-lazyload\">\n\n    <article class=\"two-column mk-gallery-item hover-fadebox simple-frame hover-title-true\">\n        <div class=\"item-holder\">\n            <div class=\"image-hover-overlay\"><\/div>\n            <div class=\"gallery-desc\">\n                <div class=\"frontpage-events-date\">14. bis 17. Maio<\/div>\n                <div class=\"frontpage-events-title\">Auffahrt Hauslager Kids &amp; Teens<\/div>\n                <div class=\"frontpage-events-subtitle\">f\u00fcr alle ab der 2. Klasse<\/div>\n                                    <div class=\"frontpage-events-button\">\n                        <style id=\"frontpage-events-button\" type=\"text\/css\">#frontpage-events-button { margin-bottom:15px; margin-top:0px; margin-right:15px; } #frontpage-events-button .mk-button { display:inline-block; max-width:100%; } #frontpage-events-button .mk-button:hover .mk-svg-icon { }<\/style>\n                        <div id=\"frontpage-events-button\" class=\"mk-button-container _ relative block text-center \">\n                            <a  href=\"https:\/\/www.buchegg.church\/haus-aufla\/\" target=\"_self\" class=\"mk-button js-smooth-scroll mk-button--dimension-flat mk-button--size-small mk-button--corner-rounded text-color-light _ relative text-center font-weight-700 no-backface  letter-spacing-1 inline\">\n                                <span class=\"mk-button--text\">M\u00e1is &#8230;<\/span>\n                            <\/a>\n                        <\/div>\n                    <\/div>\n                            <\/div>\n            <a href=\"https:\/\/meine.church\/services\/media\/events\/de\/resized\/20260514-buchegg-auffahrtslager_kids_und_teens_700.jpg\" alt=\"Auffahrt Hauslager Kids &amp;amp; Teens\" title=\"Auffahrt Hauslager Kids &amp;amp; Teens\" data-fancybox-group=\"events-front\" class=\"no-lightbox\"><\/a>\n             <span class=\"gallery-inner\">\n                <img decoding=\"async\" class=\"mk-gallery-image\" src=\"https:\/\/meine.church\/services\/media\/events\/de\/resized\/20260514-buchegg-auffahrtslager_kids_und_teens_700.jpg\" \/>\n             <\/span>\n        <\/div>\n    <\/article>\n\n    <article class=\"two-column mk-gallery-item hover-fadebox simple-frame hover-title-true\">\n        <div class=\"item-holder\">\n            <div class=\"image-hover-overlay\"><\/div>\n            <div class=\"gallery-desc\">\n                <div class=\"frontpage-events-date\">14. bis 17. Maio<\/div>\n                <div class=\"frontpage-events-title\">Auffahrtslager Royal Rangers 2026<\/div>\n                <div class=\"frontpage-events-subtitle\">Bist du bereit f\u00fcr Action, Fun und Abenteuer? Wir machen zusammen eine Reise in die Vergangenheit und begeben uns auf die Spuren der ersten Christen.<\/div>\n                                    <div class=\"frontpage-events-button\">\n                        <style id=\"frontpage-events-button\" type=\"text\/css\">#frontpage-events-button { margin-bottom:15px; margin-top:0px; margin-right:15px; } #frontpage-events-button .mk-button { display:inline-block; max-width:100%; } #frontpage-events-button .mk-button:hover .mk-svg-icon { }<\/style>\n                        <div id=\"frontpage-events-button\" class=\"mk-button-container _ relative block text-center \">\n                            <a  href=\"https:\/\/royalrangers.ch\/aufla-mittellandmitte\/\" target=\"_blank\" class=\"mk-button js-smooth-scroll mk-button--dimension-flat mk-button--size-small mk-button--corner-rounded text-color-light _ relative text-center font-weight-700 no-backface  letter-spacing-1 inline\">\n                                <span class=\"mk-button--text\">M\u00e1is &#8230;<\/span>\n                            <\/a>\n                        <\/div>\n                    <\/div>\n                            <\/div>\n            <a href=\"https:\/\/meine.church\/services\/media\/events\/de\/resized\/20260514-buchegg-auffahrtslager_royal_rangers_2026_700.jpg\" alt=\"Auffahrtslager Royal Rangers 2026\" title=\"Auffahrtslager Royal Rangers 2026\" data-fancybox-group=\"events-front\" class=\"no-lightbox\"><\/a>\n             <span class=\"gallery-inner\">\n                <img decoding=\"async\" class=\"mk-gallery-image\" src=\"https:\/\/meine.church\/services\/media\/events\/de\/resized\/20260514-buchegg-auffahrtslager_royal_rangers_2026_700.jpg\" \/>\n             <\/span>\n        <\/div>\n    <\/article>\n\n    <article class=\"two-column mk-gallery-item hover-fadebox simple-frame hover-title-true\">\n        <div class=\"item-holder\">\n            <div class=\"image-hover-overlay\"><\/div>\n            <div class=\"gallery-desc\">\n                <div class=\"frontpage-events-date\">30. Maio<\/div>\n                <div class=\"frontpage-events-title\">Ladies Day<\/div>\n                <div class=\"frontpage-events-subtitle\">Duas coisas que fortalecem nossa vida s\u00e3o conversas encorajadoras entre mulheres e encontros profundos com Deus. Foi exatamente para isso que criamos o Ladies Day.<\/div>\n                                    <div class=\"frontpage-events-button\">\n                        <style id=\"frontpage-events-button\" type=\"text\/css\">#frontpage-events-button { margin-bottom:15px; margin-top:0px; margin-right:15px; } #frontpage-events-button .mk-button { display:inline-block; max-width:100%; } #frontpage-events-button .mk-button:hover .mk-svg-icon { }<\/style>\n                        <div id=\"frontpage-events-button\" class=\"mk-button-container _ relative block text-center \">\n                            <a  href=\"https:\/\/www.buchegg.church\/ladiesday\/\" target=\"_self\" class=\"mk-button js-smooth-scroll mk-button--dimension-flat mk-button--size-small mk-button--corner-rounded text-color-light _ relative text-center font-weight-700 no-backface  letter-spacing-1 inline\">\n                                <span class=\"mk-button--text\">M\u00e1is &#8230;<\/span>\n                            <\/a>\n                        <\/div>\n                    <\/div>\n                            <\/div>\n            <a href=\"https:\/\/meine.church\/services\/media\/events\/de\/resized\/20260530-buchegg-ladies_day_700.jpg\" alt=\"Ladies Day\" title=\"Ladies Day\" data-fancybox-group=\"events-front\" class=\"no-lightbox\"><\/a>\n             <span class=\"gallery-inner\">\n                <img decoding=\"async\" class=\"mk-gallery-image\" src=\"https:\/\/meine.church\/services\/media\/events\/de\/resized\/20260530-buchegg-ladies_day_700.jpg\" \/>\n             <\/span>\n        <\/div>\n    <\/article>\n\n    <article class=\"two-column mk-gallery-item hover-fadebox simple-frame hover-title-true\">\n        <div class=\"item-holder\">\n            <div class=\"image-hover-overlay\"><\/div>\n            <div class=\"gallery-desc\">\n                <div class=\"frontpage-events-date\">31. Maio<\/div>\n                <div class=\"frontpage-events-title\">Curso para Novos Membros<\/div>\n                <div class=\"frontpage-events-subtitle\">Se voc\u00ea est\u00e1 interessado em se tornar um membro da nossa Igreja, este curso ir\u00e1 ajud\u00e1-lo a conhecer melhor a nossa Igreja.<\/div>\n                                    <div class=\"frontpage-events-button\">\n                        <style id=\"frontpage-events-button\" type=\"text\/css\">#frontpage-events-button { margin-bottom:15px; margin-top:0px; margin-right:15px; } #frontpage-events-button .mk-button { display:inline-block; max-width:100%; } #frontpage-events-button .mk-button:hover .mk-svg-icon { }<\/style>\n                        <div id=\"frontpage-events-button\" class=\"mk-button-container _ relative block text-center \">\n                            <a  href=\"\/pt\/curso-para-novos-membros\" target=\"_self\" class=\"mk-button js-smooth-scroll mk-button--dimension-flat mk-button--size-small mk-button--corner-rounded text-color-light _ relative text-center font-weight-700 no-backface  letter-spacing-1 inline\">\n                                <span class=\"mk-button--text\">M\u00e1is &#8230;<\/span>\n                            <\/a>\n                        <\/div>\n                    <\/div>\n                            <\/div>\n            <a href=\"https:\/\/meine.church\/services\/media\/events\/pt\/resized\/20260531-buchegg-curso_para_novos_membros_700.jpg\" alt=\"Curso para Novos Membros\" title=\"Curso para Novos Membros\" data-fancybox-group=\"events-front\" class=\"no-lightbox\"><\/a>\n             <span class=\"gallery-inner\">\n                <img decoding=\"async\" class=\"mk-gallery-image\" src=\"https:\/\/meine.church\/services\/media\/events\/pt\/resized\/20260531-buchegg-curso_para_novos_membros_700.jpg\" \/>\n             <\/span>\n        <\/div>\n    <\/article>\n    <div class=\"clearboth\"><\/div>    \n<\/section>\n[mk_button dimension=&#8221;flat&#8221; corner_style=&#8221;rounded&#8221; url=&#8221;\/pt\/agenda&#8221; align=&#8221;center&#8221; bg_color=&#8221;#b0212b&#8221; btn_hover_bg=&#8221;rgba(176,40,40,0.79)&#8221;]Mais &#8230;[\/mk_button][\/vc_column][\/mk_page_section][mk_page_section bg_image=&#8221;\/wp-content\/uploads\/home.jpg&#8221; bg_position=&#8221;center top&#8221; bg_repeat=&#8221;no-repeat&#8221; bg_stretch=&#8221;true&#8221; enable_3d=&#8221;true&#8221; full_width=&#8221;true&#8221; full_height=&#8221;true&#8221; sidebar=&#8221;sidebar-1&#8243;][vc_column][mk_padding_divider][\/vc_column][\/mk_page_section]\n<\/div>","protected":false},"excerpt":{"rendered":"<p>[vc_row][vc_column][\/vc_column][\/vc_row][vc_row fullwidth=&#8221;true&#8221; disable_element=&#8221;yes&#8221; css=&#8221;.vc_custom_1760261201776{background-color: #898989 !important;}&#8221;][vc_column][mk_padding_divider size=&#8221;100&#8243;][\/vc_column][\/vc_row][vc_row fullwidth=&#8221;true&#8221; disable_element=&#8221;yes&#8221; css=&#8221;.vc_custom_1760261214216{background-color: #b0212b !important;}&#8221;][vc_column][mk_fancy_title color=&#8221;#ffffff&#8221; size=&#8221;25&#8243; margin_top=&#8221;20&#8243; margin_bottom=&#8221;0&#8243; font_family=&#8221;none&#8221; align=&#8221;center&#8221;]F\u00e9rias de outono: nos dias 5 e 12 de outubro, nossos cultos ser\u00e3o realizados \u00e0s 10h, 13h30 e 16h00.[\/mk_fancy_title][\/vc_column][\/vc_row][mk_page_section attachment=&#8221;fixed&#8221; bg_position=&#8221;center center&#8221; bg_repeat=&#8221;no-repeat&#8221; bg_stretch=&#8221;true&#8221; speed_factor=&#8221;1&#8243; bg_video=&#8221;yes&#8221; mp4=&#8221;\/wp-content\/uploads\/webloop_buchegg.mp4&#8243; webm=&#8221;\/wp-content\/uploads\/webloop_buchegg.webm&#8221; poster_image=&#8221;\/wp-content\/uploads\/webloop_buchegg.jpg&#8221; full_width=&#8221;true&#8221; full_height=&#8221;true&#8221; skip_arrow=&#8221;true&#8221; sidebar=&#8221;sidebar-1&#8243;][vc_column][mk_padding_divider visibility=&#8221;visible-sm&#8221;][mk_fancy_title strip_tags=&#8221;true&#8221; tag_name=&#8221;h1&#8243; color=&#8221;#ffffff&#8221; size=&#8221;120&#8243; [&hellip;]<\/p>\n","protected":false},"author":1,"featured_media":0,"parent":0,"menu_order":0,"comment_status":"closed","ping_status":"open","template":"","meta":{"footnotes":""},"class_list":["post-291","page","type-page","status-publish","hentry"],"yoast_head":"<!-- This site is optimized with the Yoast SEO plugin v27.5 - https:\/\/yoast.com\/product\/yoast-seo-wordpress\/ -->\n<title>Bem-vindo a casa - buchegg.church<\/title>\n<meta name=\"robots\" content=\"index, follow, max-snippet:-1, max-image-preview:large, max-video-preview:-1\" \/>\n<link rel=\"canonical\" href=\"https:\/\/www.buchegg.church\/pt\/\" \/>\n<meta property=\"og:locale\" content=\"pt_PT\" \/>\n<meta property=\"og:type\" content=\"article\" \/>\n<meta property=\"og:title\" content=\"Bem-vindo a casa - buchegg.church\" \/>\n<meta property=\"og:description\" content=\"[vc_row][vc_column][\/vc_column][\/vc_row][vc_row fullwidth=&#8221;true&#8221; disable_element=&#8221;yes&#8221; css=&#8221;.vc_custom_1760261201776{background-color: #898989 !important;}&#8221;][vc_column][mk_padding_divider size=&#8221;100&#8243;][\/vc_column][\/vc_row][vc_row fullwidth=&#8221;true&#8221; disable_element=&#8221;yes&#8221; css=&#8221;.vc_custom_1760261214216{background-color: #b0212b !important;}&#8221;][vc_column][mk_fancy_title color=&#8221;#ffffff&#8221; size=&#8221;25&#8243; margin_top=&#8221;20&#8243; margin_bottom=&#8221;0&#8243; font_family=&#8221;none&#8221; align=&#8221;center&#8221;]F\u00e9rias de outono: nos dias 5 e 12 de outubro, nossos cultos ser\u00e3o realizados \u00e0s 10h, 13h30 e 16h00.[\/mk_fancy_title][\/vc_column][\/vc_row][mk_page_section attachment=&#8221;fixed&#8221; bg_position=&#8221;center center&#8221; bg_repeat=&#8221;no-repeat&#8221; bg_stretch=&#8221;true&#8221; speed_factor=&#8221;1&#8243; bg_video=&#8221;yes&#8221; mp4=&#8221;\/wp-content\/uploads\/webloop_buchegg.mp4&#8243; webm=&#8221;\/wp-content\/uploads\/webloop_buchegg.webm&#8221; poster_image=&#8221;\/wp-content\/uploads\/webloop_buchegg.jpg&#8221; full_width=&#8221;true&#8221; full_height=&#8221;true&#8221; skip_arrow=&#8221;true&#8221; sidebar=&#8221;sidebar-1&#8243;][vc_column][mk_padding_divider visibility=&#8221;visible-sm&#8221;][mk_fancy_title strip_tags=&#8221;true&#8221; tag_name=&#8221;h1&#8243; color=&#8221;#ffffff&#8221; size=&#8221;120&#8243; [&hellip;]\" \/>\n<meta property=\"og:url\" content=\"https:\/\/www.buchegg.church\/pt\/\" \/>\n<meta property=\"og:site_name\" content=\"buchegg.church\" \/>\n<meta property=\"article:publisher\" content=\"https:\/\/www.facebook.com\/buchegg\" \/>\n<meta property=\"article:modified_time\" content=\"2026-03-12T07:35:42+00:00\" \/>\n<meta name=\"twitter:card\" content=\"summary_large_image\" \/>\n<meta name=\"twitter:label1\" content=\"Tempo estimado de leitura\" \/>\n\t<meta name=\"twitter:data1\" content=\"3 minutos\" \/>\n<script type=\"application\/ld+json\" class=\"yoast-schema-graph\">{\"@context\":\"https:\\\/\\\/schema.org\",\"@graph\":[{\"@type\":\"WebPage\",\"@id\":\"https:\\\/\\\/www.buchegg.church\\\/pt\\\/\",\"url\":\"https:\\\/\\\/www.buchegg.church\\\/pt\\\/\",\"name\":\"Bem-vindo a casa - buchegg.church\",\"isPartOf\":{\"@id\":\"https:\\\/\\\/www.buchegg.church\\\/#website\"},\"datePublished\":\"2018-01-06T10:20:29+00:00\",\"dateModified\":\"2026-03-12T07:35:42+00:00\",\"breadcrumb\":{\"@id\":\"https:\\\/\\\/www.buchegg.church\\\/pt\\\/#breadcrumb\"},\"inLanguage\":\"pt-PT\",\"potentialAction\":[{\"@type\":\"ReadAction\",\"target\":[\"https:\\\/\\\/www.buchegg.church\\\/pt\\\/\"]}]},{\"@type\":\"BreadcrumbList\",\"@id\":\"https:\\\/\\\/www.buchegg.church\\\/pt\\\/#breadcrumb\",\"itemListElement\":[{\"@type\":\"ListItem\",\"position\":1,\"name\":\"Startseite\",\"item\":\"https:\\\/\\\/www.buchegg.church\\\/pt\\\/\"},{\"@type\":\"ListItem\",\"position\":2,\"name\":\"Bem-vindo a casa\"}]},{\"@type\":\"WebSite\",\"@id\":\"https:\\\/\\\/www.buchegg.church\\\/#website\",\"url\":\"https:\\\/\\\/www.buchegg.church\\\/\",\"name\":\"buchegg.church\",\"description\":\"\",\"publisher\":{\"@id\":\"https:\\\/\\\/www.buchegg.church\\\/#organization\"},\"potentialAction\":[{\"@type\":\"SearchAction\",\"target\":{\"@type\":\"EntryPoint\",\"urlTemplate\":\"https:\\\/\\\/www.buchegg.church\\\/?s={search_term_string}\"},\"query-input\":{\"@type\":\"PropertyValueSpecification\",\"valueRequired\":true,\"valueName\":\"search_term_string\"}}],\"inLanguage\":\"pt-PT\"},{\"@type\":\"Organization\",\"@id\":\"https:\\\/\\\/www.buchegg.church\\\/#organization\",\"name\":\"Buchegg Church\",\"url\":\"https:\\\/\\\/www.buchegg.church\\\/\",\"logo\":{\"@type\":\"ImageObject\",\"inLanguage\":\"pt-PT\",\"@id\":\"https:\\\/\\\/www.buchegg.church\\\/#\\\/schema\\\/logo\\\/image\\\/\",\"url\":\"https:\\\/\\\/www.buchegg.church\\\/wp-content\\\/uploads\\\/buchegg.png\",\"contentUrl\":\"https:\\\/\\\/www.buchegg.church\\\/wp-content\\\/uploads\\\/buchegg.png\",\"width\":751,\"height\":180,\"caption\":\"Buchegg Church\"},\"image\":{\"@id\":\"https:\\\/\\\/www.buchegg.church\\\/#\\\/schema\\\/logo\\\/image\\\/\"},\"sameAs\":[\"https:\\\/\\\/www.facebook.com\\\/buchegg\",\"https:\\\/\\\/www.instagram.com\\\/buchegg_church\",\"https:\\\/\\\/www.youtube.com\\\/czbzuerich\"]}]}<\/script>\n<!-- \/ Yoast SEO plugin. -->","yoast_head_json":{"title":"Bem-vindo a casa - buchegg.church","robots":{"index":"index","follow":"follow","max-snippet":"max-snippet:-1","max-image-preview":"max-image-preview:large","max-video-preview":"max-video-preview:-1"},"canonical":"https:\/\/www.buchegg.church\/pt\/","og_locale":"pt_PT","og_type":"article","og_title":"Bem-vindo a casa - buchegg.church","og_description":"[vc_row][vc_column][\/vc_column][\/vc_row][vc_row fullwidth=&#8221;true&#8221; disable_element=&#8221;yes&#8221; css=&#8221;.vc_custom_1760261201776{background-color: #898989 !important;}&#8221;][vc_column][mk_padding_divider size=&#8221;100&#8243;][\/vc_column][\/vc_row][vc_row fullwidth=&#8221;true&#8221; disable_element=&#8221;yes&#8221; css=&#8221;.vc_custom_1760261214216{background-color: #b0212b !important;}&#8221;][vc_column][mk_fancy_title color=&#8221;#ffffff&#8221; size=&#8221;25&#8243; margin_top=&#8221;20&#8243; margin_bottom=&#8221;0&#8243; font_family=&#8221;none&#8221; align=&#8221;center&#8221;]F\u00e9rias de outono: nos dias 5 e 12 de outubro, nossos cultos ser\u00e3o realizados \u00e0s 10h, 13h30 e 16h00.[\/mk_fancy_title][\/vc_column][\/vc_row][mk_page_section attachment=&#8221;fixed&#8221; bg_position=&#8221;center center&#8221; bg_repeat=&#8221;no-repeat&#8221; bg_stretch=&#8221;true&#8221; speed_factor=&#8221;1&#8243; bg_video=&#8221;yes&#8221; mp4=&#8221;\/wp-content\/uploads\/webloop_buchegg.mp4&#8243; webm=&#8221;\/wp-content\/uploads\/webloop_buchegg.webm&#8221; poster_image=&#8221;\/wp-content\/uploads\/webloop_buchegg.jpg&#8221; full_width=&#8221;true&#8221; full_height=&#8221;true&#8221; skip_arrow=&#8221;true&#8221; sidebar=&#8221;sidebar-1&#8243;][vc_column][mk_padding_divider visibility=&#8221;visible-sm&#8221;][mk_fancy_title strip_tags=&#8221;true&#8221; tag_name=&#8221;h1&#8243; color=&#8221;#ffffff&#8221; size=&#8221;120&#8243; [&hellip;]","og_url":"https:\/\/www.buchegg.church\/pt\/","og_site_name":"buchegg.church","article_publisher":"https:\/\/www.facebook.com\/buchegg","article_modified_time":"2026-03-12T07:35:42+00:00","twitter_card":"summary_large_image","twitter_misc":{"Tempo estimado de leitura":"3 minutos"},"schema":{"@context":"https:\/\/schema.org","@graph":[{"@type":"WebPage","@id":"https:\/\/www.buchegg.church\/pt\/","url":"https:\/\/www.buchegg.church\/pt\/","name":"Bem-vindo a casa - buchegg.church","isPartOf":{"@id":"https:\/\/www.buchegg.church\/#website"},"datePublished":"2018-01-06T10:20:29+00:00","dateModified":"2026-03-12T07:35:42+00:00","breadcrumb":{"@id":"https:\/\/www.buchegg.church\/pt\/#breadcrumb"},"inLanguage":"pt-PT","potentialAction":[{"@type":"ReadAction","target":["https:\/\/www.buchegg.church\/pt\/"]}]},{"@type":"BreadcrumbList","@id":"https:\/\/www.buchegg.church\/pt\/#breadcrumb","itemListElement":[{"@type":"ListItem","position":1,"name":"Startseite","item":"https:\/\/www.buchegg.church\/pt\/"},{"@type":"ListItem","position":2,"name":"Bem-vindo a casa"}]},{"@type":"WebSite","@id":"https:\/\/www.buchegg.church\/#website","url":"https:\/\/www.buchegg.church\/","name":"buchegg.church","description":"","publisher":{"@id":"https:\/\/www.buchegg.church\/#organization"},"potentialAction":[{"@type":"SearchAction","target":{"@type":"EntryPoint","urlTemplate":"https:\/\/www.buchegg.church\/?s={search_term_string}"},"query-input":{"@type":"PropertyValueSpecification","valueRequired":true,"valueName":"search_term_string"}}],"inLanguage":"pt-PT"},{"@type":"Organization","@id":"https:\/\/www.buchegg.church\/#organization","name":"Buchegg Church","url":"https:\/\/www.buchegg.church\/","logo":{"@type":"ImageObject","inLanguage":"pt-PT","@id":"https:\/\/www.buchegg.church\/#\/schema\/logo\/image\/","url":"https:\/\/www.buchegg.church\/wp-content\/uploads\/buchegg.png","contentUrl":"https:\/\/www.buchegg.church\/wp-content\/uploads\/buchegg.png","width":751,"height":180,"caption":"Buchegg Church"},"image":{"@id":"https:\/\/www.buchegg.church\/#\/schema\/logo\/image\/"},"sameAs":["https:\/\/www.facebook.com\/buchegg","https:\/\/www.instagram.com\/buchegg_church","https:\/\/www.youtube.com\/czbzuerich"]}]}},"_links":{"self":[{"href":"https:\/\/www.buchegg.church\/pt\/wp-json\/wp\/v2\/pages\/291","targetHints":{"allow":["GET"]}}],"collection":[{"href":"https:\/\/www.buchegg.church\/pt\/wp-json\/wp\/v2\/pages"}],"about":[{"href":"https:\/\/www.buchegg.church\/pt\/wp-json\/wp\/v2\/types\/page"}],"author":[{"embeddable":true,"href":"https:\/\/www.buchegg.church\/pt\/wp-json\/wp\/v2\/users\/1"}],"replies":[{"embeddable":true,"href":"https:\/\/www.buchegg.church\/pt\/wp-json\/wp\/v2\/comments?post=291"}],"version-history":[{"count":32,"href":"https:\/\/www.buchegg.church\/pt\/wp-json\/wp\/v2\/pages\/291\/revisions"}],"predecessor-version":[{"id":5183846,"href":"https:\/\/www.buchegg.church\/pt\/wp-json\/wp\/v2\/pages\/291\/revisions\/5183846"}],"wp:attachment":[{"href":"https:\/\/www.buchegg.church\/pt\/wp-json\/wp\/v2\/media?parent=291"}],"curies":[{"name":"wp","href":"https:\/\/api.w.org\/{rel}","templated":true}]}}