{"id":12152,"date":"2018-01-20T15:57:55","date_gmt":"2018-01-20T14:57:55","guid":{"rendered":"https:\/\/www.buchegg.church\/kindersegnung\/"},"modified":"2025-09-26T08:47:01","modified_gmt":"2025-09-26T06:47:01","slug":"apresentacao-de-criancas","status":"publish","type":"page","link":"https:\/\/www.buchegg.church\/pt\/apresentacao-de-criancas\/","title":{"rendered":"Apresenta\u00e7\u00e3o de Crian\u00e7as"},"content":{"rendered":"<div class=\"wpb-content-wrapper\">[vc_row][vc_column][\/vc_column][\/vc_row][mk_page_section bg_image=&#8221;\/wp-content\/uploads\/kindersegnung-top.jpg&#8221; bg_color=&#8221;#000000&#8243; attachment=&#8221;fixed&#8221; bg_position=&#8221;center top&#8221; bg_repeat=&#8221;no-repeat&#8221; bg_stretch=&#8221;true&#8221; min_height=&#8221;500&#8243; full_width=&#8221;true&#8221; padding_top=&#8221;0&#8243; sidebar=&#8221;sidebar-1&#8243;][vc_column][mk_fancy_title color=&#8221;#ffffff&#8221; size=&#8221;70&#8243; force_font_size=&#8221;true&#8221; size_tablet=&#8221;60&#8243; size_phone=&#8221;40&#8243; font_weight=&#8221;600&#8243; txt_transform=&#8221;uppercase&#8221; letter_spacing=&#8221;3&#8243; margin_top=&#8221;200&#8243; margin_bottom=&#8221;0&#8243; font_family=&#8221;none&#8221; align=&#8221;center&#8221;]Apresenta\u00e7\u00e3o de Crian\u00e7as[\/mk_fancy_title][mk_fancy_title color=&#8221;#ffffff&#8221; size=&#8221;35&#8243; force_font_size=&#8221;true&#8221; size_tablet=&#8221;30&#8243; size_phone=&#8221;25&#8243; font_weight=&#8221;300&#8243; font_style=&#8221;italic&#8221; font_family=&#8221;none&#8221; align=&#8221;center&#8221;]Entre n\u00f3s as crian\u00e7as s\u00e3o bem-vindas![\/mk_fancy_title][\/vc_column][\/mk_page_section][vc_row][vc_column][mk_fancy_title size=&#8221;45&#8243; force_font_size=&#8221;true&#8221; size_tablet=&#8221;35&#8243; size_phone=&#8221;35&#8243; font_weight=&#8221;600&#8243; margin_top=&#8221;40&#8243; margin_bottom=&#8221;0&#8243; font_family=&#8221;none&#8221; align=&#8221;center&#8221;]Deixai as crian\u00e7as virem a mim&#8230;[\/mk_fancy_title][vc_row_inner][vc_column_inner width=&#8221;1\/2&#8243;][mk_image src=&#8221;\/wp-content\/uploads\/lasstdiekinder.jpg&#8221; image_size=&#8221;full&#8221; margin_bottom=&#8221;40&#8243;][\/vc_column_inner][vc_column_inner width=&#8221;1\/2&#8243;][vc_column_text margin_bottom=&#8221;40&#8243; css=&#8221;.vc_custom_1519316163036{margin-bottom: 0px !important;}&#8221;]Quando o nosso culto estiver um pouco agitado e voc\u00ea escutar express\u00f5es como \u201cAi que fofinho, que gracinha!\u201d, quando todos estiverem descontra\u00eddos e felizes, ent\u00e3o estamos realizando o culto da apresenta\u00e7\u00e3o de crian\u00e7as! Jesus tomou as crian\u00e7as e as aben\u00e7oou porque elas eram importantes para Ele! Em nossa igreja as crian\u00e7as s\u00e3o bem-vindas, portanto queremos aben\u00e7o\u00e1-las.[\/vc_column_text][\/vc_column_inner][vc_column_inner][mk_button url=&#8221;#inscricao&#8221; align=&#8221;center&#8221;]Inscri\u00e7\u00e3o[\/mk_button][\/vc_column_inner][\/vc_row_inner][mk_padding_divider][\/vc_column][\/vc_row][mk_page_section bg_image=&#8221;\/wp-content\/uploads\/kindersegnung.jpg&#8221; attachment=&#8221;fixed&#8221; bg_position=&#8221;center top&#8221; bg_repeat=&#8221;no-repeat&#8221; bg_stretch=&#8221;true&#8221; min_height=&#8221;400&#8243; sidebar=&#8221;sidebar-1&#8243;][vc_column][\/vc_column][\/mk_page_section][vc_row id=&#8221;inscricao&#8221;][vc_column][mk_fancy_title size=&#8221;45&#8243; force_font_size=&#8221;true&#8221; size_tablet=&#8221;35&#8243; size_phone=&#8221;35&#8243; font_weight=&#8221;600&#8243; margin_top=&#8221;40&#8243; margin_bottom=&#8221;0&#8243; font_family=&#8221;none&#8221; align=&#8221;center&#8221;]Inscri\u00e7\u00e3o[\/mk_fancy_title]\n<div class=\"wpcf7 no-js\" id=\"wpcf7-f12488-o1\" lang=\"de-DE\" dir=\"ltr\" data-wpcf7-id=\"12488\">\n<div class=\"screen-reader-response\"><p role=\"status\" aria-live=\"polite\" aria-atomic=\"true\"><\/p> <ul><\/ul><\/div>\n<form action=\"\/pt\/wp-json\/wp\/v2\/pages\/12152#wpcf7-f12488-o1\" method=\"post\" class=\"wpcf7-form init\" aria-label=\"Kontaktformular\" enctype=\"multipart\/form-data\" novalidate=\"novalidate\" data-status=\"init\">\n<fieldset class=\"hidden-fields-container\"><input type=\"hidden\" name=\"_wpcf7\" value=\"12488\" \/><input type=\"hidden\" name=\"_wpcf7_version\" value=\"6.1.5\" \/><input type=\"hidden\" name=\"_wpcf7_locale\" value=\"de_DE\" \/><input type=\"hidden\" name=\"_wpcf7_unit_tag\" value=\"wpcf7-f12488-o1\" \/><input type=\"hidden\" name=\"_wpcf7_container_post\" value=\"0\" \/><input type=\"hidden\" name=\"_wpcf7_posted_data_hash\" value=\"\" \/><input type=\"hidden\" name=\"_wpcf7_recaptcha_response\" value=\"\" \/>\n<\/fieldset>\n<h4>Datas\n<\/h4>\n<p><label> Data da apresenta\u00e7\u00e3o e hora*<br \/>\n<span class=\"wpcf7-form-control-wrap\" data-name=\"Datum\"><select class=\"wpcf7-form-control wpcf7-select wpcf7-validates-as-required\" aria-required=\"true\" aria-invalid=\"false\" name=\"Datum\"><option value=\"\">&#8211; Bitte ausw\u00e4hlen &#8211;<\/option><option value=\"14 de junho de 2026, 09:30 hs.\">14 de junho de 2026, 09:30 hs.<\/option><option value=\"14 de junho de 2026, 11:11 hs.\">14 de junho de 2026, 11:11 hs.<\/option><option value=\"14 de junho de 2026, 13:30 hs.\">14 de junho de 2026, 13:30 hs.<\/option><option value=\"14 de junho de 2026, 16:00 hs.\">14 de junho de 2026, 16:00 hs.<\/option><option value=\"27 de setembro de 2026, 09:30 hs.\">27 de setembro de 2026, 09:30 hs.<\/option><option value=\"27 de setembro de 2026, 11:11 hs.\">27 de setembro de 2026, 11:11 hs.<\/option><option value=\"27 de setembro de 2026, 13:30 hs.\">27 de setembro de 2026, 13:30 hs.<\/option><option value=\"27 de setembro de 2026, 16:00 hs.\">27 de setembro de 2026, 16:00 hs.<\/option><\/select><\/span><\/label>\n<\/p>\n<h4>DADOS SOBRE SEU FILHO\n<\/h4>\n<p><label>Nome(s)*<br \/>\n<span class=\"wpcf7-form-control-wrap\" data-name=\"Vorname\"><input size=\"40\" maxlength=\"400\" class=\"wpcf7-form-control wpcf7-text wpcf7-validates-as-required\" aria-required=\"true\" aria-invalid=\"false\" value=\"\" type=\"text\" name=\"Vorname\" \/><\/span><\/label><br \/>\n<label>Sobrenome*<br \/>\n<span class=\"wpcf7-form-control-wrap\" data-name=\"Nachname\"><input size=\"40\" maxlength=\"400\" class=\"wpcf7-form-control wpcf7-text wpcf7-validates-as-required\" aria-required=\"true\" aria-invalid=\"false\" value=\"\" type=\"text\" name=\"Nachname\" \/><\/span><\/label><br \/>\n<label>Sexo*<\/label><br \/>\n<span class=\"wpcf7-form-control-wrap\" data-name=\"Geschlecht\"><span class=\"wpcf7-form-control wpcf7-radio\"><span class=\"wpcf7-list-item first\"><label><input type=\"radio\" name=\"Geschlecht\" value=\"masculino\" \/><span class=\"wpcf7-list-item-label\">masculino<\/span><\/label><\/span><span class=\"wpcf7-list-item last\"><label><input type=\"radio\" name=\"Geschlecht\" value=\"feminino\" \/><span class=\"wpcf7-list-item-label\">feminino<\/span><\/label><\/span><\/span><\/span><br \/>\n<label>Data de nascimento*<br \/>\n<span class=\"wpcf7-form-control-wrap\" data-name=\"Geburtsdatum\"><input size=\"40\" maxlength=\"400\" class=\"wpcf7-form-control wpcf7-text wpcf7-validates-as-required\" aria-required=\"true\" aria-invalid=\"false\" value=\"\" type=\"text\" name=\"Geburtsdatum\" \/><\/span><\/label>\n<\/p>\n<h4>DADOS SOBRE OS PAIS\n<\/h4>\n<p><label>Nome do pai ou da m\u00e3e*<br \/>\n<span class=\"wpcf7-form-control-wrap\" data-name=\"Vorname_Eltern\"><input size=\"40\" maxlength=\"400\" class=\"wpcf7-form-control wpcf7-text wpcf7-validates-as-required\" aria-required=\"true\" aria-invalid=\"false\" value=\"\" type=\"text\" name=\"Vorname_Eltern\" \/><\/span><\/label><br \/>\n<label>Sobrenome do pai ou da m\u00e3e*<br \/>\n<span class=\"wpcf7-form-control-wrap\" data-name=\"Nachname_Eltern\"><input size=\"40\" maxlength=\"400\" class=\"wpcf7-form-control wpcf7-text wpcf7-validates-as-required\" aria-required=\"true\" aria-invalid=\"false\" value=\"\" type=\"text\" name=\"Nachname_Eltern\" \/><\/span><\/label><br \/>\n<label>E-mail*<br \/>\n<span class=\"wpcf7-form-control-wrap\" data-name=\"E-Mail\"><input size=\"40\" maxlength=\"400\" class=\"wpcf7-form-control wpcf7-email wpcf7-validates-as-required wpcf7-text wpcf7-validates-as-email\" aria-required=\"true\" aria-invalid=\"false\" value=\"\" type=\"email\" name=\"E-Mail\" \/><\/span><\/label><br \/>\n<label>N\u00famero de Telef. fixo<br \/>\n<span class=\"wpcf7-form-control-wrap\" data-name=\"Festnetz\"><input size=\"40\" maxlength=\"400\" class=\"wpcf7-form-control wpcf7-text\" aria-invalid=\"false\" value=\"\" type=\"text\" name=\"Festnetz\" \/><\/span><\/label><br \/>\n<label>N\u00famero de Telef. celular*<br \/>\n<span class=\"wpcf7-form-control-wrap\" data-name=\"Mobile\"><input size=\"40\" maxlength=\"400\" class=\"wpcf7-form-control wpcf7-text wpcf7-validates-as-required\" aria-required=\"true\" aria-invalid=\"false\" value=\"\" type=\"text\" name=\"Mobile\" \/><\/span><\/label>\n<\/p>\n<h4>Carregar a foto da crian\u00e7a\n<\/h4>\n<p>(A foto ser\u00e1 projetada durante a apresenta\u00e7\u00e3o da crian\u00e7a. O tamanho do arquivo deve ser mais a 1 MB e inferior a 2 MB.)<br \/>\n<span class=\"wpcf7-form-control-wrap\" data-name=\"Foto\"><input size=\"40\" class=\"wpcf7-form-control wpcf7-file\" accept=\".gif,.png,.jpg,.jpeg,.pdf,.doc,.docx,.ppt,.pptx,.odt,.ogg\" aria-invalid=\"false\" type=\"file\" name=\"Foto\" \/><\/span>\n<\/p>\n<h4>N\u00b0 de reserva de lugares (Para pais e convidados)\n<\/h4>\n<p><span class=\"wpcf7-form-control-wrap\" data-name=\"Anzahl\"><select class=\"wpcf7-form-control wpcf7-select wpcf7-validates-as-required\" aria-required=\"true\" aria-invalid=\"false\" name=\"Anzahl\"><option value=\"1\">1<\/option><option value=\"2\">2<\/option><option value=\"3\">3<\/option><option value=\"4\">4<\/option><option value=\"5\">5<\/option><option value=\"6\">6<\/option><option value=\"7\">7<\/option><option value=\"8\">8<\/option><option value=\"9\">9<\/option><option value=\"10\">10<\/option><option value=\"11\">11<\/option><option value=\"12\">12<\/option><option value=\"13\">13<\/option><option value=\"14\">14<\/option><option value=\"15\">15<\/option><option value=\"16\">16<\/option><option value=\"17\">17<\/option><option value=\"18\">18<\/option><option value=\"19\">19<\/option><option value=\"20\">20<\/option><\/select><\/span>\n<\/p>\n<h4>OBSERVA\u00c7\u00d5ES\n<\/h4>\n<p><span class=\"wpcf7-form-control-wrap\" data-name=\"Bemerkungen\"><textarea cols=\"40\" rows=\"10\" maxlength=\"2000\" class=\"wpcf7-form-control wpcf7-textarea\" aria-invalid=\"false\" name=\"Bemerkungen\"><\/textarea><\/span><br \/>\n<label>Spam-Schutz<br \/>\n\t<\/label><br \/>\n<input class=\"wpcf7-form-control wpcf7-submit has-spinner\" type=\"submit\" value=\"Enviar\" \/>\n<\/p><div class=\"wpcf7-response-output\" aria-hidden=\"true\"><\/div>\n<\/form>\n<\/div>\n[mk_padding_divider][\/vc_column][\/vc_row][mk_page_section bg_image=&#8221;\/wp-content\/uploads\/kindersegnung.jpg&#8221; attachment=&#8221;fixed&#8221; bg_position=&#8221;center top&#8221; bg_repeat=&#8221;no-repeat&#8221; bg_stretch=&#8221;true&#8221; min_height=&#8221;400&#8243; sidebar=&#8221;sidebar-1&#8243;][vc_column][\/vc_column][\/mk_page_section]\n<\/div>","protected":false},"excerpt":{"rendered":"<p>[vc_row][vc_column][\/vc_column][\/vc_row][mk_page_section bg_image=&#8221;\/wp-content\/uploads\/kindersegnung-top.jpg&#8221; bg_color=&#8221;#000000&#8243; attachment=&#8221;fixed&#8221; bg_position=&#8221;center top&#8221; bg_repeat=&#8221;no-repeat&#8221; bg_stretch=&#8221;true&#8221; min_height=&#8221;500&#8243; full_width=&#8221;true&#8221; padding_top=&#8221;0&#8243; sidebar=&#8221;sidebar-1&#8243;][vc_column][mk_fancy_title color=&#8221;#ffffff&#8221; size=&#8221;70&#8243; force_font_size=&#8221;true&#8221; size_tablet=&#8221;60&#8243; size_phone=&#8221;40&#8243; font_weight=&#8221;600&#8243; txt_transform=&#8221;uppercase&#8221; letter_spacing=&#8221;3&#8243; margin_top=&#8221;200&#8243; margin_bottom=&#8221;0&#8243; font_family=&#8221;none&#8221; align=&#8221;center&#8221;]Apresenta\u00e7\u00e3o de Crian\u00e7as[\/mk_fancy_title][mk_fancy_title color=&#8221;#ffffff&#8221; size=&#8221;35&#8243; force_font_size=&#8221;true&#8221; size_tablet=&#8221;30&#8243; size_phone=&#8221;25&#8243; font_weight=&#8221;300&#8243; font_style=&#8221;italic&#8221; font_family=&#8221;none&#8221; align=&#8221;center&#8221;]Entre n\u00f3s as crian\u00e7as s\u00e3o bem-vindas![\/mk_fancy_title][\/vc_column][\/mk_page_section][vc_row][vc_column][mk_fancy_title size=&#8221;45&#8243; force_font_size=&#8221;true&#8221; size_tablet=&#8221;35&#8243; size_phone=&#8221;35&#8243; font_weight=&#8221;600&#8243; margin_top=&#8221;40&#8243; margin_bottom=&#8221;0&#8243; font_family=&#8221;none&#8221; align=&#8221;center&#8221;]Deixai as crian\u00e7as virem a mim&#8230;[\/mk_fancy_title][vc_row_inner][vc_column_inner width=&#8221;1\/2&#8243;][mk_image [&hellip;]<\/p>\n","protected":false},"author":1,"featured_media":0,"parent":0,"menu_order":0,"comment_status":"closed","ping_status":"closed","template":"","meta":{"footnotes":""},"class_list":["post-12152","page","type-page","status-publish","hentry"],"yoast_head":"<!-- This site is optimized with the Yoast SEO plugin v27.5 - https:\/\/yoast.com\/product\/yoast-seo-wordpress\/ -->\n<title>Apresenta\u00e7\u00e3o de Crian\u00e7as - buchegg.church<\/title>\n<meta name=\"robots\" content=\"index, follow, max-snippet:-1, max-image-preview:large, max-video-preview:-1\" \/>\n<link rel=\"canonical\" href=\"https:\/\/www.buchegg.church\/pt\/apresentacao-de-criancas\/\" \/>\n<meta property=\"og:locale\" content=\"pt_PT\" \/>\n<meta property=\"og:type\" content=\"article\" \/>\n<meta property=\"og:title\" content=\"Apresenta\u00e7\u00e3o de Crian\u00e7as - buchegg.church\" \/>\n<meta property=\"og:description\" content=\"[vc_row][vc_column][\/vc_column][\/vc_row][mk_page_section bg_image=&#8221;\/wp-content\/uploads\/kindersegnung-top.jpg&#8221; bg_color=&#8221;#000000&#8243; attachment=&#8221;fixed&#8221; bg_position=&#8221;center top&#8221; bg_repeat=&#8221;no-repeat&#8221; bg_stretch=&#8221;true&#8221; min_height=&#8221;500&#8243; full_width=&#8221;true&#8221; padding_top=&#8221;0&#8243; sidebar=&#8221;sidebar-1&#8243;][vc_column][mk_fancy_title color=&#8221;#ffffff&#8221; size=&#8221;70&#8243; force_font_size=&#8221;true&#8221; size_tablet=&#8221;60&#8243; size_phone=&#8221;40&#8243; font_weight=&#8221;600&#8243; txt_transform=&#8221;uppercase&#8221; letter_spacing=&#8221;3&#8243; margin_top=&#8221;200&#8243; margin_bottom=&#8221;0&#8243; font_family=&#8221;none&#8221; align=&#8221;center&#8221;]Apresenta\u00e7\u00e3o de Crian\u00e7as[\/mk_fancy_title][mk_fancy_title color=&#8221;#ffffff&#8221; size=&#8221;35&#8243; force_font_size=&#8221;true&#8221; size_tablet=&#8221;30&#8243; size_phone=&#8221;25&#8243; font_weight=&#8221;300&#8243; font_style=&#8221;italic&#8221; font_family=&#8221;none&#8221; align=&#8221;center&#8221;]Entre n\u00f3s as crian\u00e7as s\u00e3o bem-vindas![\/mk_fancy_title][\/vc_column][\/mk_page_section][vc_row][vc_column][mk_fancy_title size=&#8221;45&#8243; force_font_size=&#8221;true&#8221; size_tablet=&#8221;35&#8243; size_phone=&#8221;35&#8243; font_weight=&#8221;600&#8243; margin_top=&#8221;40&#8243; margin_bottom=&#8221;0&#8243; font_family=&#8221;none&#8221; align=&#8221;center&#8221;]Deixai as crian\u00e7as virem a mim&#8230;[\/mk_fancy_title][vc_row_inner][vc_column_inner width=&#8221;1\/2&#8243;][mk_image [&hellip;]\" \/>\n<meta property=\"og:url\" content=\"https:\/\/www.buchegg.church\/pt\/apresentacao-de-criancas\/\" \/>\n<meta property=\"og:site_name\" content=\"buchegg.church\" \/>\n<meta property=\"article:publisher\" content=\"https:\/\/www.facebook.com\/buchegg\" \/>\n<meta property=\"article:modified_time\" content=\"2025-09-26T06:47:01+00:00\" \/>\n<meta name=\"twitter:card\" content=\"summary_large_image\" \/>\n<meta name=\"twitter:label1\" content=\"Tempo estimado de leitura\" \/>\n\t<meta name=\"twitter:data1\" content=\"1 minuto\" \/>\n<script type=\"application\/ld+json\" class=\"yoast-schema-graph\">{\"@context\":\"https:\\\/\\\/schema.org\",\"@graph\":[{\"@type\":\"WebPage\",\"@id\":\"https:\\\/\\\/www.buchegg.church\\\/pt\\\/apresentacao-de-criancas\\\/\",\"url\":\"https:\\\/\\\/www.buchegg.church\\\/pt\\\/apresentacao-de-criancas\\\/\",\"name\":\"Apresenta\u00e7\u00e3o de Crian\u00e7as - buchegg.church\",\"isPartOf\":{\"@id\":\"https:\\\/\\\/www.buchegg.church\\\/#website\"},\"datePublished\":\"2018-01-20T14:57:55+00:00\",\"dateModified\":\"2025-09-26T06:47:01+00:00\",\"breadcrumb\":{\"@id\":\"https:\\\/\\\/www.buchegg.church\\\/pt\\\/apresentacao-de-criancas\\\/#breadcrumb\"},\"inLanguage\":\"pt-PT\",\"potentialAction\":[{\"@type\":\"ReadAction\",\"target\":[\"https:\\\/\\\/www.buchegg.church\\\/pt\\\/apresentacao-de-criancas\\\/\"]}]},{\"@type\":\"BreadcrumbList\",\"@id\":\"https:\\\/\\\/www.buchegg.church\\\/pt\\\/apresentacao-de-criancas\\\/#breadcrumb\",\"itemListElement\":[{\"@type\":\"ListItem\",\"position\":1,\"name\":\"Startseite\",\"item\":\"https:\\\/\\\/www.buchegg.church\\\/pt\\\/\"},{\"@type\":\"ListItem\",\"position\":2,\"name\":\"Apresenta\u00e7\u00e3o de Crian\u00e7as\"}]},{\"@type\":\"WebSite\",\"@id\":\"https:\\\/\\\/www.buchegg.church\\\/#website\",\"url\":\"https:\\\/\\\/www.buchegg.church\\\/\",\"name\":\"buchegg.church\",\"description\":\"\",\"publisher\":{\"@id\":\"https:\\\/\\\/www.buchegg.church\\\/#organization\"},\"potentialAction\":[{\"@type\":\"SearchAction\",\"target\":{\"@type\":\"EntryPoint\",\"urlTemplate\":\"https:\\\/\\\/www.buchegg.church\\\/?s={search_term_string}\"},\"query-input\":{\"@type\":\"PropertyValueSpecification\",\"valueRequired\":true,\"valueName\":\"search_term_string\"}}],\"inLanguage\":\"pt-PT\"},{\"@type\":\"Organization\",\"@id\":\"https:\\\/\\\/www.buchegg.church\\\/#organization\",\"name\":\"Buchegg Church\",\"url\":\"https:\\\/\\\/www.buchegg.church\\\/\",\"logo\":{\"@type\":\"ImageObject\",\"inLanguage\":\"pt-PT\",\"@id\":\"https:\\\/\\\/www.buchegg.church\\\/#\\\/schema\\\/logo\\\/image\\\/\",\"url\":\"https:\\\/\\\/www.buchegg.church\\\/wp-content\\\/uploads\\\/buchegg.png\",\"contentUrl\":\"https:\\\/\\\/www.buchegg.church\\\/wp-content\\\/uploads\\\/buchegg.png\",\"width\":751,\"height\":180,\"caption\":\"Buchegg Church\"},\"image\":{\"@id\":\"https:\\\/\\\/www.buchegg.church\\\/#\\\/schema\\\/logo\\\/image\\\/\"},\"sameAs\":[\"https:\\\/\\\/www.facebook.com\\\/buchegg\",\"https:\\\/\\\/www.instagram.com\\\/buchegg_church\",\"https:\\\/\\\/www.youtube.com\\\/czbzuerich\"]}]}<\/script>\n<!-- \/ Yoast SEO plugin. -->","yoast_head_json":{"title":"Apresenta\u00e7\u00e3o de Crian\u00e7as - buchegg.church","robots":{"index":"index","follow":"follow","max-snippet":"max-snippet:-1","max-image-preview":"max-image-preview:large","max-video-preview":"max-video-preview:-1"},"canonical":"https:\/\/www.buchegg.church\/pt\/apresentacao-de-criancas\/","og_locale":"pt_PT","og_type":"article","og_title":"Apresenta\u00e7\u00e3o de Crian\u00e7as - buchegg.church","og_description":"[vc_row][vc_column][\/vc_column][\/vc_row][mk_page_section bg_image=&#8221;\/wp-content\/uploads\/kindersegnung-top.jpg&#8221; bg_color=&#8221;#000000&#8243; attachment=&#8221;fixed&#8221; bg_position=&#8221;center top&#8221; bg_repeat=&#8221;no-repeat&#8221; bg_stretch=&#8221;true&#8221; min_height=&#8221;500&#8243; full_width=&#8221;true&#8221; padding_top=&#8221;0&#8243; sidebar=&#8221;sidebar-1&#8243;][vc_column][mk_fancy_title color=&#8221;#ffffff&#8221; size=&#8221;70&#8243; force_font_size=&#8221;true&#8221; size_tablet=&#8221;60&#8243; size_phone=&#8221;40&#8243; font_weight=&#8221;600&#8243; txt_transform=&#8221;uppercase&#8221; letter_spacing=&#8221;3&#8243; margin_top=&#8221;200&#8243; margin_bottom=&#8221;0&#8243; font_family=&#8221;none&#8221; align=&#8221;center&#8221;]Apresenta\u00e7\u00e3o de Crian\u00e7as[\/mk_fancy_title][mk_fancy_title color=&#8221;#ffffff&#8221; size=&#8221;35&#8243; force_font_size=&#8221;true&#8221; size_tablet=&#8221;30&#8243; size_phone=&#8221;25&#8243; font_weight=&#8221;300&#8243; font_style=&#8221;italic&#8221; font_family=&#8221;none&#8221; align=&#8221;center&#8221;]Entre n\u00f3s as crian\u00e7as s\u00e3o bem-vindas![\/mk_fancy_title][\/vc_column][\/mk_page_section][vc_row][vc_column][mk_fancy_title size=&#8221;45&#8243; force_font_size=&#8221;true&#8221; size_tablet=&#8221;35&#8243; size_phone=&#8221;35&#8243; font_weight=&#8221;600&#8243; margin_top=&#8221;40&#8243; margin_bottom=&#8221;0&#8243; font_family=&#8221;none&#8221; align=&#8221;center&#8221;]Deixai as crian\u00e7as virem a mim&#8230;[\/mk_fancy_title][vc_row_inner][vc_column_inner width=&#8221;1\/2&#8243;][mk_image [&hellip;]","og_url":"https:\/\/www.buchegg.church\/pt\/apresentacao-de-criancas\/","og_site_name":"buchegg.church","article_publisher":"https:\/\/www.facebook.com\/buchegg","article_modified_time":"2025-09-26T06:47:01+00:00","twitter_card":"summary_large_image","twitter_misc":{"Tempo estimado de leitura":"1 minuto"},"schema":{"@context":"https:\/\/schema.org","@graph":[{"@type":"WebPage","@id":"https:\/\/www.buchegg.church\/pt\/apresentacao-de-criancas\/","url":"https:\/\/www.buchegg.church\/pt\/apresentacao-de-criancas\/","name":"Apresenta\u00e7\u00e3o de Crian\u00e7as - buchegg.church","isPartOf":{"@id":"https:\/\/www.buchegg.church\/#website"},"datePublished":"2018-01-20T14:57:55+00:00","dateModified":"2025-09-26T06:47:01+00:00","breadcrumb":{"@id":"https:\/\/www.buchegg.church\/pt\/apresentacao-de-criancas\/#breadcrumb"},"inLanguage":"pt-PT","potentialAction":[{"@type":"ReadAction","target":["https:\/\/www.buchegg.church\/pt\/apresentacao-de-criancas\/"]}]},{"@type":"BreadcrumbList","@id":"https:\/\/www.buchegg.church\/pt\/apresentacao-de-criancas\/#breadcrumb","itemListElement":[{"@type":"ListItem","position":1,"name":"Startseite","item":"https:\/\/www.buchegg.church\/pt\/"},{"@type":"ListItem","position":2,"name":"Apresenta\u00e7\u00e3o de Crian\u00e7as"}]},{"@type":"WebSite","@id":"https:\/\/www.buchegg.church\/#website","url":"https:\/\/www.buchegg.church\/","name":"buchegg.church","description":"","publisher":{"@id":"https:\/\/www.buchegg.church\/#organization"},"potentialAction":[{"@type":"SearchAction","target":{"@type":"EntryPoint","urlTemplate":"https:\/\/www.buchegg.church\/?s={search_term_string}"},"query-input":{"@type":"PropertyValueSpecification","valueRequired":true,"valueName":"search_term_string"}}],"inLanguage":"pt-PT"},{"@type":"Organization","@id":"https:\/\/www.buchegg.church\/#organization","name":"Buchegg Church","url":"https:\/\/www.buchegg.church\/","logo":{"@type":"ImageObject","inLanguage":"pt-PT","@id":"https:\/\/www.buchegg.church\/#\/schema\/logo\/image\/","url":"https:\/\/www.buchegg.church\/wp-content\/uploads\/buchegg.png","contentUrl":"https:\/\/www.buchegg.church\/wp-content\/uploads\/buchegg.png","width":751,"height":180,"caption":"Buchegg Church"},"image":{"@id":"https:\/\/www.buchegg.church\/#\/schema\/logo\/image\/"},"sameAs":["https:\/\/www.facebook.com\/buchegg","https:\/\/www.instagram.com\/buchegg_church","https:\/\/www.youtube.com\/czbzuerich"]}]}},"_links":{"self":[{"href":"https:\/\/www.buchegg.church\/pt\/wp-json\/wp\/v2\/pages\/12152","targetHints":{"allow":["GET"]}}],"collection":[{"href":"https:\/\/www.buchegg.church\/pt\/wp-json\/wp\/v2\/pages"}],"about":[{"href":"https:\/\/www.buchegg.church\/pt\/wp-json\/wp\/v2\/types\/page"}],"author":[{"embeddable":true,"href":"https:\/\/www.buchegg.church\/pt\/wp-json\/wp\/v2\/users\/1"}],"replies":[{"embeddable":true,"href":"https:\/\/www.buchegg.church\/pt\/wp-json\/wp\/v2\/comments?post=12152"}],"version-history":[{"count":2,"href":"https:\/\/www.buchegg.church\/pt\/wp-json\/wp\/v2\/pages\/12152\/revisions"}],"predecessor-version":[{"id":5131964,"href":"https:\/\/www.buchegg.church\/pt\/wp-json\/wp\/v2\/pages\/12152\/revisions\/5131964"}],"wp:attachment":[{"href":"https:\/\/www.buchegg.church\/pt\/wp-json\/wp\/v2\/media?parent=12152"}],"curies":[{"name":"wp","href":"https:\/\/api.w.org\/{rel}","templated":true}]}}