{"id":12119,"date":"2018-01-21T21:19:49","date_gmt":"2018-01-21T20:19:49","guid":{"rendered":"https:\/\/www.buchegg.church\/mission-und-soziales\/"},"modified":"2024-01-29T11:48:19","modified_gmt":"2024-01-29T10:48:19","slug":"missao-e-ajuda-social","status":"publish","type":"page","link":"https:\/\/www.buchegg.church\/pt\/missao-e-ajuda-social\/","title":{"rendered":"Miss\u00e3o e Ajuda Social"},"content":{"rendered":"<div class=\"wpb-content-wrapper\">[vc_row][vc_column][\/vc_column][\/vc_row][mk_page_section bg_image=&#8221;\/wp-content\/uploads\/mission.jpg&#8221; bg_color=&#8221;#000000&#8243; attachment=&#8221;fixed&#8221; bg_position=&#8221;center top&#8221; bg_repeat=&#8221;no-repeat&#8221; bg_stretch=&#8221;true&#8221; min_height=&#8221;500&#8243; full_width=&#8221;true&#8221; padding_top=&#8221;0&#8243; sidebar=&#8221;sidebar-1&#8243;][vc_column][mk_fancy_title color=&#8221;#ffffff&#8221; size=&#8221;70&#8243; force_font_size=&#8221;true&#8221; size_tablet=&#8221;60&#8243; size_phone=&#8221;40&#8243; font_weight=&#8221;600&#8243; txt_transform=&#8221;uppercase&#8221; letter_spacing=&#8221;3&#8243; margin_top=&#8221;200&#8243; margin_bottom=&#8221;0&#8243; font_family=&#8221;none&#8221; align=&#8221;center&#8221;]Miss\u00e3o e Ajuda Social[\/mk_fancy_title][mk_fancy_title color=&#8221;#ffffff&#8221; size=&#8221;35&#8243; force_font_size=&#8221;true&#8221; size_tablet=&#8221;30&#8243; size_phone=&#8221;25&#8243; font_weight=&#8221;300&#8243; font_style=&#8221;italic&#8221; font_family=&#8221;none&#8221; align=&#8221;center&#8221;]Queremos fazer a diferen\u00e7a no mundo.[\/mk_fancy_title][\/vc_column][\/mk_page_section][vc_row fullwidth=&#8221;true&#8221;][vc_column][vc_wp_custommenu nav_menu=&#8221;48&#8243; el_id=&#8221;horizontal-menu&#8221;][\/vc_column][\/vc_row][vc_row id=&#8221;missao&#8221;][vc_column][mk_fancy_title size=&#8221;45&#8243; force_font_size=&#8221;true&#8221; size_tablet=&#8221;35&#8243; size_phone=&#8221;35&#8243; font_weight=&#8221;600&#8243; margin_top=&#8221;40&#8243; margin_bottom=&#8221;0&#8243; font_family=&#8221;none&#8221; align=&#8221;center&#8221;]Miss\u00e3o[\/mk_fancy_title][vc_row_inner][vc_column_inner width=&#8221;1\/2&#8243;][mk_image src=&#8221;\/wp-content\/uploads\/mission2.jpg&#8221; image_size=&#8221;full&#8221;][\/vc_column_inner][vc_column_inner width=&#8221;1\/2&#8243;][vc_column_text css=&#8221;.vc_custom_1706525295102{margin-bottom: 0px !important;}&#8221;]N\u00f3s apoiamos a funda\u00e7\u00e3o de novas igrejas em todo o mundo e fornecemos ajuda humanit\u00e1ria.<\/p>\n<p>Nosso trabalho internacional consiste nas seguintes quatro \u00e1reas de trabalho:<\/p>\n<p><strong>Constru\u00e7\u00e3o de Igrejas<\/strong><br \/>\nIncentivar as comunidades atrav\u00e9s do apoio financeiro e espiritual a fundadores de igrejas, projetos de infraestrutura comunit\u00e1ria, evangelistas e confer\u00eancias pastorais.<\/p>\n<p><strong>Projetos sociais<\/strong><br \/>\nAl\u00edvio de necessidade atrav\u00e9s do apoio a longo prazo a institui\u00e7\u00f5es como por ex.: lares para crian\u00e7as, orfanatos, creches e distribui\u00e7\u00e3o de alimentos.<\/p>\n<p><strong>Ajuda humanit\u00e1ria<\/strong><br \/>\nSuporte em dificuldades e emerg\u00eancias como por ex.: desastres naturais, lugares de extrema fome e a\u00e7\u00f5es para aliviar necessidades materiais.<\/p>\n<p><strong>Miss\u00e3o e Projetos SPM<\/strong><br \/>\nAjuda no financiamento de projetos em campo de Miss\u00f5es da SPM que incluem constru\u00e7\u00e3o de igrejas, treinamento de pastores e funcion\u00e1rios como assist\u00eancia m\u00e9dica e social.[\/vc_column_text][\/vc_column_inner][\/vc_row_inner][mk_padding_divider][\/vc_column][\/vc_row][mk_page_section bg_image=&#8221;\/wp-content\/uploads\/mission.jpg&#8221; attachment=&#8221;fixed&#8221; bg_position=&#8221;center top&#8221; bg_repeat=&#8221;no-repeat&#8221; bg_stretch=&#8221;true&#8221; min_height=&#8221;400&#8243; sidebar=&#8221;sidebar-1&#8243;][vc_column][\/vc_column][\/mk_page_section][vc_row id=&#8221;ajuda-social&#8221;][vc_column][mk_fancy_title size=&#8221;45&#8243; force_font_size=&#8221;true&#8221; size_tablet=&#8221;35&#8243; size_phone=&#8221;35&#8243; font_weight=&#8221;600&#8243; margin_top=&#8221;40&#8243; margin_bottom=&#8221;0&#8243; font_family=&#8221;none&#8221; align=&#8221;center&#8221;]Ajuda social[\/mk_fancy_title][vc_row_inner][vc_column_inner width=&#8221;1\/2&#8243;][mk_image src=&#8221;\/wp-content\/uploads\/bsw-taschen.jpg&#8221; image_size=&#8221;full&#8221;][\/vc_column_inner][vc_column_inner width=&#8221;1\/2&#8243;][vc_column_text css=&#8221;.vc_custom_1699287539137{margin-bottom: 0px !important;}&#8221;]Ajudamos as pessoas necessitadas. Fazemos isso oferecendo as seguintes op\u00e7\u00f5es:<\/p>\n<p><strong>Buchegg Social Works<\/strong><br \/>\nTodas as ter\u00e7as e sextas-feiras oferecemos alimentos gratuitos para pessoas necessitadas. A ajuda na busca de emprego e os cursos de l\u00edngua alem\u00e3 completam esta <a href=\"\/pt\/social-works\">oferta<\/a>.<\/p>\n<p><strong>Aconselhamento jur\u00eddico<\/strong><br \/>\nOferecemos assessoria jur\u00eddica gratuita. Uma consulta pode ser feita atrav\u00e9s desse <a href=\"\/pt\/contato\">formul\u00e1rio<\/a>.<\/p>\n<p><strong>Consultoria financeira<\/strong><br \/>\nPara pessoas com dificuldades financeiras, oferecemos consultoria e conselhos financeiros gratuitos. Mais informa\u00e7\u00f5es est\u00e3o dispon\u00edveis atrav\u00e9s desse <a href=\"\/pt\/contato\">formul\u00e1rio<\/a>.<\/p>\n<p><strong>Servi\u00e7o de Visita<\/strong><br \/>\nNosso ministerio de Visita\u00e7\u00e3o visita pessoas que n\u00e3o podem mais visitar os cultos por causa idade ou doen\u00e7a. Se voc\u00ea quiser ser visitado, entre em contato conosco atrav\u00e9s desse <a href=\"\/pt\/contato\">formul\u00e1rio<\/a>.<\/p>\n<p><strong>Mais<\/strong><br \/>\nAl\u00e9m dessas ofertas oferecemos v\u00e1rios outros aux\u00edlios. Se voc\u00ea tiver d\u00favidas use este <a href=\"\/pt\/contato\">formul\u00e1rio<\/a>\u00a0e entre em contato conosco, faremos o poss\u00edvel para ajud\u00e1-lo.[\/vc_column_text][\/vc_column_inner][\/vc_row_inner][mk_padding_divider][\/vc_column][\/vc_row][mk_page_section bg_image=&#8221;\/wp-content\/uploads\/mission.jpg&#8221; attachment=&#8221;fixed&#8221; bg_position=&#8221;center top&#8221; bg_repeat=&#8221;no-repeat&#8221; bg_stretch=&#8221;true&#8221; min_height=&#8221;400&#8243; sidebar=&#8221;sidebar-1&#8243;][vc_column][\/vc_column][\/mk_page_section]\n<\/div>","protected":false},"excerpt":{"rendered":"<p>[vc_row][vc_column][\/vc_column][\/vc_row][mk_page_section bg_image=&#8221;\/wp-content\/uploads\/mission.jpg&#8221; bg_color=&#8221;#000000&#8243; attachment=&#8221;fixed&#8221; bg_position=&#8221;center top&#8221; bg_repeat=&#8221;no-repeat&#8221; bg_stretch=&#8221;true&#8221; min_height=&#8221;500&#8243; full_width=&#8221;true&#8221; padding_top=&#8221;0&#8243; sidebar=&#8221;sidebar-1&#8243;][vc_column][mk_fancy_title color=&#8221;#ffffff&#8221; size=&#8221;70&#8243; force_font_size=&#8221;true&#8221; size_tablet=&#8221;60&#8243; size_phone=&#8221;40&#8243; font_weight=&#8221;600&#8243; txt_transform=&#8221;uppercase&#8221; letter_spacing=&#8221;3&#8243; margin_top=&#8221;200&#8243; margin_bottom=&#8221;0&#8243; font_family=&#8221;none&#8221; align=&#8221;center&#8221;]Miss\u00e3o e Ajuda Social[\/mk_fancy_title][mk_fancy_title color=&#8221;#ffffff&#8221; size=&#8221;35&#8243; force_font_size=&#8221;true&#8221; size_tablet=&#8221;30&#8243; size_phone=&#8221;25&#8243; font_weight=&#8221;300&#8243; font_style=&#8221;italic&#8221; font_family=&#8221;none&#8221; align=&#8221;center&#8221;]Queremos fazer a diferen\u00e7a no mundo.[\/mk_fancy_title][\/vc_column][\/mk_page_section][vc_row fullwidth=&#8221;true&#8221;][vc_column][vc_wp_custommenu nav_menu=&#8221;48&#8243; el_id=&#8221;horizontal-menu&#8221;][\/vc_column][\/vc_row][vc_row id=&#8221;missao&#8221;][vc_column][mk_fancy_title size=&#8221;45&#8243; force_font_size=&#8221;true&#8221; size_tablet=&#8221;35&#8243; size_phone=&#8221;35&#8243; font_weight=&#8221;600&#8243; margin_top=&#8221;40&#8243; margin_bottom=&#8221;0&#8243; font_family=&#8221;none&#8221; align=&#8221;center&#8221;]Miss\u00e3o[\/mk_fancy_title][vc_row_inner][vc_column_inner width=&#8221;1\/2&#8243;][mk_image [&hellip;]<\/p>\n","protected":false},"author":1,"featured_media":0,"parent":0,"menu_order":0,"comment_status":"closed","ping_status":"closed","template":"","meta":{"footnotes":""},"class_list":["post-12119","page","type-page","status-publish","hentry"],"yoast_head":"<!-- This site is optimized with the Yoast SEO plugin v27.5 - https:\/\/yoast.com\/product\/yoast-seo-wordpress\/ -->\n<title>Miss\u00e3o e Ajuda Social - buchegg.church<\/title>\n<meta name=\"robots\" content=\"index, follow, max-snippet:-1, max-image-preview:large, max-video-preview:-1\" \/>\n<link rel=\"canonical\" href=\"https:\/\/www.buchegg.church\/pt\/missao-e-ajuda-social\/\" \/>\n<meta property=\"og:locale\" content=\"pt_PT\" \/>\n<meta property=\"og:type\" content=\"article\" \/>\n<meta property=\"og:title\" content=\"Miss\u00e3o e Ajuda Social - buchegg.church\" \/>\n<meta property=\"og:description\" content=\"[vc_row][vc_column][\/vc_column][\/vc_row][mk_page_section bg_image=&#8221;\/wp-content\/uploads\/mission.jpg&#8221; bg_color=&#8221;#000000&#8243; attachment=&#8221;fixed&#8221; bg_position=&#8221;center top&#8221; bg_repeat=&#8221;no-repeat&#8221; bg_stretch=&#8221;true&#8221; min_height=&#8221;500&#8243; full_width=&#8221;true&#8221; padding_top=&#8221;0&#8243; sidebar=&#8221;sidebar-1&#8243;][vc_column][mk_fancy_title color=&#8221;#ffffff&#8221; size=&#8221;70&#8243; force_font_size=&#8221;true&#8221; size_tablet=&#8221;60&#8243; size_phone=&#8221;40&#8243; font_weight=&#8221;600&#8243; txt_transform=&#8221;uppercase&#8221; letter_spacing=&#8221;3&#8243; margin_top=&#8221;200&#8243; margin_bottom=&#8221;0&#8243; font_family=&#8221;none&#8221; align=&#8221;center&#8221;]Miss\u00e3o e Ajuda Social[\/mk_fancy_title][mk_fancy_title color=&#8221;#ffffff&#8221; size=&#8221;35&#8243; force_font_size=&#8221;true&#8221; size_tablet=&#8221;30&#8243; size_phone=&#8221;25&#8243; font_weight=&#8221;300&#8243; font_style=&#8221;italic&#8221; font_family=&#8221;none&#8221; align=&#8221;center&#8221;]Queremos fazer a diferen\u00e7a no mundo.[\/mk_fancy_title][\/vc_column][\/mk_page_section][vc_row fullwidth=&#8221;true&#8221;][vc_column][vc_wp_custommenu nav_menu=&#8221;48&#8243; el_id=&#8221;horizontal-menu&#8221;][\/vc_column][\/vc_row][vc_row id=&#8221;missao&#8221;][vc_column][mk_fancy_title size=&#8221;45&#8243; force_font_size=&#8221;true&#8221; size_tablet=&#8221;35&#8243; size_phone=&#8221;35&#8243; font_weight=&#8221;600&#8243; margin_top=&#8221;40&#8243; margin_bottom=&#8221;0&#8243; font_family=&#8221;none&#8221; align=&#8221;center&#8221;]Miss\u00e3o[\/mk_fancy_title][vc_row_inner][vc_column_inner width=&#8221;1\/2&#8243;][mk_image [&hellip;]\" \/>\n<meta property=\"og:url\" content=\"https:\/\/www.buchegg.church\/pt\/missao-e-ajuda-social\/\" \/>\n<meta property=\"og:site_name\" content=\"buchegg.church\" \/>\n<meta property=\"article:publisher\" content=\"https:\/\/www.facebook.com\/buchegg\" \/>\n<meta property=\"article:modified_time\" content=\"2024-01-29T10:48:19+00:00\" \/>\n<meta name=\"twitter:card\" content=\"summary_large_image\" \/>\n<meta name=\"twitter:label1\" content=\"Tempo estimado de leitura\" \/>\n\t<meta name=\"twitter:data1\" content=\"2 minutos\" \/>\n<script type=\"application\/ld+json\" class=\"yoast-schema-graph\">{\"@context\":\"https:\\\/\\\/schema.org\",\"@graph\":[{\"@type\":\"WebPage\",\"@id\":\"https:\\\/\\\/www.buchegg.church\\\/pt\\\/missao-e-ajuda-social\\\/\",\"url\":\"https:\\\/\\\/www.buchegg.church\\\/pt\\\/missao-e-ajuda-social\\\/\",\"name\":\"Miss\u00e3o e Ajuda Social - buchegg.church\",\"isPartOf\":{\"@id\":\"https:\\\/\\\/www.buchegg.church\\\/#website\"},\"datePublished\":\"2018-01-21T20:19:49+00:00\",\"dateModified\":\"2024-01-29T10:48:19+00:00\",\"breadcrumb\":{\"@id\":\"https:\\\/\\\/www.buchegg.church\\\/pt\\\/missao-e-ajuda-social\\\/#breadcrumb\"},\"inLanguage\":\"pt-PT\",\"potentialAction\":[{\"@type\":\"ReadAction\",\"target\":[\"https:\\\/\\\/www.buchegg.church\\\/pt\\\/missao-e-ajuda-social\\\/\"]}]},{\"@type\":\"BreadcrumbList\",\"@id\":\"https:\\\/\\\/www.buchegg.church\\\/pt\\\/missao-e-ajuda-social\\\/#breadcrumb\",\"itemListElement\":[{\"@type\":\"ListItem\",\"position\":1,\"name\":\"Startseite\",\"item\":\"https:\\\/\\\/www.buchegg.church\\\/pt\\\/\"},{\"@type\":\"ListItem\",\"position\":2,\"name\":\"Miss\u00e3o e Ajuda Social\"}]},{\"@type\":\"WebSite\",\"@id\":\"https:\\\/\\\/www.buchegg.church\\\/#website\",\"url\":\"https:\\\/\\\/www.buchegg.church\\\/\",\"name\":\"buchegg.church\",\"description\":\"\",\"publisher\":{\"@id\":\"https:\\\/\\\/www.buchegg.church\\\/#organization\"},\"potentialAction\":[{\"@type\":\"SearchAction\",\"target\":{\"@type\":\"EntryPoint\",\"urlTemplate\":\"https:\\\/\\\/www.buchegg.church\\\/?s={search_term_string}\"},\"query-input\":{\"@type\":\"PropertyValueSpecification\",\"valueRequired\":true,\"valueName\":\"search_term_string\"}}],\"inLanguage\":\"pt-PT\"},{\"@type\":\"Organization\",\"@id\":\"https:\\\/\\\/www.buchegg.church\\\/#organization\",\"name\":\"Buchegg Church\",\"url\":\"https:\\\/\\\/www.buchegg.church\\\/\",\"logo\":{\"@type\":\"ImageObject\",\"inLanguage\":\"pt-PT\",\"@id\":\"https:\\\/\\\/www.buchegg.church\\\/#\\\/schema\\\/logo\\\/image\\\/\",\"url\":\"https:\\\/\\\/www.buchegg.church\\\/wp-content\\\/uploads\\\/buchegg.png\",\"contentUrl\":\"https:\\\/\\\/www.buchegg.church\\\/wp-content\\\/uploads\\\/buchegg.png\",\"width\":751,\"height\":180,\"caption\":\"Buchegg Church\"},\"image\":{\"@id\":\"https:\\\/\\\/www.buchegg.church\\\/#\\\/schema\\\/logo\\\/image\\\/\"},\"sameAs\":[\"https:\\\/\\\/www.facebook.com\\\/buchegg\",\"https:\\\/\\\/www.instagram.com\\\/buchegg_church\",\"https:\\\/\\\/www.youtube.com\\\/czbzuerich\"]}]}<\/script>\n<!-- \/ Yoast SEO plugin. -->","yoast_head_json":{"title":"Miss\u00e3o e Ajuda Social - buchegg.church","robots":{"index":"index","follow":"follow","max-snippet":"max-snippet:-1","max-image-preview":"max-image-preview:large","max-video-preview":"max-video-preview:-1"},"canonical":"https:\/\/www.buchegg.church\/pt\/missao-e-ajuda-social\/","og_locale":"pt_PT","og_type":"article","og_title":"Miss\u00e3o e Ajuda Social - buchegg.church","og_description":"[vc_row][vc_column][\/vc_column][\/vc_row][mk_page_section bg_image=&#8221;\/wp-content\/uploads\/mission.jpg&#8221; bg_color=&#8221;#000000&#8243; attachment=&#8221;fixed&#8221; bg_position=&#8221;center top&#8221; bg_repeat=&#8221;no-repeat&#8221; bg_stretch=&#8221;true&#8221; min_height=&#8221;500&#8243; full_width=&#8221;true&#8221; padding_top=&#8221;0&#8243; sidebar=&#8221;sidebar-1&#8243;][vc_column][mk_fancy_title color=&#8221;#ffffff&#8221; size=&#8221;70&#8243; force_font_size=&#8221;true&#8221; size_tablet=&#8221;60&#8243; size_phone=&#8221;40&#8243; font_weight=&#8221;600&#8243; txt_transform=&#8221;uppercase&#8221; letter_spacing=&#8221;3&#8243; margin_top=&#8221;200&#8243; margin_bottom=&#8221;0&#8243; font_family=&#8221;none&#8221; align=&#8221;center&#8221;]Miss\u00e3o e Ajuda Social[\/mk_fancy_title][mk_fancy_title color=&#8221;#ffffff&#8221; size=&#8221;35&#8243; force_font_size=&#8221;true&#8221; size_tablet=&#8221;30&#8243; size_phone=&#8221;25&#8243; font_weight=&#8221;300&#8243; font_style=&#8221;italic&#8221; font_family=&#8221;none&#8221; align=&#8221;center&#8221;]Queremos fazer a diferen\u00e7a no mundo.[\/mk_fancy_title][\/vc_column][\/mk_page_section][vc_row fullwidth=&#8221;true&#8221;][vc_column][vc_wp_custommenu nav_menu=&#8221;48&#8243; el_id=&#8221;horizontal-menu&#8221;][\/vc_column][\/vc_row][vc_row id=&#8221;missao&#8221;][vc_column][mk_fancy_title size=&#8221;45&#8243; force_font_size=&#8221;true&#8221; size_tablet=&#8221;35&#8243; size_phone=&#8221;35&#8243; font_weight=&#8221;600&#8243; margin_top=&#8221;40&#8243; margin_bottom=&#8221;0&#8243; font_family=&#8221;none&#8221; align=&#8221;center&#8221;]Miss\u00e3o[\/mk_fancy_title][vc_row_inner][vc_column_inner width=&#8221;1\/2&#8243;][mk_image [&hellip;]","og_url":"https:\/\/www.buchegg.church\/pt\/missao-e-ajuda-social\/","og_site_name":"buchegg.church","article_publisher":"https:\/\/www.facebook.com\/buchegg","article_modified_time":"2024-01-29T10:48:19+00:00","twitter_card":"summary_large_image","twitter_misc":{"Tempo estimado de leitura":"2 minutos"},"schema":{"@context":"https:\/\/schema.org","@graph":[{"@type":"WebPage","@id":"https:\/\/www.buchegg.church\/pt\/missao-e-ajuda-social\/","url":"https:\/\/www.buchegg.church\/pt\/missao-e-ajuda-social\/","name":"Miss\u00e3o e Ajuda Social - buchegg.church","isPartOf":{"@id":"https:\/\/www.buchegg.church\/#website"},"datePublished":"2018-01-21T20:19:49+00:00","dateModified":"2024-01-29T10:48:19+00:00","breadcrumb":{"@id":"https:\/\/www.buchegg.church\/pt\/missao-e-ajuda-social\/#breadcrumb"},"inLanguage":"pt-PT","potentialAction":[{"@type":"ReadAction","target":["https:\/\/www.buchegg.church\/pt\/missao-e-ajuda-social\/"]}]},{"@type":"BreadcrumbList","@id":"https:\/\/www.buchegg.church\/pt\/missao-e-ajuda-social\/#breadcrumb","itemListElement":[{"@type":"ListItem","position":1,"name":"Startseite","item":"https:\/\/www.buchegg.church\/pt\/"},{"@type":"ListItem","position":2,"name":"Miss\u00e3o e Ajuda Social"}]},{"@type":"WebSite","@id":"https:\/\/www.buchegg.church\/#website","url":"https:\/\/www.buchegg.church\/","name":"buchegg.church","description":"","publisher":{"@id":"https:\/\/www.buchegg.church\/#organization"},"potentialAction":[{"@type":"SearchAction","target":{"@type":"EntryPoint","urlTemplate":"https:\/\/www.buchegg.church\/?s={search_term_string}"},"query-input":{"@type":"PropertyValueSpecification","valueRequired":true,"valueName":"search_term_string"}}],"inLanguage":"pt-PT"},{"@type":"Organization","@id":"https:\/\/www.buchegg.church\/#organization","name":"Buchegg Church","url":"https:\/\/www.buchegg.church\/","logo":{"@type":"ImageObject","inLanguage":"pt-PT","@id":"https:\/\/www.buchegg.church\/#\/schema\/logo\/image\/","url":"https:\/\/www.buchegg.church\/wp-content\/uploads\/buchegg.png","contentUrl":"https:\/\/www.buchegg.church\/wp-content\/uploads\/buchegg.png","width":751,"height":180,"caption":"Buchegg Church"},"image":{"@id":"https:\/\/www.buchegg.church\/#\/schema\/logo\/image\/"},"sameAs":["https:\/\/www.facebook.com\/buchegg","https:\/\/www.instagram.com\/buchegg_church","https:\/\/www.youtube.com\/czbzuerich"]}]}},"_links":{"self":[{"href":"https:\/\/www.buchegg.church\/pt\/wp-json\/wp\/v2\/pages\/12119","targetHints":{"allow":["GET"]}}],"collection":[{"href":"https:\/\/www.buchegg.church\/pt\/wp-json\/wp\/v2\/pages"}],"about":[{"href":"https:\/\/www.buchegg.church\/pt\/wp-json\/wp\/v2\/types\/page"}],"author":[{"embeddable":true,"href":"https:\/\/www.buchegg.church\/pt\/wp-json\/wp\/v2\/users\/1"}],"replies":[{"embeddable":true,"href":"https:\/\/www.buchegg.church\/pt\/wp-json\/wp\/v2\/comments?post=12119"}],"version-history":[{"count":0,"href":"https:\/\/www.buchegg.church\/pt\/wp-json\/wp\/v2\/pages\/12119\/revisions"}],"wp:attachment":[{"href":"https:\/\/www.buchegg.church\/pt\/wp-json\/wp\/v2\/media?parent=12119"}],"curies":[{"name":"wp","href":"https:\/\/api.w.org\/{rel}","templated":true}]}}