{"id":4910596,"date":"2023-08-15T11:55:59","date_gmt":"2023-08-15T09:55:59","guid":{"rendered":"https:\/\/www.buchegg.church\/?page_id=4910596"},"modified":"2025-09-01T16:10:49","modified_gmt":"2025-09-01T14:10:49","slug":"erntedankopfer","status":"publish","type":"page","link":"https:\/\/www.buchegg.church\/es\/erntedankopfer\/","title":{"rendered":"Ofrenda de acci\u00f3n de gracias 2025"},"content":{"rendered":"<div class=\"wpb-content-wrapper\">[vc_row][vc_column][\/vc_column][\/vc_row][mk_page_section bg_image=\u00bbhttps:\/\/www.buchegg.church\/wp-content\/uploads\/balkan-hintergrund.jpeg\u00bb bg_color=\u00bb#000000&#8243; attachment=\u00bbfixed\u00bb bg_position=\u00bbcenter top\u00bb bg_repeat=\u00bbno-repeat\u00bb bg_stretch=\u00bbtrue\u00bb min_height=\u00bb500&#8243; full_width=\u00bbtrue\u00bb full_height=\u00bbtrue\u00bb padding_top=\u00bb0&#8243; sidebar=\u00bbsidebar-1&#8243;][vc_column][mk_fancy_title color=\u00bb#ffffff\u00bb size=\u00bb70&#8243; force_font_size=\u00bbtrue\u00bb size_tablet=\u00bb60&#8243; size_phone=\u00bb40&#8243; font_weight=\u00bb600&#8243; txt_transform=\u00bbuppercase\u00bb letter_spacing=\u00bb3&#8243; margin_top=\u00bb200&#8243; margin_bottom=\u00bb0&#8243; font_family=\u00bbnone\u00bb align=\u00bbcenter\u00bb drop_shadow=\u00bbtrue\u00bb shadow_distance=\u00bb5&#8243; shadow_blur=\u00bb5&#8243; shadow_color=\u00bb#000000&#8243;]Ofrenda de acci\u00f3n de gracias 2025[\/mk_fancy_title][mk_fancy_title color=\u00bb#ffffff\u00bb size=\u00bb35&#8243; force_font_size=\u00bbtrue\u00bb size_tablet=\u00bb30&#8243; size_phone=\u00bb25&#8243; font_weight=\u00bb300&#8243; font_style=\u00bbitalic\u00bb font_family=\u00bbnone\u00bb align=\u00bbcenter\u00bb drop_shadow=\u00bbtrue\u00bb shadow_distance=\u00bb5&#8243; shadow_blur=\u00bb5&#8243; shadow_color=\u00bb#0a0a0a\u00bb]Los Balcanes \u2013 \u00a1una regi\u00f3n a\u00fan no alcanzada![\/mk_fancy_title][\/vc_column][\/mk_page_section][vc_row fullwidth=\u00bbtrue\u00bb][vc_column][vc_wp_custommenu nav_menu=\u00bb364&#8243; el_id=\u00bbhorizontal-menu\u00bb][\/vc_column][\/vc_row][vc_row id=\u00bbayuda\u00bb][vc_column][mk_fancy_title size=\u00bb45&#8243; force_font_size=\u00bbtrue\u00bb size_tablet=\u00bb35&#8243; size_phone=\u00bb35&#8243; font_weight=\u00bb600&#8243; margin_top=\u00bb40&#8243; margin_bottom=\u00bb0&#8243; font_family=\u00bbnone\u00bb align=\u00bbcenter\u00bb]Fundar iglesias, dar a conocer a Jes\u00fas, ayudar a las personas[\/mk_fancy_title][vc_row_inner][vc_column_inner width=\u00bb1\/2&#8243;][vc_video link=\u00bbhttps:\/\/youtu.be\/vnNFQ44892c\u00bb][mk_padding_divider size=\u00bb20&#8243;][mk_image src=\u00bbhttps:\/\/www.buchegg.church\/wp-content\/uploads\/hintergrund_edo_25.jpg\u00bb image_size=\u00bbfull\u00bb title=\u00bbMostar con el Puente Viejo\u00bb][mk_padding_divider size=\u00bb20&#8243;][mk_image src=\u00bbhttps:\/\/www.buchegg.church\/wp-content\/uploads\/traditionelles-handwerk.jpg\u00bb image_size=\u00bbfull\u00bb title=\u00bbArtesan\u00eda tradicional en los Balcanes\u00bb][mk_padding_divider size=\u00bb20&#8243;][mk_image src=\u00bbhttps:\/\/www.buchegg.church\/wp-content\/uploads\/taufe-in-mazedonien.jpeg\u00bb image_size=\u00bbfull\u00bb title=\u00bbBautismo en Macedonia\u00bb][mk_padding_divider size=\u00bb20&#8243;][\/vc_column_inner][vc_column_inner width=\u00bb1\/2&#8243;][vc_column_text css=\u00bb.vc_custom_1753091894576{margin-bottom: 0px !important;}\u00bb]<strong>Los Balcanes se caracterizan por su gran diversidad y su rica historia. Sin embargo, la situaci\u00f3n econ\u00f3mica y espiritual es extremadamente dif\u00edcil. Muchos pa\u00edses siguen sufriendo las consecuencias de su pasado comunista y ateo. Los movimientos religiosos y nacionalistas est\u00e1n en auge y el islam est\u00e1 ganando terreno. En muchos pa\u00edses de los Balcanes, menos del 0,3 % de la poblaci\u00f3n es creyente, y en ninguno supera el 0.8%. <\/strong><\/p>\n<p>La mayor\u00eda de los pa\u00edses de los Balcanes, como Albania, Bosnia-Herzegovina, Kosovo, Montenegro, Macedonia del Norte y Serbia, solo son conocidos por titulares negativos. Sin embargo, la regi\u00f3n tiene una belleza \u00fanica y una rica historia. Las ra\u00edces del cristianismo se remontan incluso al siglo 1 a.C.<br \/>\nPor desgracia, hoy en d\u00eda ya no queda mucho de esta rica historia. El Imperio otomano y los reg\u00edmenes comunistas del pasado han erradicado en gran medida la Iglesia cristiana. Los movimientos nacionalistas, a menudo de car\u00e1cter religioso, generan desconfianza y tensiones \u00e9tnicas, lo que impide la difusi\u00f3n del Evangelio m\u00e1s all\u00e1 de las fronteras nacionales.<\/p>\n<p><strong>\u00a1Pero para los Balcanes si hay esperanza!<\/strong><\/p>\n<p>En muchos pa\u00edses existen comunidades muy peque\u00f1as, pero extremadamente vivas. Est\u00e1n ansiosas por compartir el Evangelio en su pa\u00eds.<br \/>\nOrganizan eventos evangel\u00edsticos, campa\u00f1as callejeras y proyectos sociales. Forman a evangelistas y pastores para fundar nuevas iglesias. Sin embargo, a menudo carecen de los medios necesarios para superar los primeros obst\u00e1culos y lograr un impacto a largo plazo.[\/vc_column_text][mk_image src=\u00bbhttps:\/\/www.buchegg.church\/wp-content\/uploads\/unterschrift-matthias.png\u00bb image_size=\u00bbfull\u00bb][vc_column_text css=\u00bb.vc_custom_1753089635536{margin-bottom: 0px !important;}\u00bb]<strong>Matthias Theis<\/strong><br \/>\n<small>Pastor General y Director de la Comisi\u00f3n de Misiones<\/small>[\/vc_column_text][mk_padding_divider size=\u00bb20&#8243;][mk_button url=\u00bb#ayudar\u00bb]Nosotros deseamos ayudar as\u00ed[\/mk_button][\/vc_column_inner][\/vc_row_inner][mk_padding_divider][\/vc_column][\/vc_row][mk_page_section bg_image=\u00bbhttps:\/\/www.buchegg.church\/wp-content\/uploads\/balkan-hintergrund.jpeg\u00bb attachment=\u00bbfixed\u00bb bg_position=\u00bbcenter top\u00bb bg_repeat=\u00bbno-repeat\u00bb bg_stretch=\u00bbtrue\u00bb min_height=\u00bb400&#8243; sidebar=\u00bbsidebar-1&#8243;][vc_column][\/vc_column][\/mk_page_section][vc_row id=\u00bbayudar\u00bb][vc_column][mk_fancy_title size=\u00bb45&#8243; force_font_size=\u00bbtrue\u00bb size_tablet=\u00bb35&#8243; size_phone=\u00bb35&#8243; font_weight=\u00bb600&#8243; margin_top=\u00bb40&#8243; margin_bottom=\u00bb0&#8243; font_family=\u00bbnone\u00bb align=\u00bbcenter\u00bb]Nosotros deseamos ayudar as\u00ed[\/mk_fancy_title][vc_row_inner][vc_column_inner width=\u00bb1\/2&#8243;][mk_image src=\u00bbhttps:\/\/www.buchegg.church\/wp-content\/uploads\/strasseneinsatz-in-bosnien.jpeg\u00bb image_size=\u00bbfull\u00bb title=\u00bbMisi\u00f3n en las calles de Bosnia\u00bb][mk_padding_divider size=\u00bb20&#8243;][mk_image src=\u00bbhttps:\/\/www.buchegg.church\/wp-content\/uploads\/schulung-von-leitern.jpeg\u00bb image_size=\u00bbfull\u00bb title=\u00bbFormaci\u00f3n de l\u00edderes\u00bb][mk_padding_divider size=\u00bb20&#8243;][\/vc_column_inner][vc_column_inner width=\u00bb1\/2&#8243;][vc_column_text css=\u00bb.vc_custom_1753088937839{margin-bottom: 0px !important;}\u00bb]<strong>Evangelizaci\u00f3n: <\/strong>Apoyamos eventos evangel\u00edsticos y actividades en la calle. Estos incluyen predicaci\u00f3n, alabanza y conversaciones personales para difundir el mensaje de Jesucristo y llegar a las personas.<\/p>\n<p><strong>Fundaci\u00f3n y desarrollo de la iglesia: <\/strong>Apoyamos a los fundadores de iglesias y financiamos la ampliaci\u00f3n de los edificios existentes. De este modo, se crea espacio para que m\u00e1s personas puedan asistir a los servicios religiosos, escuchar la Buena Nueva y fortalecerse en la fe.<\/p>\n<p><strong>Formaci\u00f3n y capacitaci\u00f3n<\/strong><strong>: <\/strong>Los programas de formaci\u00f3n en evangelizaci\u00f3n y liderazgo capacitan a los creyentes para transmitir el mensaje de la Buena Nueva de forma permanente, incluso entre los musulmanes. En estos cursos se ense\u00f1an estrategias b\u00edblicas y enfoques pr\u00e1cticos para la evangelizaci\u00f3n y el discipulado.<\/p>\n<p><strong>Impresi\u00f3n y distribuci\u00f3n de literatura cristiana: <\/strong>Para seguir difundiendo el mensaje del Evangelio en los Balcanes, financiamos la impresi\u00f3n y distribuci\u00f3n de folletos, panfletos y Biblias en lenguaje moderno, dirigidos especialmente a las generaciones m\u00e1s j\u00f3venes.<\/p>\n<p><strong>\u00a1Aprovechemos juntos esta oportunidad y apoyemos generosamente a nuestros hermanos y hermanas comprometidos en los Balcanes!<\/strong>[\/vc_column_text][mk_padding_divider size=\u00bb20&#8243;][mk_button url=\u00bb#contribuir\u00bb]Puedes contribuir as\u00ed[\/mk_button][\/vc_column_inner][\/vc_row_inner][mk_padding_divider][\/vc_column][\/vc_row][mk_page_section bg_image=\u00bbhttps:\/\/www.buchegg.church\/wp-content\/uploads\/balkan-hintergrund.jpeg\u00bb attachment=\u00bbfixed\u00bb bg_position=\u00bbcenter top\u00bb bg_repeat=\u00bbno-repeat\u00bb bg_stretch=\u00bbtrue\u00bb min_height=\u00bb400&#8243; sidebar=\u00bbsidebar-1&#8243;][vc_column][\/vc_column][\/mk_page_section][vc_row id=\u00bbcontribuir\u00bb][vc_column][mk_fancy_title size=\u00bb45&#8243; force_font_size=\u00bbtrue\u00bb size_tablet=\u00bb35&#8243; size_phone=\u00bb35&#8243; font_weight=\u00bb600&#8243; margin_top=\u00bb40&#8243; margin_bottom=\u00bb0&#8243; font_family=\u00bbnone\u00bb align=\u00bbcenter\u00bb]Puedes contribuir as\u00ed[\/mk_fancy_title][vc_row_inner][vc_column_inner width=\u00bb1\/2&#8243;][mk_image src=\u00bbhttps:\/\/www.buchegg.church\/wp-content\/uploads\/hintergrund_edo_25.jpg\u00bb image_size=\u00bbfull\u00bb][mk_padding_divider size=\u00bb20&#8243;][\/vc_column_inner][vc_column_inner width=\u00bb1\/2&#8243;][vc_column_text css=\u00bb.vc_custom_1753101780501{margin-bottom: 0px !important;}\u00bb]Formas en las que puedes contribuir:<\/p>\n<ul>\n<li><strong>En la ofrenda del culto del 14 de septiembre 2025<\/strong><\/li>\n<li><strong>Depositando en nuestra cuenta postal o bancaria <\/strong>(referencia: \u00abErntedank\u00bb)<\/li>\n<\/ul>\n<p>Pfingstmission Z\u00fcrich, 8057 Z\u00fcrich<br \/>\nIBAN CH18 0900 0000 8000 7143 9<\/p>\n<p>\u00a1Muchas gracias por su apoyo y generosidad![\/vc_column_text][mk_image src=\u00bbhttps:\/\/www.buchegg.church\/wp-content\/uploads\/erntedank-qr.png\u00bb image_size=\u00bbfull\u00bb][\/vc_column_inner][\/vc_row_inner][mk_padding_divider][\/vc_column][\/vc_row][mk_page_section bg_image=\u00bbhttps:\/\/www.buchegg.church\/wp-content\/uploads\/balkan-hintergrund.jpeg\u00bb attachment=\u00bbfixed\u00bb bg_position=\u00bbcenter top\u00bb bg_repeat=\u00bbno-repeat\u00bb bg_stretch=\u00bbtrue\u00bb min_height=\u00bb400&#8243; sidebar=\u00bbsidebar-1&#8243;][vc_column][\/vc_column][\/mk_page_section]\n<\/div>","protected":false},"excerpt":{"rendered":"<p>[vc_row][vc_column][\/vc_column][\/vc_row][mk_page_section bg_image=\u00bbhttps:\/\/www.buchegg.church\/wp-content\/uploads\/balkan-hintergrund.jpeg\u00bb bg_color=\u00bb#000000&#8243; attachment=\u00bbfixed\u00bb bg_position=\u00bbcenter top\u00bb bg_repeat=\u00bbno-repeat\u00bb bg_stretch=\u00bbtrue\u00bb min_height=\u00bb500&#8243; full_width=\u00bbtrue\u00bb full_height=\u00bbtrue\u00bb padding_top=\u00bb0&#8243; sidebar=\u00bbsidebar-1&#8243;][vc_column][mk_fancy_title color=\u00bb#ffffff\u00bb size=\u00bb70&#8243; force_font_size=\u00bbtrue\u00bb size_tablet=\u00bb60&#8243; size_phone=\u00bb40&#8243; font_weight=\u00bb600&#8243; txt_transform=\u00bbuppercase\u00bb letter_spacing=\u00bb3&#8243; margin_top=\u00bb200&#8243; margin_bottom=\u00bb0&#8243; font_family=\u00bbnone\u00bb align=\u00bbcenter\u00bb drop_shadow=\u00bbtrue\u00bb shadow_distance=\u00bb5&#8243; shadow_blur=\u00bb5&#8243; shadow_color=\u00bb#000000&#8243;]Ofrenda de acci\u00f3n de gracias 2025[\/mk_fancy_title][mk_fancy_title color=\u00bb#ffffff\u00bb size=\u00bb35&#8243; force_font_size=\u00bbtrue\u00bb size_tablet=\u00bb30&#8243; size_phone=\u00bb25&#8243; font_weight=\u00bb300&#8243; font_style=\u00bbitalic\u00bb font_family=\u00bbnone\u00bb align=\u00bbcenter\u00bb drop_shadow=\u00bbtrue\u00bb shadow_distance=\u00bb5&#8243; shadow_blur=\u00bb5&#8243; shadow_color=\u00bb#0a0a0a\u00bb]Los Balcanes \u2013 \u00a1una regi\u00f3n a\u00fan no alcanzada![\/mk_fancy_title][\/vc_column][\/mk_page_section][vc_row fullwidth=\u00bbtrue\u00bb][vc_column][vc_wp_custommenu [&hellip;]<\/p>\n","protected":false},"author":4,"featured_media":0,"parent":0,"menu_order":0,"comment_status":"closed","ping_status":"closed","template":"","meta":{"footnotes":""},"class_list":["post-4910596","page","type-page","status-publish","hentry"],"yoast_head":"<!-- This site is optimized with the Yoast SEO plugin v27.5 - https:\/\/yoast.com\/product\/yoast-seo-wordpress\/ -->\n<title>Ofrenda de acci\u00f3n de gracias 2025 - buchegg.church<\/title>\n<meta name=\"robots\" content=\"index, follow, max-snippet:-1, max-image-preview:large, max-video-preview:-1\" \/>\n<link rel=\"canonical\" href=\"https:\/\/www.buchegg.church\/es\/erntedankopfer\/\" \/>\n<meta property=\"og:locale\" content=\"es_ES\" \/>\n<meta property=\"og:type\" content=\"article\" \/>\n<meta property=\"og:title\" content=\"Ofrenda de acci\u00f3n de gracias 2025 - buchegg.church\" \/>\n<meta property=\"og:description\" content=\"[vc_row][vc_column][\/vc_column][\/vc_row][mk_page_section bg_image=\u00bbhttps:\/\/www.buchegg.church\/wp-content\/uploads\/balkan-hintergrund.jpeg\u00bb bg_color=\u00bb#000000&#8243; attachment=\u00bbfixed\u00bb bg_position=\u00bbcenter top\u00bb bg_repeat=\u00bbno-repeat\u00bb bg_stretch=\u00bbtrue\u00bb min_height=\u00bb500&#8243; full_width=\u00bbtrue\u00bb full_height=\u00bbtrue\u00bb padding_top=\u00bb0&#8243; sidebar=\u00bbsidebar-1&#8243;][vc_column][mk_fancy_title color=\u00bb#ffffff\u00bb size=\u00bb70&#8243; force_font_size=\u00bbtrue\u00bb size_tablet=\u00bb60&#8243; size_phone=\u00bb40&#8243; font_weight=\u00bb600&#8243; txt_transform=\u00bbuppercase\u00bb letter_spacing=\u00bb3&#8243; margin_top=\u00bb200&#8243; margin_bottom=\u00bb0&#8243; font_family=\u00bbnone\u00bb align=\u00bbcenter\u00bb drop_shadow=\u00bbtrue\u00bb shadow_distance=\u00bb5&#8243; shadow_blur=\u00bb5&#8243; shadow_color=\u00bb#000000&#8243;]Ofrenda de acci\u00f3n de gracias 2025[\/mk_fancy_title][mk_fancy_title color=\u00bb#ffffff\u00bb size=\u00bb35&#8243; force_font_size=\u00bbtrue\u00bb size_tablet=\u00bb30&#8243; size_phone=\u00bb25&#8243; font_weight=\u00bb300&#8243; font_style=\u00bbitalic\u00bb font_family=\u00bbnone\u00bb align=\u00bbcenter\u00bb drop_shadow=\u00bbtrue\u00bb shadow_distance=\u00bb5&#8243; shadow_blur=\u00bb5&#8243; shadow_color=\u00bb#0a0a0a\u00bb]Los Balcanes \u2013 \u00a1una regi\u00f3n a\u00fan no alcanzada![\/mk_fancy_title][\/vc_column][\/mk_page_section][vc_row fullwidth=\u00bbtrue\u00bb][vc_column][vc_wp_custommenu [&hellip;]\" \/>\n<meta property=\"og:url\" content=\"https:\/\/www.buchegg.church\/es\/erntedankopfer\/\" \/>\n<meta property=\"og:site_name\" content=\"buchegg.church\" \/>\n<meta property=\"article:publisher\" content=\"https:\/\/www.facebook.com\/buchegg\" \/>\n<meta property=\"article:modified_time\" content=\"2025-09-01T14:10:49+00:00\" \/>\n<meta name=\"twitter:card\" content=\"summary_large_image\" \/>\n<meta name=\"twitter:label1\" content=\"Tiempo de lectura\" \/>\n\t<meta name=\"twitter:data1\" content=\"4 minutos\" \/>\n<script type=\"application\/ld+json\" class=\"yoast-schema-graph\">{\"@context\":\"https:\\\/\\\/schema.org\",\"@graph\":[{\"@type\":\"WebPage\",\"@id\":\"https:\\\/\\\/www.buchegg.church\\\/es\\\/erntedankopfer\\\/\",\"url\":\"https:\\\/\\\/www.buchegg.church\\\/es\\\/erntedankopfer\\\/\",\"name\":\"Ofrenda de acci\u00f3n de gracias 2025 - buchegg.church\",\"isPartOf\":{\"@id\":\"https:\\\/\\\/www.buchegg.church\\\/#website\"},\"datePublished\":\"2023-08-15T09:55:59+00:00\",\"dateModified\":\"2025-09-01T14:10:49+00:00\",\"breadcrumb\":{\"@id\":\"https:\\\/\\\/www.buchegg.church\\\/es\\\/erntedankopfer\\\/#breadcrumb\"},\"inLanguage\":\"es\",\"potentialAction\":[{\"@type\":\"ReadAction\",\"target\":[\"https:\\\/\\\/www.buchegg.church\\\/es\\\/erntedankopfer\\\/\"]}]},{\"@type\":\"BreadcrumbList\",\"@id\":\"https:\\\/\\\/www.buchegg.church\\\/es\\\/erntedankopfer\\\/#breadcrumb\",\"itemListElement\":[{\"@type\":\"ListItem\",\"position\":1,\"name\":\"Startseite\",\"item\":\"https:\\\/\\\/www.buchegg.church\\\/es\\\/\"},{\"@type\":\"ListItem\",\"position\":2,\"name\":\"Ofrenda de acci\u00f3n de gracias 2025\"}]},{\"@type\":\"WebSite\",\"@id\":\"https:\\\/\\\/www.buchegg.church\\\/#website\",\"url\":\"https:\\\/\\\/www.buchegg.church\\\/\",\"name\":\"buchegg.church\",\"description\":\"\",\"publisher\":{\"@id\":\"https:\\\/\\\/www.buchegg.church\\\/#organization\"},\"potentialAction\":[{\"@type\":\"SearchAction\",\"target\":{\"@type\":\"EntryPoint\",\"urlTemplate\":\"https:\\\/\\\/www.buchegg.church\\\/?s={search_term_string}\"},\"query-input\":{\"@type\":\"PropertyValueSpecification\",\"valueRequired\":true,\"valueName\":\"search_term_string\"}}],\"inLanguage\":\"es\"},{\"@type\":\"Organization\",\"@id\":\"https:\\\/\\\/www.buchegg.church\\\/#organization\",\"name\":\"Buchegg Church\",\"url\":\"https:\\\/\\\/www.buchegg.church\\\/\",\"logo\":{\"@type\":\"ImageObject\",\"inLanguage\":\"es\",\"@id\":\"https:\\\/\\\/www.buchegg.church\\\/#\\\/schema\\\/logo\\\/image\\\/\",\"url\":\"https:\\\/\\\/www.buchegg.church\\\/wp-content\\\/uploads\\\/buchegg.png\",\"contentUrl\":\"https:\\\/\\\/www.buchegg.church\\\/wp-content\\\/uploads\\\/buchegg.png\",\"width\":751,\"height\":180,\"caption\":\"Buchegg Church\"},\"image\":{\"@id\":\"https:\\\/\\\/www.buchegg.church\\\/#\\\/schema\\\/logo\\\/image\\\/\"},\"sameAs\":[\"https:\\\/\\\/www.facebook.com\\\/buchegg\",\"https:\\\/\\\/www.instagram.com\\\/buchegg_church\",\"https:\\\/\\\/www.youtube.com\\\/czbzuerich\"]}]}<\/script>\n<!-- \/ Yoast SEO plugin. -->","yoast_head_json":{"title":"Ofrenda de acci\u00f3n de gracias 2025 - buchegg.church","robots":{"index":"index","follow":"follow","max-snippet":"max-snippet:-1","max-image-preview":"max-image-preview:large","max-video-preview":"max-video-preview:-1"},"canonical":"https:\/\/www.buchegg.church\/es\/erntedankopfer\/","og_locale":"es_ES","og_type":"article","og_title":"Ofrenda de acci\u00f3n de gracias 2025 - buchegg.church","og_description":"[vc_row][vc_column][\/vc_column][\/vc_row][mk_page_section bg_image=\u00bbhttps:\/\/www.buchegg.church\/wp-content\/uploads\/balkan-hintergrund.jpeg\u00bb bg_color=\u00bb#000000&#8243; attachment=\u00bbfixed\u00bb bg_position=\u00bbcenter top\u00bb bg_repeat=\u00bbno-repeat\u00bb bg_stretch=\u00bbtrue\u00bb min_height=\u00bb500&#8243; full_width=\u00bbtrue\u00bb full_height=\u00bbtrue\u00bb padding_top=\u00bb0&#8243; sidebar=\u00bbsidebar-1&#8243;][vc_column][mk_fancy_title color=\u00bb#ffffff\u00bb size=\u00bb70&#8243; force_font_size=\u00bbtrue\u00bb size_tablet=\u00bb60&#8243; size_phone=\u00bb40&#8243; font_weight=\u00bb600&#8243; txt_transform=\u00bbuppercase\u00bb letter_spacing=\u00bb3&#8243; margin_top=\u00bb200&#8243; margin_bottom=\u00bb0&#8243; font_family=\u00bbnone\u00bb align=\u00bbcenter\u00bb drop_shadow=\u00bbtrue\u00bb shadow_distance=\u00bb5&#8243; shadow_blur=\u00bb5&#8243; shadow_color=\u00bb#000000&#8243;]Ofrenda de acci\u00f3n de gracias 2025[\/mk_fancy_title][mk_fancy_title color=\u00bb#ffffff\u00bb size=\u00bb35&#8243; force_font_size=\u00bbtrue\u00bb size_tablet=\u00bb30&#8243; size_phone=\u00bb25&#8243; font_weight=\u00bb300&#8243; font_style=\u00bbitalic\u00bb font_family=\u00bbnone\u00bb align=\u00bbcenter\u00bb drop_shadow=\u00bbtrue\u00bb shadow_distance=\u00bb5&#8243; shadow_blur=\u00bb5&#8243; shadow_color=\u00bb#0a0a0a\u00bb]Los Balcanes \u2013 \u00a1una regi\u00f3n a\u00fan no alcanzada![\/mk_fancy_title][\/vc_column][\/mk_page_section][vc_row fullwidth=\u00bbtrue\u00bb][vc_column][vc_wp_custommenu [&hellip;]","og_url":"https:\/\/www.buchegg.church\/es\/erntedankopfer\/","og_site_name":"buchegg.church","article_publisher":"https:\/\/www.facebook.com\/buchegg","article_modified_time":"2025-09-01T14:10:49+00:00","twitter_card":"summary_large_image","twitter_misc":{"Tiempo de lectura":"4 minutos"},"schema":{"@context":"https:\/\/schema.org","@graph":[{"@type":"WebPage","@id":"https:\/\/www.buchegg.church\/es\/erntedankopfer\/","url":"https:\/\/www.buchegg.church\/es\/erntedankopfer\/","name":"Ofrenda de acci\u00f3n de gracias 2025 - buchegg.church","isPartOf":{"@id":"https:\/\/www.buchegg.church\/#website"},"datePublished":"2023-08-15T09:55:59+00:00","dateModified":"2025-09-01T14:10:49+00:00","breadcrumb":{"@id":"https:\/\/www.buchegg.church\/es\/erntedankopfer\/#breadcrumb"},"inLanguage":"es","potentialAction":[{"@type":"ReadAction","target":["https:\/\/www.buchegg.church\/es\/erntedankopfer\/"]}]},{"@type":"BreadcrumbList","@id":"https:\/\/www.buchegg.church\/es\/erntedankopfer\/#breadcrumb","itemListElement":[{"@type":"ListItem","position":1,"name":"Startseite","item":"https:\/\/www.buchegg.church\/es\/"},{"@type":"ListItem","position":2,"name":"Ofrenda de acci\u00f3n de gracias 2025"}]},{"@type":"WebSite","@id":"https:\/\/www.buchegg.church\/#website","url":"https:\/\/www.buchegg.church\/","name":"buchegg.church","description":"","publisher":{"@id":"https:\/\/www.buchegg.church\/#organization"},"potentialAction":[{"@type":"SearchAction","target":{"@type":"EntryPoint","urlTemplate":"https:\/\/www.buchegg.church\/?s={search_term_string}"},"query-input":{"@type":"PropertyValueSpecification","valueRequired":true,"valueName":"search_term_string"}}],"inLanguage":"es"},{"@type":"Organization","@id":"https:\/\/www.buchegg.church\/#organization","name":"Buchegg Church","url":"https:\/\/www.buchegg.church\/","logo":{"@type":"ImageObject","inLanguage":"es","@id":"https:\/\/www.buchegg.church\/#\/schema\/logo\/image\/","url":"https:\/\/www.buchegg.church\/wp-content\/uploads\/buchegg.png","contentUrl":"https:\/\/www.buchegg.church\/wp-content\/uploads\/buchegg.png","width":751,"height":180,"caption":"Buchegg Church"},"image":{"@id":"https:\/\/www.buchegg.church\/#\/schema\/logo\/image\/"},"sameAs":["https:\/\/www.facebook.com\/buchegg","https:\/\/www.instagram.com\/buchegg_church","https:\/\/www.youtube.com\/czbzuerich"]}]}},"_links":{"self":[{"href":"https:\/\/www.buchegg.church\/es\/wp-json\/wp\/v2\/pages\/4910596","targetHints":{"allow":["GET"]}}],"collection":[{"href":"https:\/\/www.buchegg.church\/es\/wp-json\/wp\/v2\/pages"}],"about":[{"href":"https:\/\/www.buchegg.church\/es\/wp-json\/wp\/v2\/types\/page"}],"author":[{"embeddable":true,"href":"https:\/\/www.buchegg.church\/es\/wp-json\/wp\/v2\/users\/4"}],"replies":[{"embeddable":true,"href":"https:\/\/www.buchegg.church\/es\/wp-json\/wp\/v2\/comments?post=4910596"}],"version-history":[{"count":16,"href":"https:\/\/www.buchegg.church\/es\/wp-json\/wp\/v2\/pages\/4910596\/revisions"}],"predecessor-version":[{"id":5120979,"href":"https:\/\/www.buchegg.church\/es\/wp-json\/wp\/v2\/pages\/4910596\/revisions\/5120979"}],"wp:attachment":[{"href":"https:\/\/www.buchegg.church\/es\/wp-json\/wp\/v2\/media?parent=4910596"}],"curies":[{"name":"wp","href":"https:\/\/api.w.org\/{rel}","templated":true}]}}