{"id":293,"date":"2018-01-06T11:20:29","date_gmt":"2018-01-06T10:20:29","guid":{"rendered":"https:\/\/www.buchegg.church\/?page_id=293"},"modified":"2026-04-05T21:39:21","modified_gmt":"2026-04-05T19:39:21","slug":"home","status":"publish","type":"page","link":"https:\/\/www.buchegg.church\/es\/","title":{"rendered":"Bienvenido a casa"},"content":{"rendered":"<div class=\"wpb-content-wrapper\">[vc_row][vc_column][\/vc_column][\/vc_row][vc_row fullwidth=\u00bbtrue\u00bb disable_element=\u00bbyes\u00bb css=\u00bb.vc_custom_1760261251128{background-color: #898989 !important;}\u00bb][vc_column][mk_padding_divider size=\u00bb100&#8243;][\/vc_column][\/vc_row][vc_row fullwidth=\u00bbtrue\u00bb disable_element=\u00bbyes\u00bb css=\u00bb.vc_custom_1760261259616{background-color: #b0212b !important;}\u00bb][vc_column][mk_fancy_title color=\u00bb#ffffff\u00bb size=\u00bb25&#8243; margin_top=\u00bb20&#8243; margin_bottom=\u00bb0&#8243; font_family=\u00bbnone\u00bb align=\u00bbcenter\u00bb]Vacaciones de oto\u00f1o: los d\u00edas 5 y 12 de octubre, nuestros reuniones tendr\u00e1n lugar a las 10:00, 13:30 y 16:00 horas.[\/mk_fancy_title][\/vc_column][\/vc_row][mk_page_section attachment=\u00bbfixed\u00bb bg_position=\u00bbcenter center\u00bb bg_repeat=\u00bbno-repeat\u00bb bg_stretch=\u00bbtrue\u00bb speed_factor=\u00bb1&#8243; bg_video=\u00bbyes\u00bb mp4=\u00bb\/wp-content\/uploads\/webloop_buchegg.mp4&#8243; webm=\u00bb\/wp-content\/uploads\/webloop_buchegg.webm\u00bb poster_image=\u00bb\/wp-content\/uploads\/webloop_buchegg.jpg\u00bb full_width=\u00bbtrue\u00bb full_height=\u00bbtrue\u00bb skip_arrow=\u00bbtrue\u00bb sidebar=\u00bbsidebar-1&#8243;][vc_column][mk_padding_divider visibility=\u00bbvisible-sm\u00bb][mk_fancy_title strip_tags=\u00bbtrue\u00bb tag_name=\u00bbh1&#8243; color=\u00bb#ffffff\u00bb size=\u00bb120&#8243; force_font_size=\u00bbtrue\u00bb size_smallscreen=\u00bb100&#8243; size_tablet=\u00bb80&#8243; size_phone=\u00bb60&#8243; font_weight=\u00bb600&#8243; txt_transform=\u00bbuppercase\u00bb letter_spacing=\u00bb3&#8243; margin_bottom=\u00bb0&#8243; font_family=\u00bbnone\u00bb align=\u00bbcenter\u00bb]\u00a1Bienvenido a casa![\/mk_fancy_title][\/vc_column][\/mk_page_section][vc_row fullwidth=\u00bbtrue\u00bb][vc_column][vc_wp_custommenu nav_menu=\u00bb20&#8243; el_id=\u00bbhorizontal-menu\u00bb][\/vc_column][\/vc_row][vc_row fullwidth=\u00bbtrue\u00bb disable_element=\u00bbyes\u00bb css=\u00bb.vc_custom_1645027756266{background-color: #b0212b !important;}\u00bb][vc_column][mk_fancy_title color=\u00bb#ffffff\u00bb size=\u00bb25&#8243; margin_top=\u00bb20&#8243; margin_bottom=\u00bb0&#8243; font_family=\u00bbnone\u00bb align=\u00bbcenter\u00bb]Domingo, 21 de septiembre de 2025: <a href=\"https:\/\/openair.zuerich\/\" target=\"_blank\" rel=\"noopener\"><span style=\"color: #ffffff;\"><u>Culto al aire libre<\/u><\/span><\/a> a las 15:00 h. Atenci\u00f3n: <s>Sechsel\u00e4utenplatz<\/s> -&gt; <a href=\"https:\/\/maps.app.goo.gl\/LoUjyJzrQywZCskc6\" target=\"_blank\" rel=\"noopener\"><span style=\"color: #ffffff;\"><u>Turbinenplatz<\/u><\/span><\/a>.<\/p>\n<p>En la Buchegg Church NO habr\u00e1n cultos.[\/mk_fancy_title][mk_padding_divider size=\u00bb35&#8243;][vc_row_inner][vc_column_inner width=\u00bb1\/2&#8243;][vc_single_image image=\u00bb3339793&#8243; img_size=\u00bbfull\u00bb][\/vc_column_inner][vc_column_inner width=\u00bb1\/2&#8243;][vc_single_image image=\u00bb3339803&#8243; img_size=\u00bbfull\u00bb][\/vc_column_inner][\/vc_row_inner][vc_row_inner disable_element=\u00bbyes\u00bb][vc_column_inner width=\u00bb1\/3&#8243;][vc_single_image image=\u00bb2939784&#8243; img_size=\u00bbfull\u00bb][\/vc_column_inner][vc_column_inner width=\u00bb1\/3&#8243;][vc_single_image image=\u00bb2939788&#8243; img_size=\u00bbfull\u00bb][\/vc_column_inner][vc_column_inner width=\u00bb1\/3&#8243;][vc_single_image image=\u00bb2939792&#8243; img_size=\u00bbfull\u00bb][\/vc_column_inner][\/vc_row_inner][\/vc_column][\/vc_row][mk_page_section bg_color=\u00bb#f3f3f3&#8243; section_id=\u00bbreuniones\u00bb sidebar=\u00bbsidebar-1&#8243;][vc_column][mk_fancy_title size=\u00bb52&#8243; force_font_size=\u00bbtrue\u00bb size_tablet=\u00bb50&#8243; size_phone=\u00bb40&#8243; font_weight=\u00bb600&#8243; margin_top=\u00bb40&#8243; margin_bottom=\u00bb0&#8243; font_family=\u00bbnone\u00bb align=\u00bbcenter\u00bb]Reuniones[\/mk_fancy_title][mk_fancy_title size=\u00bb21&#8243; force_font_size=\u00bbtrue\u00bb size_tablet=\u00bb20&#8243; size_phone=\u00bb18&#8243; font_weight=\u00bb300&#8243; font_style=\u00bbitalic\u00bb font_family=\u00bbnone\u00bb align=\u00bbcenter\u00bb]<!--Reuniones inspiradoras cada domingo a las 9:30, 11:11, 13:30 y 16:00 hs.-->[\/mk_fancy_title][vc_column_text align=\u00bbcenter\u00bb css=\u00bb.vc_custom_1751267487748{margin-bottom: 0px !important;}\u00bb]El culto se transmitir\u00e1 en vivo: <a href=\"https:\/\/www.buchegg.church\/es\/live\/\">Ver el culto en vivo<\/a>[\/vc_column_text][mk_padding_divider][vc_row_inner][vc_column_inner width=\u00bb1\/2&#8243;][mk_fancy_title size=\u00bb24&#8243; font_weight=\u00bb600&#8243; txt_transform=\u00bbuppercase\u00bb margin_bottom=\u00bb10&#8243; font_family=\u00bbnone\u00bb]\n<p>Actual<\/p>\n[\/mk_fancy_title]<section id=\"series-front-image\" data-pagination-style=\"1\" data-max-pages=\"0\" data-loop-iterator=\"-1\" class=\"mk-gallery js-loop js-el clearfix mk-gallery-lazyload\">\n\t<article class=\"one-column mk-gallery-item hover-fadebox simple-frame hover-title-true\">\n\t\t<div class=\"item-holder\">\n\t\t\t<div class=\"image-hover-overlay\"><\/div>\n\t\t\t<div class=\"gallery-desc\">\n\t\t\t\t<div class=\"frontpage-series-title\">&iquest;Por qu&eacute; Jes&uacute;s?<\/div>\n\t\t\t\t<div class=\"frontpage-series-description\">&iquest;Por qu&eacute; Jes&uacute;s? Esta es una pregunta que la gente se ha estado haciendo durante siglos. En esta serie analizamos nueve argumentos contundentes que nos muestran por qu&eacute; Jes&uacute;s es el &uacute;nico capacitado para redimirnos y qu&eacute; resultados gozosos trae consigo la fe en &eacute;l.<\/div>\n\t\t\t\t<div class=\"frontpage-series-button\">\n\t\t\t\t\t<style id=\"frontpage-series-button\" type=\"text\/css\">#frontpage-series-button { margin-bottom:15px; margin-top:0px; margin-right:15px; } #frontpage-series-button .mk-button { display:inline-block; max-width:100%; } #frontpage-series-button .mk-button:hover .mk-svg-icon { }<\/style>\n\t\t\t\t\t \n\t\t\t\t\t\t<div id=\"frontpage-series-button\" class=\"mk-button-container _ relative block text-center \">\n\t\t\t\t\t\t\t<a  href=\"\/es\/serie\/porquejesus\" target=\"_self\" class=\"mk-button js-smooth-scroll mk-button--dimension-flat mk-button--size-small mk-button--corner-rounded text-color-light _ relative text-center font-weight-700 no-backface  letter-spacing-1 inline\">\n\t\t\t\t\t\t\t\t<span class=\"mk-button--text\">M\u00e1s &#8230;<\/span>\n\t\t\t\t\t\t\t<\/a>\n\t\t\t\t\t\t<\/div>\n\t\t\t\t\t\t\t\t\t<\/div>\n\t\t\t<\/div>\n\t\t\t<a href=\"https:\/\/meine.church\/services\/media\/series\/images\/es\/resized\/por_que_jesus_700.jpg\" alt=\"&iquest;Por qu&eacute; Jes&uacute;s?\" title=\"&iquest;Por qu&eacute; Jes&uacute;s?\" data-fancybox-group=\"series-front-image\" class=\"no-lightbox\"><\/a>\n\t\t\t <span class=\"gallery-inner\">\n\t\t\t\t<img decoding=\"async\" class=\"mk-gallery-image\" src=\"https:\/\/meine.church\/services\/media\/series\/images\/es\/resized\/por_que_jesus_700.jpg\" \/>\n\t\t\t <\/span>\n\t\t<\/div>\n\t<\/article>\n\t<div class=\"clearboth\"><\/div>    \n<\/section>\n[\/vc_column_inner][vc_column_inner width=\u00bb1\/2&#8243;]<table class=\"frontpage-services\"><tbody><tr><td colspan=\"3\" class=\"frontpage-services-date\"><h3>domingo, 3 de mayo<\/h3><\/td><\/tr><tr><td class=\"frontpage-services-starttime\" nowrap width=\"5%\">09:30&nbsp;hs.<\/td><td class=\"frontpage-services-title\" width=\"80%\" height=\"5%\"><span class=\"frontpage-services-title-seriestitle\">Warum Jesus?<\/span>: <span class=\"frontpage-services-title-sermontitle\">Warum Jesus Versuchung erleben musste<\/span><br \/><span class=\"frontpage-services-person\">Emanuel Weiss<\/span><\/td><td class=\"frontpage-services-icons\" width=\"15%\" nowrap><span title=\"Deutsch\" class=\"fa-stack fa-sm\"><a href=\"\/gottesdienste\/#uebersetzung\"><i class=\"fa fa-circle-thin fa-stack-2x\"><\/i><strong class=\"fa-stack-1x\">DE<\/strong><\/a><\/span><span title=\"Transmisi\u00f3n en vivo\" class=\"fa-stack fa-sm\"><a href=\"\/live\"><i class=\"fa fa-circle-thin fa-stack-2x\"><\/i><i class=\"fa fa-video-camera fa-stack-1x\"><\/i><\/a><\/span><span title=\"Download PDF\" class=\"fa-stack fa-sm\"><a href=\"https:\/\/download.meine.church\/media\/buchegg\/pdf\/20260503-0930-Warum Jesus-Warum Jesus Versuchung erleben musste.pdf\" target=\"_blank\"><i class=\"fa fa-circle-thin fa-stack-2x\"><\/i><i class=\"fa fa-file fa-stack-1x\"><\/i><\/a><\/span><span title=\"Programa para ni\u00f1os\" class=\"fa-stack fa-sm\"><a href=\"\/kids-und-teens\"><i class=\"fa fa-circle-thin fa-stack-2x\"><\/i><i class=\"fa fa-child fa-stack-1x\"><\/i><\/a><\/span><\/td><\/tr><tr><td class=\"frontpage-services-starttime\" nowrap width=\"5%\">11:11&nbsp;hs.<\/td><td class=\"frontpage-services-title\" width=\"80%\" height=\"5%\"><span class=\"frontpage-services-title-seriestitle\">Warum Jesus?<\/span>: <span class=\"frontpage-services-title-sermontitle\">Warum Jesus Versuchung erleben musste<\/span><br \/><span class=\"frontpage-services-person\">Emanuel Weiss<\/span><\/td><td class=\"frontpage-services-icons\" width=\"15%\" nowrap><span title=\"Schweizerdeutsch\" class=\"fa-stack fa-sm\"><a href=\"\/gottesdienste\/#uebersetzung\"><i class=\"fa fa-circle-thin fa-stack-2x\"><\/i><strong class=\"fa-stack-1x\">CH<\/strong><\/a><\/span><span title=\"Transmisi\u00f3n en vivo\" class=\"fa-stack fa-sm\"><a href=\"\/live\"><i class=\"fa fa-circle-thin fa-stack-2x\"><\/i><i class=\"fa fa-video-camera fa-stack-1x\"><\/i><\/a><\/span><span title=\"Download PDF\" class=\"fa-stack fa-sm\"><a href=\"https:\/\/download.meine.church\/media\/buchegg\/pdf\/20260503-1111-Warum Jesus-Warum Jesus Versuchung erleben musste.pdf\" target=\"_blank\"><i class=\"fa fa-circle-thin fa-stack-2x\"><\/i><i class=\"fa fa-file fa-stack-1x\"><\/i><\/a><\/span><span title=\"Programa para ni\u00f1os\" class=\"fa-stack fa-sm\"><a href=\"\/kids-und-teens\"><i class=\"fa fa-circle-thin fa-stack-2x\"><\/i><i class=\"fa fa-child fa-stack-1x\"><\/i><\/a><\/span><\/td><\/tr><tr><td class=\"frontpage-services-starttime\" nowrap width=\"5%\">13:30&nbsp;hs.<\/td><td class=\"frontpage-services-title\" width=\"80%\" height=\"5%\"><span class=\"frontpage-services-title-seriestitle\">Why Jesus?<\/span>: <span class=\"frontpage-services-title-sermontitle\">Why Jesus had to face temptation<\/span><br \/><span class=\"frontpage-services-person\">Emanuel Weiss<\/span><\/td><td class=\"frontpage-services-icons\" width=\"15%\" nowrap><span title=\"Englisch\" class=\"fa-stack fa-sm\"><a href=\"\/gottesdienste\/#uebersetzung\"><i class=\"fa fa-circle-thin fa-stack-2x\"><\/i><strong class=\"fa-stack-1x\">EN<\/strong><\/a><\/span><span title=\"Deutsch\" class=\"fa-stack fa-sm\"><a href=\"\/gottesdienste\/#uebersetzung\"><i class=\"fa fa-circle-thin fa-stack-2x\"><\/i><strong class=\"fa-stack-1x\">DE<\/strong><\/a><\/span><span title=\"Transmisi\u00f3n en vivo\" class=\"fa-stack fa-sm\"><a href=\"\/live\"><i class=\"fa fa-circle-thin fa-stack-2x\"><\/i><i class=\"fa fa-video-camera fa-stack-1x\"><\/i><\/a><\/span><span title=\"Download PDF\" class=\"fa-stack fa-sm\"><a href=\"https:\/\/download.meine.church\/media\/buchegg\/pdf\/20260503-1330-Warum Jesus-Why Jesus had to face temptation.pdf\" target=\"_blank\"><i class=\"fa fa-circle-thin fa-stack-2x\"><\/i><i class=\"fa fa-file fa-stack-1x\"><\/i><\/a><\/span><span title=\"Programa para ni\u00f1os\" class=\"fa-stack fa-sm\"><a href=\"\/kids-und-teens\"><i class=\"fa fa-circle-thin fa-stack-2x\"><\/i><i class=\"fa fa-child fa-stack-1x\"><\/i><\/a><\/span><\/td><\/tr><tr><td class=\"frontpage-services-starttime\" nowrap width=\"5%\">16:00&nbsp;hs.<\/td><td class=\"frontpage-services-title\" width=\"80%\" height=\"5%\"><span class=\"frontpage-services-title-seriestitle\">&iquest;Por qu&eacute; Jes&uacute;s?<\/span>:<br \/> <span class=\"frontpage-services-title-sermontitle\">Por qu&eacute; Jes&uacute;s tuvo que pasar por la tentaci&oacute;n<\/span><br \/><span class=\"frontpage-services-person\">Emanuel Weiss<\/span><\/td><td class=\"frontpage-services-icons\" width=\"15%\" nowrap><span title=\"Spanisch\" class=\"fa-stack fa-sm\"><a href=\"\/gottesdienste\/#uebersetzung\"><i class=\"fa fa-circle-thin fa-stack-2x\"><\/i><strong class=\"fa-stack-1x\">ES<\/strong><\/a><\/span><span title=\"Deutsch\" class=\"fa-stack fa-sm\"><a href=\"\/gottesdienste\/#uebersetzung\"><i class=\"fa fa-circle-thin fa-stack-2x\"><\/i><strong class=\"fa-stack-1x\">DE<\/strong><\/a><\/span><span title=\"Transmisi\u00f3n en vivo\" class=\"fa-stack fa-sm\"><a href=\"\/live\"><i class=\"fa fa-circle-thin fa-stack-2x\"><\/i><i class=\"fa fa-video-camera fa-stack-1x\"><\/i><\/a><\/span><span title=\"Programa para ni\u00f1os\" class=\"fa-stack fa-sm\"><a href=\"\/kids-und-teens\"><i class=\"fa fa-circle-thin fa-stack-2x\"><\/i><i class=\"fa fa-child fa-stack-1x\"><\/i><\/a><\/span><\/td><\/tr><\/tbody><\/table>[mk_button dimension=\u00bbflat\u00bb corner_style=\u00bbrounded\u00bb url=\u00bb\/es\/reuniones\u00bb align=\u00bbcenter\u00bb bg_color=\u00bb#b0212b\u00bb btn_hover_bg=\u00bbrgba(176,40,40,0.79)\u00bb]M\u00e1s &#8230;[\/mk_button][\/vc_column_inner][\/vc_row_inner][\/vc_column][\/mk_page_section][mk_page_section bg_image=\u00bb\/wp-content\/uploads\/home.jpg\u00bb bg_position=\u00bbcenter top\u00bb bg_repeat=\u00bbno-repeat\u00bb bg_stretch=\u00bbtrue\u00bb enable_3d=\u00bbtrue\u00bb min_height=\u00bb500&#8243; full_width=\u00bbtrue\u00bb js_vertical_centered=\u00bbtrue\u00bb padding_top=\u00bb0&#8243; sidebar=\u00bbsidebar-1&#8243;][vc_column][mk_fancy_title tag_name=\u00bbh4&#8243; color=\u00bb#ffffff\u00bb size=\u00bb65&#8243; force_font_size=\u00bbtrue\u00bb size_tablet=\u00bb60&#8243; size_phone=\u00bb35&#8243; font_weight=\u00bb300&#8243; txt_transform=\u00bbuppercase\u00bb letter_spacing=\u00bb1&#8243; font_family=\u00bbnone\u00bb align=\u00bbcenter\u00bb]\u00a1Eres muy bienvenido![\/mk_fancy_title][\/vc_column][\/mk_page_section][mk_page_section bg_color=\u00bb#f3f3f3&#8243; section_id=\u00bbactualidad\u00bb sidebar=\u00bbsidebar-1&#8243;][vc_column][mk_fancy_title size=\u00bb52&#8243; force_font_size=\u00bbtrue\u00bb size_tablet=\u00bb40&#8243; size_phone=\u00bb40&#8243; font_weight=\u00bb600&#8243; margin_top=\u00bb40&#8243; margin_bottom=\u00bb0&#8243; font_family=\u00bbnone\u00bb align=\u00bbcenter\u00bb]Actualidad[\/mk_fancy_title]<section id=\"events-front\" data-pagination-style=\"1\" data-max-pages=\"0\" data-loop-iterator=\"-1\" class=\"mk-gallery js-loop js-el clearfix mk-gallery-lazyload\">\n\n    <article class=\"two-column mk-gallery-item hover-fadebox simple-frame hover-title-true\">\n        <div class=\"item-holder\">\n            <div class=\"image-hover-overlay\"><\/div>\n            <div class=\"gallery-desc\">\n                <div class=\"frontpage-events-date\">14. bis 17. mayo<\/div>\n                <div class=\"frontpage-events-title\">Auffahrt Hauslager Kids &amp; Teens<\/div>\n                <div class=\"frontpage-events-subtitle\">f\u00fcr alle ab der 2. Klasse<\/div>\n                                    <div class=\"frontpage-events-button\">\n                        <style id=\"frontpage-events-button\" type=\"text\/css\">#frontpage-events-button { margin-bottom:15px; margin-top:0px; margin-right:15px; } #frontpage-events-button .mk-button { display:inline-block; max-width:100%; } #frontpage-events-button .mk-button:hover .mk-svg-icon { }<\/style>\n                        <div id=\"frontpage-events-button\" class=\"mk-button-container _ relative block text-center \">\n                            <a  href=\"https:\/\/www.buchegg.church\/haus-aufla\/\" target=\"_self\" class=\"mk-button js-smooth-scroll mk-button--dimension-flat mk-button--size-small mk-button--corner-rounded text-color-light _ relative text-center font-weight-700 no-backface  letter-spacing-1 inline\">\n                                <span class=\"mk-button--text\">M\u00e1s &#8230;<\/span>\n                            <\/a>\n                        <\/div>\n                    <\/div>\n                            <\/div>\n            <a href=\"https:\/\/meine.church\/services\/media\/events\/de\/resized\/20260514-buchegg-auffahrtslager_kids_und_teens_700.jpg\" alt=\"Auffahrt Hauslager Kids &amp;amp; Teens\" title=\"Auffahrt Hauslager Kids &amp;amp; Teens\" data-fancybox-group=\"events-front\" class=\"no-lightbox\"><\/a>\n             <span class=\"gallery-inner\">\n                <img decoding=\"async\" class=\"mk-gallery-image\" src=\"https:\/\/meine.church\/services\/media\/events\/de\/resized\/20260514-buchegg-auffahrtslager_kids_und_teens_700.jpg\" \/>\n             <\/span>\n        <\/div>\n    <\/article>\n\n    <article class=\"two-column mk-gallery-item hover-fadebox simple-frame hover-title-true\">\n        <div class=\"item-holder\">\n            <div class=\"image-hover-overlay\"><\/div>\n            <div class=\"gallery-desc\">\n                <div class=\"frontpage-events-date\">14. bis 17. mayo<\/div>\n                <div class=\"frontpage-events-title\">Auffahrtslager Royal Rangers 2026<\/div>\n                <div class=\"frontpage-events-subtitle\">Bist du bereit f\u00fcr Action, Fun und Abenteuer? Wir machen zusammen eine Reise in die Vergangenheit und begeben uns auf die Spuren der ersten Christen.<\/div>\n                                    <div class=\"frontpage-events-button\">\n                        <style id=\"frontpage-events-button\" type=\"text\/css\">#frontpage-events-button { margin-bottom:15px; margin-top:0px; margin-right:15px; } #frontpage-events-button .mk-button { display:inline-block; max-width:100%; } #frontpage-events-button .mk-button:hover .mk-svg-icon { }<\/style>\n                        <div id=\"frontpage-events-button\" class=\"mk-button-container _ relative block text-center \">\n                            <a  href=\"https:\/\/royalrangers.ch\/aufla-mittellandmitte\/\" target=\"_blank\" class=\"mk-button js-smooth-scroll mk-button--dimension-flat mk-button--size-small mk-button--corner-rounded text-color-light _ relative text-center font-weight-700 no-backface  letter-spacing-1 inline\">\n                                <span class=\"mk-button--text\">M\u00e1s &#8230;<\/span>\n                            <\/a>\n                        <\/div>\n                    <\/div>\n                            <\/div>\n            <a href=\"https:\/\/meine.church\/services\/media\/events\/de\/resized\/20260514-buchegg-auffahrtslager_royal_rangers_2026_700.jpg\" alt=\"Auffahrtslager Royal Rangers 2026\" title=\"Auffahrtslager Royal Rangers 2026\" data-fancybox-group=\"events-front\" class=\"no-lightbox\"><\/a>\n             <span class=\"gallery-inner\">\n                <img decoding=\"async\" class=\"mk-gallery-image\" src=\"https:\/\/meine.church\/services\/media\/events\/de\/resized\/20260514-buchegg-auffahrtslager_royal_rangers_2026_700.jpg\" \/>\n             <\/span>\n        <\/div>\n    <\/article>\n\n    <article class=\"two-column mk-gallery-item hover-fadebox simple-frame hover-title-true\">\n        <div class=\"item-holder\">\n            <div class=\"image-hover-overlay\"><\/div>\n            <div class=\"gallery-desc\">\n                <div class=\"frontpage-events-date\">30. mayo<\/div>\n                <div class=\"frontpage-events-title\">Ladies Day<\/div>\n                <div class=\"frontpage-events-subtitle\">Nuestra vida se fortalece a trav\u00e9s de una buena pl\u00e1tica alentadora entre mujeres y en un encuentro intimo con Dios. Por esta raz\u00f3n ideamos el Ladies Day.<\/div>\n                                    <div class=\"frontpage-events-button\">\n                        <style id=\"frontpage-events-button\" type=\"text\/css\">#frontpage-events-button { margin-bottom:15px; margin-top:0px; margin-right:15px; } #frontpage-events-button .mk-button { display:inline-block; max-width:100%; } #frontpage-events-button .mk-button:hover .mk-svg-icon { }<\/style>\n                        <div id=\"frontpage-events-button\" class=\"mk-button-container _ relative block text-center \">\n                            <a  href=\"https:\/\/www.buchegg.church\/ladiesday\/\" target=\"_self\" class=\"mk-button js-smooth-scroll mk-button--dimension-flat mk-button--size-small mk-button--corner-rounded text-color-light _ relative text-center font-weight-700 no-backface  letter-spacing-1 inline\">\n                                <span class=\"mk-button--text\">M\u00e1s &#8230;<\/span>\n                            <\/a>\n                        <\/div>\n                    <\/div>\n                            <\/div>\n            <a href=\"https:\/\/meine.church\/services\/media\/events\/de\/resized\/20260530-buchegg-ladies_day_700.jpg\" alt=\"Ladies Day\" title=\"Ladies Day\" data-fancybox-group=\"events-front\" class=\"no-lightbox\"><\/a>\n             <span class=\"gallery-inner\">\n                <img decoding=\"async\" class=\"mk-gallery-image\" src=\"https:\/\/meine.church\/services\/media\/events\/de\/resized\/20260530-buchegg-ladies_day_700.jpg\" \/>\n             <\/span>\n        <\/div>\n    <\/article>\n\n    <article class=\"two-column mk-gallery-item hover-fadebox simple-frame hover-title-true\">\n        <div class=\"item-holder\">\n            <div class=\"image-hover-overlay\"><\/div>\n            <div class=\"gallery-desc\">\n                <div class=\"frontpage-events-date\">31. mayo<\/div>\n                <div class=\"frontpage-events-title\">Curso para Nuevos Miembros<\/div>\n                <div class=\"frontpage-events-subtitle\">Si est\u00e1s interesado en ser miembro de nuestra iglesia, este curso te ayudar\u00e1 a conocer mejor nuestra congregaci\u00f3n.<\/div>\n                                    <div class=\"frontpage-events-button\">\n                        <style id=\"frontpage-events-button\" type=\"text\/css\">#frontpage-events-button { margin-bottom:15px; margin-top:0px; margin-right:15px; } #frontpage-events-button .mk-button { display:inline-block; max-width:100%; } #frontpage-events-button .mk-button:hover .mk-svg-icon { }<\/style>\n                        <div id=\"frontpage-events-button\" class=\"mk-button-container _ relative block text-center \">\n                            <a  href=\"\/es\/curso-para-nuevos-miembros\" target=\"_self\" class=\"mk-button js-smooth-scroll mk-button--dimension-flat mk-button--size-small mk-button--corner-rounded text-color-light _ relative text-center font-weight-700 no-backface  letter-spacing-1 inline\">\n                                <span class=\"mk-button--text\">M\u00e1s &#8230;<\/span>\n                            <\/a>\n                        <\/div>\n                    <\/div>\n                            <\/div>\n            <a href=\"https:\/\/meine.church\/services\/media\/events\/es\/resized\/20260531-buchegg-curso_para_nuevos_miembros_700.jpg\" alt=\"Curso para Nuevos Miembros\" title=\"Curso para Nuevos Miembros\" data-fancybox-group=\"events-front\" class=\"no-lightbox\"><\/a>\n             <span class=\"gallery-inner\">\n                <img decoding=\"async\" class=\"mk-gallery-image\" src=\"https:\/\/meine.church\/services\/media\/events\/es\/resized\/20260531-buchegg-curso_para_nuevos_miembros_700.jpg\" \/>\n             <\/span>\n        <\/div>\n    <\/article>\n    <div class=\"clearboth\"><\/div>    \n<\/section>\n[mk_button dimension=\u00bbflat\u00bb corner_style=\u00bbrounded\u00bb url=\u00bb\/es\/agenda\u00bb align=\u00bbcenter\u00bb bg_color=\u00bb#b0212b\u00bb btn_hover_bg=\u00bbrgba(176,40,40,0.79)\u00bb]M\u00e1s &#8230;[\/mk_button][\/vc_column][\/mk_page_section][mk_page_section bg_image=\u00bb\/wp-content\/uploads\/home.jpg\u00bb bg_position=\u00bbcenter top\u00bb bg_repeat=\u00bbno-repeat\u00bb bg_stretch=\u00bbtrue\u00bb enable_3d=\u00bbtrue\u00bb full_width=\u00bbtrue\u00bb full_height=\u00bbtrue\u00bb sidebar=\u00bbsidebar-1&#8243;][vc_column][mk_padding_divider][\/vc_column][\/mk_page_section]\n<\/div>","protected":false},"excerpt":{"rendered":"<p>[vc_row][vc_column][\/vc_column][\/vc_row][vc_row fullwidth=\u00bbtrue\u00bb disable_element=\u00bbyes\u00bb css=\u00bb.vc_custom_1760261251128{background-color: #898989 !important;}\u00bb][vc_column][mk_padding_divider size=\u00bb100&#8243;][\/vc_column][\/vc_row][vc_row fullwidth=\u00bbtrue\u00bb disable_element=\u00bbyes\u00bb css=\u00bb.vc_custom_1760261259616{background-color: #b0212b !important;}\u00bb][vc_column][mk_fancy_title color=\u00bb#ffffff\u00bb size=\u00bb25&#8243; margin_top=\u00bb20&#8243; margin_bottom=\u00bb0&#8243; font_family=\u00bbnone\u00bb align=\u00bbcenter\u00bb]Vacaciones de oto\u00f1o: los d\u00edas 5 y 12 de octubre, nuestros reuniones tendr\u00e1n lugar a las 10:00, 13:30 y 16:00 horas.[\/mk_fancy_title][\/vc_column][\/vc_row][mk_page_section attachment=\u00bbfixed\u00bb bg_position=\u00bbcenter center\u00bb bg_repeat=\u00bbno-repeat\u00bb bg_stretch=\u00bbtrue\u00bb speed_factor=\u00bb1&#8243; bg_video=\u00bbyes\u00bb mp4=\u00bb\/wp-content\/uploads\/webloop_buchegg.mp4&#8243; webm=\u00bb\/wp-content\/uploads\/webloop_buchegg.webm\u00bb poster_image=\u00bb\/wp-content\/uploads\/webloop_buchegg.jpg\u00bb full_width=\u00bbtrue\u00bb full_height=\u00bbtrue\u00bb skip_arrow=\u00bbtrue\u00bb sidebar=\u00bbsidebar-1&#8243;][vc_column][mk_padding_divider visibility=\u00bbvisible-sm\u00bb][mk_fancy_title strip_tags=\u00bbtrue\u00bb tag_name=\u00bbh1&#8243; [&hellip;]<\/p>\n","protected":false},"author":1,"featured_media":0,"parent":0,"menu_order":0,"comment_status":"closed","ping_status":"open","template":"","meta":{"footnotes":""},"class_list":["post-293","page","type-page","status-publish","hentry"],"yoast_head":"<!-- This site is optimized with the Yoast SEO plugin v27.5 - https:\/\/yoast.com\/product\/yoast-seo-wordpress\/ -->\n<title>Bienvenido a casa - buchegg.church<\/title>\n<meta name=\"robots\" content=\"index, follow, max-snippet:-1, max-image-preview:large, max-video-preview:-1\" \/>\n<link rel=\"canonical\" href=\"https:\/\/www.buchegg.church\/es\/\" \/>\n<meta property=\"og:locale\" content=\"es_ES\" \/>\n<meta property=\"og:type\" content=\"article\" \/>\n<meta property=\"og:title\" content=\"Bienvenido a casa - buchegg.church\" \/>\n<meta property=\"og:description\" content=\"[vc_row][vc_column][\/vc_column][\/vc_row][vc_row fullwidth=\u00bbtrue\u00bb disable_element=\u00bbyes\u00bb css=\u00bb.vc_custom_1760261251128{background-color: #898989 !important;}\u00bb][vc_column][mk_padding_divider size=\u00bb100&#8243;][\/vc_column][\/vc_row][vc_row fullwidth=\u00bbtrue\u00bb disable_element=\u00bbyes\u00bb css=\u00bb.vc_custom_1760261259616{background-color: #b0212b !important;}\u00bb][vc_column][mk_fancy_title color=\u00bb#ffffff\u00bb size=\u00bb25&#8243; margin_top=\u00bb20&#8243; margin_bottom=\u00bb0&#8243; font_family=\u00bbnone\u00bb align=\u00bbcenter\u00bb]Vacaciones de oto\u00f1o: los d\u00edas 5 y 12 de octubre, nuestros reuniones tendr\u00e1n lugar a las 10:00, 13:30 y 16:00 horas.[\/mk_fancy_title][\/vc_column][\/vc_row][mk_page_section attachment=\u00bbfixed\u00bb bg_position=\u00bbcenter center\u00bb bg_repeat=\u00bbno-repeat\u00bb bg_stretch=\u00bbtrue\u00bb speed_factor=\u00bb1&#8243; bg_video=\u00bbyes\u00bb mp4=\u00bb\/wp-content\/uploads\/webloop_buchegg.mp4&#8243; webm=\u00bb\/wp-content\/uploads\/webloop_buchegg.webm\u00bb poster_image=\u00bb\/wp-content\/uploads\/webloop_buchegg.jpg\u00bb full_width=\u00bbtrue\u00bb full_height=\u00bbtrue\u00bb skip_arrow=\u00bbtrue\u00bb sidebar=\u00bbsidebar-1&#8243;][vc_column][mk_padding_divider visibility=\u00bbvisible-sm\u00bb][mk_fancy_title strip_tags=\u00bbtrue\u00bb tag_name=\u00bbh1&#8243; [&hellip;]\" \/>\n<meta property=\"og:url\" content=\"https:\/\/www.buchegg.church\/es\/\" \/>\n<meta property=\"og:site_name\" content=\"buchegg.church\" \/>\n<meta property=\"article:publisher\" content=\"https:\/\/www.facebook.com\/buchegg\" \/>\n<meta property=\"article:modified_time\" content=\"2026-04-05T19:39:21+00:00\" \/>\n<meta name=\"twitter:card\" content=\"summary_large_image\" \/>\n<meta name=\"twitter:label1\" content=\"Tiempo de lectura\" \/>\n\t<meta name=\"twitter:data1\" content=\"3 minutos\" \/>\n<script type=\"application\/ld+json\" class=\"yoast-schema-graph\">{\"@context\":\"https:\\\/\\\/schema.org\",\"@graph\":[{\"@type\":\"WebPage\",\"@id\":\"https:\\\/\\\/www.buchegg.church\\\/es\\\/\",\"url\":\"https:\\\/\\\/www.buchegg.church\\\/es\\\/\",\"name\":\"Bienvenido a casa - buchegg.church\",\"isPartOf\":{\"@id\":\"https:\\\/\\\/www.buchegg.church\\\/#website\"},\"datePublished\":\"2018-01-06T10:20:29+00:00\",\"dateModified\":\"2026-04-05T19:39:21+00:00\",\"breadcrumb\":{\"@id\":\"https:\\\/\\\/www.buchegg.church\\\/es\\\/#breadcrumb\"},\"inLanguage\":\"es\",\"potentialAction\":[{\"@type\":\"ReadAction\",\"target\":[\"https:\\\/\\\/www.buchegg.church\\\/es\\\/\"]}]},{\"@type\":\"BreadcrumbList\",\"@id\":\"https:\\\/\\\/www.buchegg.church\\\/es\\\/#breadcrumb\",\"itemListElement\":[{\"@type\":\"ListItem\",\"position\":1,\"name\":\"Startseite\",\"item\":\"https:\\\/\\\/www.buchegg.church\\\/es\\\/\"},{\"@type\":\"ListItem\",\"position\":2,\"name\":\"Bienvenido a casa\"}]},{\"@type\":\"WebSite\",\"@id\":\"https:\\\/\\\/www.buchegg.church\\\/#website\",\"url\":\"https:\\\/\\\/www.buchegg.church\\\/\",\"name\":\"buchegg.church\",\"description\":\"\",\"publisher\":{\"@id\":\"https:\\\/\\\/www.buchegg.church\\\/#organization\"},\"potentialAction\":[{\"@type\":\"SearchAction\",\"target\":{\"@type\":\"EntryPoint\",\"urlTemplate\":\"https:\\\/\\\/www.buchegg.church\\\/?s={search_term_string}\"},\"query-input\":{\"@type\":\"PropertyValueSpecification\",\"valueRequired\":true,\"valueName\":\"search_term_string\"}}],\"inLanguage\":\"es\"},{\"@type\":\"Organization\",\"@id\":\"https:\\\/\\\/www.buchegg.church\\\/#organization\",\"name\":\"Buchegg Church\",\"url\":\"https:\\\/\\\/www.buchegg.church\\\/\",\"logo\":{\"@type\":\"ImageObject\",\"inLanguage\":\"es\",\"@id\":\"https:\\\/\\\/www.buchegg.church\\\/#\\\/schema\\\/logo\\\/image\\\/\",\"url\":\"https:\\\/\\\/www.buchegg.church\\\/wp-content\\\/uploads\\\/buchegg.png\",\"contentUrl\":\"https:\\\/\\\/www.buchegg.church\\\/wp-content\\\/uploads\\\/buchegg.png\",\"width\":751,\"height\":180,\"caption\":\"Buchegg Church\"},\"image\":{\"@id\":\"https:\\\/\\\/www.buchegg.church\\\/#\\\/schema\\\/logo\\\/image\\\/\"},\"sameAs\":[\"https:\\\/\\\/www.facebook.com\\\/buchegg\",\"https:\\\/\\\/www.instagram.com\\\/buchegg_church\",\"https:\\\/\\\/www.youtube.com\\\/czbzuerich\"]}]}<\/script>\n<!-- \/ Yoast SEO plugin. -->","yoast_head_json":{"title":"Bienvenido a casa - buchegg.church","robots":{"index":"index","follow":"follow","max-snippet":"max-snippet:-1","max-image-preview":"max-image-preview:large","max-video-preview":"max-video-preview:-1"},"canonical":"https:\/\/www.buchegg.church\/es\/","og_locale":"es_ES","og_type":"article","og_title":"Bienvenido a casa - buchegg.church","og_description":"[vc_row][vc_column][\/vc_column][\/vc_row][vc_row fullwidth=\u00bbtrue\u00bb disable_element=\u00bbyes\u00bb css=\u00bb.vc_custom_1760261251128{background-color: #898989 !important;}\u00bb][vc_column][mk_padding_divider size=\u00bb100&#8243;][\/vc_column][\/vc_row][vc_row fullwidth=\u00bbtrue\u00bb disable_element=\u00bbyes\u00bb css=\u00bb.vc_custom_1760261259616{background-color: #b0212b !important;}\u00bb][vc_column][mk_fancy_title color=\u00bb#ffffff\u00bb size=\u00bb25&#8243; margin_top=\u00bb20&#8243; margin_bottom=\u00bb0&#8243; font_family=\u00bbnone\u00bb align=\u00bbcenter\u00bb]Vacaciones de oto\u00f1o: los d\u00edas 5 y 12 de octubre, nuestros reuniones tendr\u00e1n lugar a las 10:00, 13:30 y 16:00 horas.[\/mk_fancy_title][\/vc_column][\/vc_row][mk_page_section attachment=\u00bbfixed\u00bb bg_position=\u00bbcenter center\u00bb bg_repeat=\u00bbno-repeat\u00bb bg_stretch=\u00bbtrue\u00bb speed_factor=\u00bb1&#8243; bg_video=\u00bbyes\u00bb mp4=\u00bb\/wp-content\/uploads\/webloop_buchegg.mp4&#8243; webm=\u00bb\/wp-content\/uploads\/webloop_buchegg.webm\u00bb poster_image=\u00bb\/wp-content\/uploads\/webloop_buchegg.jpg\u00bb full_width=\u00bbtrue\u00bb full_height=\u00bbtrue\u00bb skip_arrow=\u00bbtrue\u00bb sidebar=\u00bbsidebar-1&#8243;][vc_column][mk_padding_divider visibility=\u00bbvisible-sm\u00bb][mk_fancy_title strip_tags=\u00bbtrue\u00bb tag_name=\u00bbh1&#8243; [&hellip;]","og_url":"https:\/\/www.buchegg.church\/es\/","og_site_name":"buchegg.church","article_publisher":"https:\/\/www.facebook.com\/buchegg","article_modified_time":"2026-04-05T19:39:21+00:00","twitter_card":"summary_large_image","twitter_misc":{"Tiempo de lectura":"3 minutos"},"schema":{"@context":"https:\/\/schema.org","@graph":[{"@type":"WebPage","@id":"https:\/\/www.buchegg.church\/es\/","url":"https:\/\/www.buchegg.church\/es\/","name":"Bienvenido a casa - buchegg.church","isPartOf":{"@id":"https:\/\/www.buchegg.church\/#website"},"datePublished":"2018-01-06T10:20:29+00:00","dateModified":"2026-04-05T19:39:21+00:00","breadcrumb":{"@id":"https:\/\/www.buchegg.church\/es\/#breadcrumb"},"inLanguage":"es","potentialAction":[{"@type":"ReadAction","target":["https:\/\/www.buchegg.church\/es\/"]}]},{"@type":"BreadcrumbList","@id":"https:\/\/www.buchegg.church\/es\/#breadcrumb","itemListElement":[{"@type":"ListItem","position":1,"name":"Startseite","item":"https:\/\/www.buchegg.church\/es\/"},{"@type":"ListItem","position":2,"name":"Bienvenido a casa"}]},{"@type":"WebSite","@id":"https:\/\/www.buchegg.church\/#website","url":"https:\/\/www.buchegg.church\/","name":"buchegg.church","description":"","publisher":{"@id":"https:\/\/www.buchegg.church\/#organization"},"potentialAction":[{"@type":"SearchAction","target":{"@type":"EntryPoint","urlTemplate":"https:\/\/www.buchegg.church\/?s={search_term_string}"},"query-input":{"@type":"PropertyValueSpecification","valueRequired":true,"valueName":"search_term_string"}}],"inLanguage":"es"},{"@type":"Organization","@id":"https:\/\/www.buchegg.church\/#organization","name":"Buchegg Church","url":"https:\/\/www.buchegg.church\/","logo":{"@type":"ImageObject","inLanguage":"es","@id":"https:\/\/www.buchegg.church\/#\/schema\/logo\/image\/","url":"https:\/\/www.buchegg.church\/wp-content\/uploads\/buchegg.png","contentUrl":"https:\/\/www.buchegg.church\/wp-content\/uploads\/buchegg.png","width":751,"height":180,"caption":"Buchegg Church"},"image":{"@id":"https:\/\/www.buchegg.church\/#\/schema\/logo\/image\/"},"sameAs":["https:\/\/www.facebook.com\/buchegg","https:\/\/www.instagram.com\/buchegg_church","https:\/\/www.youtube.com\/czbzuerich"]}]}},"_links":{"self":[{"href":"https:\/\/www.buchegg.church\/es\/wp-json\/wp\/v2\/pages\/293","targetHints":{"allow":["GET"]}}],"collection":[{"href":"https:\/\/www.buchegg.church\/es\/wp-json\/wp\/v2\/pages"}],"about":[{"href":"https:\/\/www.buchegg.church\/es\/wp-json\/wp\/v2\/types\/page"}],"author":[{"embeddable":true,"href":"https:\/\/www.buchegg.church\/es\/wp-json\/wp\/v2\/users\/1"}],"replies":[{"embeddable":true,"href":"https:\/\/www.buchegg.church\/es\/wp-json\/wp\/v2\/comments?post=293"}],"version-history":[{"count":30,"href":"https:\/\/www.buchegg.church\/es\/wp-json\/wp\/v2\/pages\/293\/revisions"}],"predecessor-version":[{"id":5186284,"href":"https:\/\/www.buchegg.church\/es\/wp-json\/wp\/v2\/pages\/293\/revisions\/5186284"}],"wp:attachment":[{"href":"https:\/\/www.buchegg.church\/es\/wp-json\/wp\/v2\/media?parent=293"}],"curies":[{"name":"wp","href":"https:\/\/api.w.org\/{rel}","templated":true}]}}